
{"id":8990,"date":"2021-03-09T22:06:20","date_gmt":"2021-03-09T21:06:20","guid":{"rendered":"https:\/\/www.ab2pro.com\/politica-de-privacidad\/"},"modified":"2021-03-09T22:06:21","modified_gmt":"2021-03-09T21:06:21","slug":"politica-de-privacidad","status":"publish","type":"page","link":"https:\/\/www.ab2pro.com\/es\/politica-de-privacidad\/","title":{"rendered":"Pol\u00edtica de privacidad"},"content":{"rendered":"<p>[vc_row el_id=\u00bbbandeau-page\u00bb css=\u00bb.vc_custom_1607699497001{background-image: url(https:\/\/www.ab2pro.com\/wp-content\/uploads\/2020\/12\/Qui-sommes-nous-bandeau-titre.jpg?id=4654) !important;}\u00bb][vc_column][vc_column_text]<\/p>\n<h1>Pol\u00edtica de privacidad<\/h1>\n<p>[\/vc_column_text][\/vc_column][\/vc_row][vc_row el_id=\u00bbmentions-legales\u00bb][vc_column][vc_column_text]<\/p>\n<h2><strong>1. Gesti\u00f3n de datos personales<\/strong><\/h2>\n<p>La protecci\u00f3n de los datos personales es un problema mayor de confianza entre Palma France y los distintos usuarios del sitio internet. Como tal, es una preocupaci\u00f3n importante para Palma France.<\/p>\n<p>Para que el Usuario pueda tomar decisiones informadas sobre el uso de sus datos personales, Palma France se esfuerza por ser lo m\u00e1s transparente posible y ha puesto en marcha una pol\u00edtica de gesti\u00f3n en este \u00e1mbito.<\/p>\n<p>As\u00ed, Palma France ha optado por nombrar un Delegado de Protecci\u00f3n de Datos (Palma France &#8211; Arthur COUSSEAU, 4 rue des Douelles &#8211; 44830 BOUAYE) que aplique y verifique la correcta aplicaci\u00f3n de la legislaci\u00f3n aplicable sobre la protecci\u00f3n de datos personales, en particular en lo que respecta a la ley inform\u00e1tica y la libertad N\u00ba 78-17, de 6 de enero de 1978.<\/p>\n<p>Palma France y la Fiscal\u00eda (DPO) garantizan la aplicaci\u00f3n del nuevo Reglamento General de Protecci\u00f3n de Datos (RGPD) del Reglamento 2016\/679 del Parlamento Europeo y del Consejo, de 27 de abril de 2016, sobre la protecci\u00f3n de las personas f\u00edsicas en lo que respecta al tratamiento de datos personales y a la libre circulaci\u00f3n de dichos datos.<\/p>\n<p>Para garantizar la mejor protecci\u00f3n de los datos personales, Palma France tambi\u00e9n ha implementado un proceso de control interno, as\u00ed como diversos procedimientos de seguridad para garantizar la confidencialidad de la informaci\u00f3n personal de los usuarios.<\/p>\n<p>Como tercero de confianza, Palma France hace todo lo posible para garantizar la mejor seguridad posible de su informaci\u00f3n personal.<\/p>\n<h3><strong>1.1. Datos recopilados<\/strong><\/h3>\n<p>Los datos sobre los usuarios que Palma France puede recopilar se limitan al m\u00ednimo y se adaptan a los diferentes fines buscados. Son:<\/p>\n<p><strong>Datos recopilados al aplicar su candidatura:<\/strong><\/p>\n<p>Los datos son los siguientes: nombre y apellido del usuario, direcci\u00f3n personal, fecha de nacimiento, direcci\u00f3n de correo electr\u00f3nico, n\u00famero de tel\u00e9fono, nivel de cualificaci\u00f3n, su CV (Curr\u00edculo) y las informaciones profesionales que contiene.<\/p>\n<p>Palma France recopila estos datos \u00fanicamente con el consentimiento de los candidatos. Algunos de estos datos son obligatorios y reportados por un asterisco. Si el Usuario no los transmite, no podr\u00e1 acceder a los Servicios.<\/p>\n<p><strong>Datos recopilados al enviar una necesidad de personal:<\/strong><\/p>\n<p>Los datos recopilados son: Nombre, apellido, funci\u00f3n, tel\u00e9fono, direcci\u00f3n de correo electr\u00f3nico, perfil de Facebook\/messenger.<\/p>\n<p>Palma France recopila estos datos \u00fanicamente con el consentimiento de los candidatos. Algunos de estos datos son obligatorios y reportados por un asterisco. Si el Usuario no los transmite, no podr\u00e1 acceder a los Servicios.<\/p>\n<p><strong>Datos de conexi\u00f3n recopilados durante la conexi\u00f3n y el uso del Sitio Web:<\/strong><\/p>\n<p>Cookies: Las cookies se utilizan, como parte del uso del Sitio, para recopilar cierta informaci\u00f3n (especialmente informaci\u00f3n sobre el ordenador utilizado para la navegaci\u00f3n, el modo de conexi\u00f3n, el tipo y la versi\u00f3n del navegador de Internet, el sistema operativo&#8230;) Puede desactivar las Cookies desde la configuraci\u00f3n de su navegador (consulte: 2. Hiperv\u00ednculos y cookies.)<\/p>\n<h3><strong>1.2. Finales de procesamiento de datos<\/strong><\/h3>\n<p>El tratamiento de estos datos es necesario para permitir a los Usuarios:<\/p>\n<ul>\n<li>Enviar su solicitud en el Sitio y enviar mensajes a Palma France,<\/li>\n<\/ul>\n<p>Las informaciones solicitadas y recopiladas en el Sitio Web est\u00e1n dirigidas a reclutar candidatos, comunicarse con los candidatos y gesti\u00f3n administrativa de su expediente para uno de nuestros Clientes.<\/p>\n<p>Est\u00e1n destinadas exclusivamente a Palma France y a las empresas interesadas en el perfil de los candidatos. Los datos de usuario no se comparten con terceros con fines de exploraci\u00f3n comercial.\u00a0Sin embargo, Palma France puede tener que divulgar sus datos a las autoridades legales si as\u00ed lo exige la ley.<\/p>\n<p>Los datos de conexi\u00f3n se utilizan con fines estad\u00edsticos en t\u00e9rminos de visualizaci\u00f3n de las p\u00e1ginas del Sitio Web y del flujo que genera.<\/p>\n<p>Ninguna decisi\u00f3n con efectos legales para los Usuarios se toma mediante un procesamiento exclusivamente automatizado<\/p>\n<h3><strong>1.3. <\/strong><strong>Tiempo de conservaci\u00f3n de datos<\/strong><\/h3>\n<p>Palma France almacena los Datos de usuario durante la duraci\u00f3n necesaria para utilizar su cuenta de candidato y\/o su suscripci\u00f3n a los Servicios puestos a su disposici\u00f3n por Palma France.<\/p>\n<p>Con el fin de proteger sus datos personales, se eliminar\u00e1, previa advertencia y a menos que usted indique lo contrario, despu\u00e9s de 12 meses posteriores a su \u00faltima conexi\u00f3n o su \u00faltima contrataci\u00f3n por parte de uno de nuestros Clientes.<\/p>\n<h3><strong>1.4. Derechos de datos de los usuarios<\/strong><\/h3>\n<p>Cada usuario que haya enviado una solicitud tiene derecho a acceder, corregir, limitar y oponerse al tratamiento, o de supresi\u00f3n. El Usuario tambi\u00e9n tiene derecho a la portabilidad de los datos que le conciernen en un plazo razonable y sin coste excesivo de acuerdo con las disposiciones vigentes y que rigen la protecci\u00f3n de datos personales.<\/p>\n<p>Pueden acceder y modificar sus datos:<\/p>\n<ul>\n<li>directamente en l\u00ednea a trav\u00e9s de la pesta\u00f1a \u00abcont\u00e1ctenos\u00bb,<\/li>\n<li>o por correo enviando su solicitud por correo electr\u00f3nico a la siguiente direcci\u00f3n: Palma France &#8211; Arthur COUSSEAU &#8211; 4 rue des Douelles &#8211; 44830 BOUAYE<\/li>\n<\/ul>\n<p>Sin embargo, se informa a los usuarios de que si el usuario elimina datos personales, Palma France ya no podr\u00e1 ofrecer su perfil a las empresas que puedan estar interesadas en contratarlo.<\/p>\n<p>En cualquier caso, el usuario podr\u00e1 presentar una queja ante la CNIL (Comisi\u00f3n Nacional de Tecnolog\u00edas de la Informaci\u00f3n y Libertades).<\/p>\n<h3><strong>1.5. Seguridad de datos personales<\/strong><\/h3>\n<p>De acuerdo con los requisitos de la RGPD, Palma France implementa las medidas adecuadas para proteger mejor los datos personales de p\u00e9rdida accidental, acceso no autorizado, uso, manipulaci\u00f3n o difusi\u00f3n no autorizada.<\/p>\n<p>A pesar de sus mejores esfuerzos en este \u00e1mbito, Palma France no puede garantizar que su sistema inform\u00e1tico e internet sea usado por un tercero no autorizado que act\u00fae con fines ileg\u00edtimos.<\/p>\n<h3><strong>1.6. Cambios<\/strong><\/h3>\n<p>La versi\u00f3n disponible en el sitio web <u><a href=\"https:\/\/www.ab2pro.com\/es\/\">de https:\/\/www.ab2pro.com <\/a><\/u>es la versi\u00f3n de las menciones legales vigentes el d\u00eda de la conexi\u00f3n. Por todas las razones que considere \u00fatiles y, en particular, para un mejor cumplimiento de la legislaci\u00f3n aplicable, Palma France podr\u00e1 realizar cambios en estas referencias jur\u00eddicas.<\/p>\n<h2><strong>2. Hiperv\u00ednculos y cookies.<\/strong><\/h2>\n<p>El sitio Web contiene una serie de hiperv\u00ednculos hacia otros sitios, configurados con el permiso de Palma France. Sin embargo, Palma France no tiene la oportunidad de verificar el contenido de los sitios visitados de esta manera, por lo que no asumir\u00e1 ninguna responsabilidad por este hecho.<\/p>\n<p>Es probable que la navegaci\u00f3n en el sitio haga que las cookies se instalen en el ordenador del usuario. Una cookie es un peque\u00f1o archivo, que no identifica al usuario, pero registra informaci\u00f3n sobre la navegaci\u00f3n por un ordenador en un sitio. Los datos obtenidos est\u00e1n destinados a facilitar una mayor navegaci\u00f3n en el sitio, y tambi\u00e9n est\u00e1n destinados a permitir diversas medidas de tr\u00e1fico.<\/p>\n<p>La negativa a instalar una cookie puede dar lugar a la imposibilidad de acceder a determinados servicios. Sin embargo, el usuario puede configurar su ordenador de la siguiente manera, para negarse a instalar cookies:<\/p>\n<ul>\n<li>En Internet Explorer: pesta\u00f1a de herramientas (pictograma en forma de engranaje en la parte superior derecha) \/ opciones de Internet. Haga clic en Privacidad y elija Bloquear todas las cookies. Valide en Ok.<\/li>\n<li>En Firefox: en la parte superior de la ventana del navegador, haz clic en el bot\u00f3n Firefox y, a continuaci\u00f3n, ve a la pesta\u00f1a Opciones. Haga clic en la pesta\u00f1a Privacidad. Establecer las reglas de conservaci\u00f3n en: Utilice la configuraci\u00f3n personalizada para el historial. Finalmente desmarque para desactivar las cookies.<\/li>\n<li>En Safari: Haga clic en la parte superior derecha del navegador en el pictograma del men\u00fa (simbolizado por un engranaje). Seleccione Configuraci\u00f3n. Haga clic en Mostrar configuraci\u00f3n avanzada. En la secci\u00f3n \u00abConfidencialidad\u00bb, haga clic en Configuraci\u00f3n de contenido. En la secci\u00f3n \u00abCookies\u00bb, puede bloquear las cookies.<\/li>\n<li>En Chrome: Haga clic en la parte superior derecha del navegador en el pictograma del men\u00fa (simbolizado por tres l\u00edneas horizontales). Seleccione Configuraci\u00f3n. Haga clic en Mostrar configuraci\u00f3n avanzada. En la secci\u00f3n \u00abConfidencialidad\u00bb, haga clic en preferencias. En la pesta\u00f1a \u00abConfidencialidad\u00bb, puede bloquear las cookies.<\/li>\n<\/ul>\n<p>Palma France utiliza la soluci\u00f3n de terceros de an\u00e1lisis de visitas de Google Analytics para realizar un seguimiento del rendimiento de su sitio web y el comportamiento del usuario a trav\u00e9s de cookies. Para medir el \u00e9xito de nuestras campa\u00f1as externas, tambi\u00e9n utilizamos una cookie para conocer el origen de las visitas.<\/p>\n<p>No utilizamos cookies intrusivas para recopilar informaci\u00f3n personal.<\/p>\n<h2><strong>3. Ley y jurisdicci\u00f3n aplicables<\/strong><\/h2>\n<p>Cualquier litigio en relaci\u00f3n con el uso del sitio est\u00e1 sujeta a la legislaci\u00f3n francesa. Se le concede jurisdicci\u00f3n exclusiva a los tribunales competentes de Nantes.<\/p>\n<h2><strong>4. Las principales leyes en cuesti\u00f3n<\/strong><\/h2>\n<ul>\n<li>Ley 78-17 de 6 de enero de 1978, modificada en particular por la Ley N\u00b0 2004-801 de 6 de agosto de 2004 relativa a ordenadores, a los archivos y a las libertades.<\/li>\n<li>Ley 2004-575, de 21 de junio de 2004, de confianza en la econom\u00eda digital.<\/li>\n<li>Reglamento General de Protecci\u00f3n de Datos (RGPD) del Reglamento 2016\/679 del Parlamento Europeo y del Consejo, de 27 de abril de 2016, sobre la protecci\u00f3n de las personas f\u00edsicas en lo que respecta al tratamiento de datos personales y a la libre circulaci\u00f3n de dichos datos.<\/li>\n<\/ul>\n<h2><strong>5.L\u00e9xico (lenguaje)<\/strong><\/h2>\n<p><em>Usuario:<\/em> usuarios de Internet que inicia una sesi\u00f3n, utilizando el sitio antes mencionado.<\/p>\n<p>Informaci\u00f3n personal: \u00abinformaci\u00f3n que permita, en cualquier forma, directamente o no, la identificaci\u00f3n de las personas f\u00edsicas a las que se aplican\u00bb (Art\u00edculo 4 de la Ley 78-17 de 6 de enero de 1978).<\/p><p>&nbsp;[\/vc_column_text][\/vc_column][\/vc_row]<\/p>\n","protected":false},"excerpt":{"rendered":"<p>[vc_row el_id=\u00bbbandeau-page\u00bb css=\u00bb.vc_custom_1607699497001{background-image: url(https:\/\/www.ab2pro.com\/wp-content\/uploads\/2020\/12\/Qui-sommes-nous-bandeau-titre.jpg?id=4654) !important;}\u00bb][vc_column][vc_column_text] Pol\u00edtica de privacidad [\/vc_column_text][\/vc_column][\/vc_row][vc_row el_id=\u00bbmentions-legales\u00bb][vc_column][vc_column_text] 1. Gesti\u00f3n de datos personales La protecci\u00f3n de los datos [&hellip;]<\/p>\n","protected":false},"author":1,"featured_media":0,"parent":0,"menu_order":0,"comment_status":"closed","ping_status":"closed","template":"","meta":{"_acf_changed":false,"footnotes":""},"class_list":["post-8990","page","type-page","status-publish","hentry"],"acf":[],"yoast_head":"<!-- This site is optimized with the Yoast SEO plugin v26.8 - https:\/\/yoast.com\/product\/yoast-seo-wordpress\/ -->\n<title>Pol\u00edtica de privacidad - AB2PRO<\/title>\n<meta name=\"description\" content=\"Pol\u00edtica de privacidad - AB2PRO\" \/>\n<meta name=\"robots\" content=\"index, follow, max-snippet:-1, max-image-preview:large, max-video-preview:-1\" \/>\n<link rel=\"canonical\" href=\"https:\/\/www.ab2pro.com\/es\/politica-de-privacidad\/\" \/>\n<meta property=\"og:locale\" content=\"es_ES\" \/>\n<meta property=\"og:type\" content=\"article\" \/>\n<meta property=\"og:title\" content=\"Pol\u00edtica de privacidad - AB2PRO\" \/>\n<meta property=\"og:description\" content=\"Pol\u00edtica de privacidad - AB2PRO\" \/>\n<meta property=\"og:url\" content=\"https:\/\/www.ab2pro.com\/es\/politica-de-privacidad\/\" \/>\n<meta property=\"og:site_name\" content=\"AB2PRO\" \/>\n<meta property=\"article:modified_time\" content=\"2021-03-09T21:06:21+00:00\" \/>\n<meta property=\"og:image\" content=\"https:\/\/www.ab2pro.com\/wp-content\/uploads\/2020\/11\/fond-home.jpg\" \/>\n\t<meta property=\"og:image:width\" content=\"1920\" \/>\n\t<meta property=\"og:image:height\" content=\"600\" \/>\n\t<meta property=\"og:image:type\" content=\"image\/jpeg\" \/>\n<meta name=\"twitter:card\" content=\"summary_large_image\" \/>\n<meta name=\"twitter:label1\" content=\"Tiempo de lectura\" \/>\n\t<meta name=\"twitter:data1\" content=\"9 minutos\" \/>\n<script type=\"application\/ld+json\" class=\"yoast-schema-graph\">{\"@context\":\"https:\/\/schema.org\",\"@graph\":[{\"@type\":\"WebPage\",\"@id\":\"https:\/\/www.ab2pro.com\/es\/politica-de-privacidad\/\",\"url\":\"https:\/\/www.ab2pro.com\/es\/politica-de-privacidad\/\",\"name\":\"Pol\u00edtica de privacidad - AB2PRO\",\"isPartOf\":{\"@id\":\"https:\/\/www.ab2pro.com\/es\/#website\"},\"datePublished\":\"2021-03-09T21:06:20+00:00\",\"dateModified\":\"2021-03-09T21:06:21+00:00\",\"description\":\"Pol\u00edtica de privacidad - AB2PRO\",\"breadcrumb\":{\"@id\":\"https:\/\/www.ab2pro.com\/es\/politica-de-privacidad\/#breadcrumb\"},\"inLanguage\":\"es\",\"potentialAction\":[{\"@type\":\"ReadAction\",\"target\":[\"https:\/\/www.ab2pro.com\/es\/politica-de-privacidad\/\"]}]},{\"@type\":\"BreadcrumbList\",\"@id\":\"https:\/\/www.ab2pro.com\/es\/politica-de-privacidad\/#breadcrumb\",\"itemListElement\":[{\"@type\":\"ListItem\",\"position\":1,\"name\":\"Accueil\",\"item\":\"https:\/\/www.ab2pro.com\/es\/\"},{\"@type\":\"ListItem\",\"position\":2,\"name\":\"Pol\u00edtica de privacidad\"}]},{\"@type\":\"WebSite\",\"@id\":\"https:\/\/www.ab2pro.com\/es\/#website\",\"url\":\"https:\/\/www.ab2pro.com\/es\/\",\"name\":\"AB2PRO\",\"description\":\"Agence d&#039;emploi sp\u00e9cialis\u00e9e dans le recrutement de travailleurs europ\u00e9ens\",\"publisher\":{\"@id\":\"https:\/\/www.ab2pro.com\/es\/#organization\"},\"potentialAction\":[{\"@type\":\"SearchAction\",\"target\":{\"@type\":\"EntryPoint\",\"urlTemplate\":\"https:\/\/www.ab2pro.com\/es\/?s={search_term_string}\"},\"query-input\":{\"@type\":\"PropertyValueSpecification\",\"valueRequired\":true,\"valueName\":\"search_term_string\"}}],\"inLanguage\":\"es\"},{\"@type\":\"Organization\",\"@id\":\"https:\/\/www.ab2pro.com\/es\/#organization\",\"name\":\"AB2PRO\",\"url\":\"https:\/\/www.ab2pro.com\/es\/\",\"logo\":{\"@type\":\"ImageObject\",\"inLanguage\":\"es\",\"@id\":\"https:\/\/www.ab2pro.com\/es\/#\/schema\/logo\/image\/\",\"url\":\"https:\/\/www.ab2pro.com\/wp-content\/uploads\/2020\/11\/logo-profil.png\",\"contentUrl\":\"https:\/\/www.ab2pro.com\/wp-content\/uploads\/2020\/11\/logo-profil.png\",\"width\":230,\"height\":47,\"caption\":\"AB2PRO\"},\"image\":{\"@id\":\"https:\/\/www.ab2pro.com\/es\/#\/schema\/logo\/image\/\"}}]}<\/script>\n<!-- \/ Yoast SEO plugin. -->","yoast_head_json":{"title":"Pol\u00edtica de privacidad - AB2PRO","description":"Pol\u00edtica de privacidad - AB2PRO","robots":{"index":"index","follow":"follow","max-snippet":"max-snippet:-1","max-image-preview":"max-image-preview:large","max-video-preview":"max-video-preview:-1"},"canonical":"https:\/\/www.ab2pro.com\/es\/politica-de-privacidad\/","og_locale":"es_ES","og_type":"article","og_title":"Pol\u00edtica de privacidad - AB2PRO","og_description":"Pol\u00edtica de privacidad - AB2PRO","og_url":"https:\/\/www.ab2pro.com\/es\/politica-de-privacidad\/","og_site_name":"AB2PRO","article_modified_time":"2021-03-09T21:06:21+00:00","og_image":[{"width":1920,"height":600,"url":"https:\/\/www.ab2pro.com\/wp-content\/uploads\/2020\/11\/fond-home.jpg","type":"image\/jpeg"}],"twitter_card":"summary_large_image","twitter_misc":{"Tiempo de lectura":"9 minutos"},"schema":{"@context":"https:\/\/schema.org","@graph":[{"@type":"WebPage","@id":"https:\/\/www.ab2pro.com\/es\/politica-de-privacidad\/","url":"https:\/\/www.ab2pro.com\/es\/politica-de-privacidad\/","name":"Pol\u00edtica de privacidad - AB2PRO","isPartOf":{"@id":"https:\/\/www.ab2pro.com\/es\/#website"},"datePublished":"2021-03-09T21:06:20+00:00","dateModified":"2021-03-09T21:06:21+00:00","description":"Pol\u00edtica de privacidad - AB2PRO","breadcrumb":{"@id":"https:\/\/www.ab2pro.com\/es\/politica-de-privacidad\/#breadcrumb"},"inLanguage":"es","potentialAction":[{"@type":"ReadAction","target":["https:\/\/www.ab2pro.com\/es\/politica-de-privacidad\/"]}]},{"@type":"BreadcrumbList","@id":"https:\/\/www.ab2pro.com\/es\/politica-de-privacidad\/#breadcrumb","itemListElement":[{"@type":"ListItem","position":1,"name":"Accueil","item":"https:\/\/www.ab2pro.com\/es\/"},{"@type":"ListItem","position":2,"name":"Pol\u00edtica de privacidad"}]},{"@type":"WebSite","@id":"https:\/\/www.ab2pro.com\/es\/#website","url":"https:\/\/www.ab2pro.com\/es\/","name":"AB2PRO","description":"Agence d&#039;emploi sp\u00e9cialis\u00e9e dans le recrutement de travailleurs europ\u00e9ens","publisher":{"@id":"https:\/\/www.ab2pro.com\/es\/#organization"},"potentialAction":[{"@type":"SearchAction","target":{"@type":"EntryPoint","urlTemplate":"https:\/\/www.ab2pro.com\/es\/?s={search_term_string}"},"query-input":{"@type":"PropertyValueSpecification","valueRequired":true,"valueName":"search_term_string"}}],"inLanguage":"es"},{"@type":"Organization","@id":"https:\/\/www.ab2pro.com\/es\/#organization","name":"AB2PRO","url":"https:\/\/www.ab2pro.com\/es\/","logo":{"@type":"ImageObject","inLanguage":"es","@id":"https:\/\/www.ab2pro.com\/es\/#\/schema\/logo\/image\/","url":"https:\/\/www.ab2pro.com\/wp-content\/uploads\/2020\/11\/logo-profil.png","contentUrl":"https:\/\/www.ab2pro.com\/wp-content\/uploads\/2020\/11\/logo-profil.png","width":230,"height":47,"caption":"AB2PRO"},"image":{"@id":"https:\/\/www.ab2pro.com\/es\/#\/schema\/logo\/image\/"}}]}},"_links":{"self":[{"href":"https:\/\/www.ab2pro.com\/es\/wp-json\/wp\/v2\/pages\/8990","targetHints":{"allow":["GET"]}}],"collection":[{"href":"https:\/\/www.ab2pro.com\/es\/wp-json\/wp\/v2\/pages"}],"about":[{"href":"https:\/\/www.ab2pro.com\/es\/wp-json\/wp\/v2\/types\/page"}],"author":[{"embeddable":true,"href":"https:\/\/www.ab2pro.com\/es\/wp-json\/wp\/v2\/users\/1"}],"replies":[{"embeddable":true,"href":"https:\/\/www.ab2pro.com\/es\/wp-json\/wp\/v2\/comments?post=8990"}],"version-history":[{"count":0,"href":"https:\/\/www.ab2pro.com\/es\/wp-json\/wp\/v2\/pages\/8990\/revisions"}],"wp:attachment":[{"href":"https:\/\/www.ab2pro.com\/es\/wp-json\/wp\/v2\/media?parent=8990"}],"curies":[{"name":"wp","href":"https:\/\/api.w.org\/{rel}","templated":true}]}}