
{"id":48622,"date":"2023-11-07T11:10:25","date_gmt":"2023-11-07T10:10:25","guid":{"rendered":"https:\/\/www.ab2pro.com\/?post_type=agence&#038;p=48622"},"modified":"2025-06-25T12:57:35","modified_gmt":"2025-06-25T10:57:35","slug":"ab2pro-marosvasarhely","status":"publish","type":"agence","link":"https:\/\/www.ab2pro.com\/hu\/agences\/ab2pro-marosvasarhely\/","title":{"rendered":"AB2PRO Marosv\u00e1s\u00e1rhelyi iroda"},"content":{"rendered":"<p data-pm-slice=\"0 0 []\"><strong>Marosv\u00e1s\u00e1rhelyi irod\u00e1nk 2021 tavasz\u00e1n nyitott meg<\/strong> a csod\u00e1latosan mesesz\u00e9p, v\u00e1ltozatos term\u00e9szeti t\u00e1jakat el\u00e9nk t\u00e1r\u00f3 Erd\u00e9lyben. Itt tal\u00e1lod <strong>csapatunkat,<\/strong> amely jelentkez\u0151ink sz\u00e1m\u00e1ra ny\u00fajt seg\u00edt\u00e9get, hogy megtal\u00e1lj\u00e1k a sz\u00e1mukra legmegfelel\u0151bb \u00e1ll\u00e1slehet\u0151s\u00e9get.<\/p>\n<p><strong>Csapatunk <\/strong>a Rom\u00e1n ter\u00fcleten l\u00e9v\u0151 toborz\u00e1sra specializ\u00e1l\u00f3dott. A legjobb tehets\u00e9gek felkutat\u00e1s\u00e1ra ir\u00e1nyul\u00f3 lelkesed\u00e9s\u00fcknek k\u00f6sz\u00f6nhet\u0151en minden toborz\u00e1s egyfajta sikeres kalandd\u00e1 v\u00e1lik, amely sor\u00e1n folyamatos figyelmet ford\u00edtunk a jel\u00f6ltek t\u00e1mogat\u00e1s\u00e1ra \u00e9s beilleszked\u00e9s\u00e9re. <\/p>\n<p>Az Erd\u00e9lyi-medence k\u00f6zep\u00e9n, a Maros k\u00e9t oldal\u00e1n, m\u00e1r az \u00fajk\u0151kor \u00f3ta lakott ter\u00fcleten elhelyezked\u0151 v\u00e1rost a t\u00f6rt\u00e9nelem sor\u00e1n rengeteg viszontags\u00e1g \u00e9rte. A t\u00f6rt\u00e9nelem sor\u00e1n Marosv\u00e1s\u00e1rhely sokat szenvedett a t\u00f6r\u00f6k\u00f6k puszt\u00edt\u00e1sai \u00e9s Leopold cs\u00e1sz\u00e1r fosztogat\u00e1sai miatt. De a v\u00e1ros mindig talpra tudott \u00e1llni. <\/p>\n<p>A v\u00e1ros igazi fejl\u0151d\u00e9s\u00e9re 1902-t\u0151l ker\u00fclt sor, amikor az akkori polg\u00e1rmester ir\u00e1ny\u00edt\u00e1sa alatt \u00fajrat\u00e9rk\u00e9pezt\u00e9k a v\u00e1rost. A r\u00e9gi utc\u00e1kat vir\u00e1gokkal \u00e9s f\u00e1kkal d\u00edsz\u00edtett\u00e9k, amelynek k\u00f6sz\u00f6nhet\u0151en Marosv\u00e1s\u00e1rhely ma m\u00e1r a &#8222;Vir\u00e1gok V\u00e1rosa&#8221; nevet is b\u00fcszk\u00e9n viseli. Tehet\u00fcnk egy s\u00e9t\u00e1t a barokk- \u00e9s szecesszi\u00f3s \u00e9p\u00fcletekkel k\u00f6r\u00fcl\u00f6lelt R\u00f3zs\u00e1k ter\u00e9n, majd elmehet\u00fcnk a n\u00e9gy b\u00e1sty\u00e1val rendelkez\u0151 kast\u00e9lyhoz, amely a v\u00e1ros d\u00e9lnyugati r\u00e9sz\u00e9n tal\u00e1lhat\u00f3, \u00e9s ahol megcsod\u00e1lhatjuk a templomtornyot, amely a 17. sz\u00e1zad jellegzetes hangulat\u00e1t id\u00e9zi.   <\/p>\n<p>Sz\u00e1mos nemzetk\u00f6zi m\u0171eml\u00e9k is megtekinthet\u0151 itt, t\u00f6bbek k\u00f6zt templomok, m\u00fazeumok, gal\u00e9ri\u00e1k, szobrok, k\u00f6z\u00e9p\u00fcletek, valamint barokk, klasszikus, neorenesz\u00e1nsz, eklektikus \u00e9s szecesszi\u00f3s st\u00edlus\u00fa \u00e9p\u00fcletek is.<\/p>\n<p>De ne feledkezz\u00fcnk meg a k\u00fclv\u00e1rosr\u00f3l sem, amely m\u00e9g t\u00f6bb l\u00e1tnival\u00f3t k\u00edn\u00e1l, mint p\u00e9ld\u00e1ul a v\u00e1ros legmagasabb pontja: Somostet\u0151, a helyi \u00e1llatkert \u00e9s a gyerekek k\u00f6r\u00e9ben nagyon n\u00e9pszer\u0171 gyermekvas\u00fat.<\/p>\n<p>Mivel Erd\u00e9lyr\u0151l van sz\u00f3, a gyomrunk is meg\u00e9rdemel egy kis k\u00e9nyeztet\u00e9st. Rengeteg helyi specialit\u00e1s v\u00e1rja, hogy megk\u00f3stoljuk, mint az erd\u00e9lyi tok\u00e1ny, t\u00f6lt\u00f6tt k\u00e1poszta, h\u00fasgomb\u00f3cleves stb. Az aperitifet sem \u00e9rdemes \u00e1m kihagyni, erre a c\u00e9lra t\u00f6k\u00e9letesen megfelel egy j\u00f3 p\u00e1linka!  <\/p>\n<p>Reggeli vagy eb\u00e9d ut\u00e1n szeretn\u00e9l meginni egy finom k\u00e1v\u00e9t? L\u00e1togass el irod\u00e1nkba, amely a t\u00f6rt\u00e9nelmi m\u0171eml\u00e9kek, a f\u0151t\u00e9r \u00e9s a 0-\u00e1s kilom\u00e9tert\u00e1bla k\u00f6zel\u00e9ben meg is tal\u00e1lsz. <strong>V\u00e1rjuk szeretettel<\/strong> a jelentkez\u0151ket! <\/p>","protected":false},"excerpt":{"rendered":"<p>Marosv\u00e1s\u00e1rhelyi irod\u00e1nk 2021 tavasz\u00e1n nyitott meg a csod\u00e1latosan mesesz\u00e9p, v\u00e1ltozatos term\u00e9szeti t\u00e1jakat el\u00e9nk t\u00e1r\u00f3 Erd\u00e9lyben. Itt tal\u00e1lod csapatunkat, amely jelentkez\u0151ink [&hellip;]<\/p>\n","protected":false},"author":1,"featured_media":0,"template":"","meta":{"_acf_changed":false,"footnotes":""},"class_list":["post-48622","agence","type-agence","status-publish","hentry"],"acf":[],"yoast_head":"<!-- This site is optimized with the Yoast SEO plugin v26.8 - https:\/\/yoast.com\/product\/yoast-seo-wordpress\/ -->\n<title>AB2PRO Marosv\u00e1s\u00e1rhelyi iroda - AB2PRO<\/title>\n<meta name=\"robots\" content=\"index, follow, max-snippet:-1, max-image-preview:large, max-video-preview:-1\" \/>\n<link rel=\"canonical\" href=\"https:\/\/www.ab2pro.com\/hu\/agences\/ab2pro-marosvasarhely\/\" \/>\n<meta property=\"og:locale\" content=\"hu_HU\" \/>\n<meta property=\"og:type\" content=\"article\" \/>\n<meta property=\"og:title\" content=\"AB2PRO Marosv\u00e1s\u00e1rhelyi iroda - AB2PRO\" \/>\n<meta property=\"og:description\" content=\"Marosv\u00e1s\u00e1rhelyi irod\u00e1nk 2021 tavasz\u00e1n nyitott meg a csod\u00e1latosan mesesz\u00e9p, v\u00e1ltozatos term\u00e9szeti t\u00e1jakat el\u00e9nk t\u00e1r\u00f3 Erd\u00e9lyben. Itt tal\u00e1lod csapatunkat, amely jelentkez\u0151ink [&hellip;]\" \/>\n<meta property=\"og:url\" content=\"https:\/\/www.ab2pro.com\/hu\/agences\/ab2pro-marosvasarhely\/\" \/>\n<meta property=\"og:site_name\" content=\"AB2PRO\" \/>\n<meta property=\"article:modified_time\" content=\"2025-06-25T10:57:35+00:00\" \/>\n<meta property=\"og:image\" content=\"https:\/\/www.ab2pro.com\/wp-content\/uploads\/2020\/11\/fond-home.jpg\" \/>\n\t<meta property=\"og:image:width\" content=\"1920\" \/>\n\t<meta property=\"og:image:height\" content=\"600\" \/>\n\t<meta property=\"og:image:type\" content=\"image\/jpeg\" \/>\n<meta name=\"twitter:card\" content=\"summary_large_image\" \/>\n<meta name=\"twitter:label1\" content=\"Becs\u00fclt olvas\u00e1si id\u0151\" \/>\n\t<meta name=\"twitter:data1\" content=\"2 perc\" \/>\n<script type=\"application\/ld+json\" class=\"yoast-schema-graph\">{\"@context\":\"https:\/\/schema.org\",\"@graph\":[{\"@type\":\"WebPage\",\"@id\":\"https:\/\/www.ab2pro.com\/hu\/agences\/ab2pro-marosvasarhely\/\",\"url\":\"https:\/\/www.ab2pro.com\/hu\/agences\/ab2pro-marosvasarhely\/\",\"name\":\"AB2PRO Marosv\u00e1s\u00e1rhelyi iroda - AB2PRO\",\"isPartOf\":{\"@id\":\"https:\/\/www.ab2pro.com\/hu\/#website\"},\"datePublished\":\"2023-11-07T10:10:25+00:00\",\"dateModified\":\"2025-06-25T10:57:35+00:00\",\"breadcrumb\":{\"@id\":\"https:\/\/www.ab2pro.com\/hu\/agences\/ab2pro-marosvasarhely\/#breadcrumb\"},\"inLanguage\":\"hu\",\"potentialAction\":[{\"@type\":\"ReadAction\",\"target\":[\"https:\/\/www.ab2pro.com\/hu\/agences\/ab2pro-marosvasarhely\/\"]}]},{\"@type\":\"BreadcrumbList\",\"@id\":\"https:\/\/www.ab2pro.com\/hu\/agences\/ab2pro-marosvasarhely\/#breadcrumb\",\"itemListElement\":[{\"@type\":\"ListItem\",\"position\":1,\"name\":\"Accueil\",\"item\":\"https:\/\/www.ab2pro.com\/hu\/\"},{\"@type\":\"ListItem\",\"position\":2,\"name\":\"Agences\",\"item\":\"https:\/\/www.ab2pro.com\/hu\/agences\/\"},{\"@type\":\"ListItem\",\"position\":3,\"name\":\"AB2PRO Marosv\u00e1s\u00e1rhelyi iroda\"}]},{\"@type\":\"WebSite\",\"@id\":\"https:\/\/www.ab2pro.com\/hu\/#website\",\"url\":\"https:\/\/www.ab2pro.com\/hu\/\",\"name\":\"AB2PRO\",\"description\":\"Agence d&#039;emploi sp\u00e9cialis\u00e9e dans le recrutement de travailleurs europ\u00e9ens\",\"publisher\":{\"@id\":\"https:\/\/www.ab2pro.com\/hu\/#organization\"},\"potentialAction\":[{\"@type\":\"SearchAction\",\"target\":{\"@type\":\"EntryPoint\",\"urlTemplate\":\"https:\/\/www.ab2pro.com\/hu\/?s={search_term_string}\"},\"query-input\":{\"@type\":\"PropertyValueSpecification\",\"valueRequired\":true,\"valueName\":\"search_term_string\"}}],\"inLanguage\":\"hu\"},{\"@type\":\"Organization\",\"@id\":\"https:\/\/www.ab2pro.com\/hu\/#organization\",\"name\":\"AB2PRO\",\"url\":\"https:\/\/www.ab2pro.com\/hu\/\",\"logo\":{\"@type\":\"ImageObject\",\"inLanguage\":\"hu\",\"@id\":\"https:\/\/www.ab2pro.com\/hu\/#\/schema\/logo\/image\/\",\"url\":\"https:\/\/www.ab2pro.com\/wp-content\/uploads\/2020\/11\/logo-profil.png\",\"contentUrl\":\"https:\/\/www.ab2pro.com\/wp-content\/uploads\/2020\/11\/logo-profil.png\",\"width\":230,\"height\":47,\"caption\":\"AB2PRO\"},\"image\":{\"@id\":\"https:\/\/www.ab2pro.com\/hu\/#\/schema\/logo\/image\/\"}}]}<\/script>\n<!-- \/ Yoast SEO plugin. -->","yoast_head_json":{"title":"AB2PRO Marosv\u00e1s\u00e1rhelyi iroda - AB2PRO","robots":{"index":"index","follow":"follow","max-snippet":"max-snippet:-1","max-image-preview":"max-image-preview:large","max-video-preview":"max-video-preview:-1"},"canonical":"https:\/\/www.ab2pro.com\/hu\/agences\/ab2pro-marosvasarhely\/","og_locale":"hu_HU","og_type":"article","og_title":"AB2PRO Marosv\u00e1s\u00e1rhelyi iroda - AB2PRO","og_description":"Marosv\u00e1s\u00e1rhelyi irod\u00e1nk 2021 tavasz\u00e1n nyitott meg a csod\u00e1latosan mesesz\u00e9p, v\u00e1ltozatos term\u00e9szeti t\u00e1jakat el\u00e9nk t\u00e1r\u00f3 Erd\u00e9lyben. Itt tal\u00e1lod csapatunkat, amely jelentkez\u0151ink [&hellip;]","og_url":"https:\/\/www.ab2pro.com\/hu\/agences\/ab2pro-marosvasarhely\/","og_site_name":"AB2PRO","article_modified_time":"2025-06-25T10:57:35+00:00","og_image":[{"width":1920,"height":600,"url":"https:\/\/www.ab2pro.com\/wp-content\/uploads\/2020\/11\/fond-home.jpg","type":"image\/jpeg"}],"twitter_card":"summary_large_image","twitter_misc":{"Becs\u00fclt olvas\u00e1si id\u0151":"2 perc"},"schema":{"@context":"https:\/\/schema.org","@graph":[{"@type":"WebPage","@id":"https:\/\/www.ab2pro.com\/hu\/agences\/ab2pro-marosvasarhely\/","url":"https:\/\/www.ab2pro.com\/hu\/agences\/ab2pro-marosvasarhely\/","name":"AB2PRO Marosv\u00e1s\u00e1rhelyi iroda - AB2PRO","isPartOf":{"@id":"https:\/\/www.ab2pro.com\/hu\/#website"},"datePublished":"2023-11-07T10:10:25+00:00","dateModified":"2025-06-25T10:57:35+00:00","breadcrumb":{"@id":"https:\/\/www.ab2pro.com\/hu\/agences\/ab2pro-marosvasarhely\/#breadcrumb"},"inLanguage":"hu","potentialAction":[{"@type":"ReadAction","target":["https:\/\/www.ab2pro.com\/hu\/agences\/ab2pro-marosvasarhely\/"]}]},{"@type":"BreadcrumbList","@id":"https:\/\/www.ab2pro.com\/hu\/agences\/ab2pro-marosvasarhely\/#breadcrumb","itemListElement":[{"@type":"ListItem","position":1,"name":"Accueil","item":"https:\/\/www.ab2pro.com\/hu\/"},{"@type":"ListItem","position":2,"name":"Agences","item":"https:\/\/www.ab2pro.com\/hu\/agences\/"},{"@type":"ListItem","position":3,"name":"AB2PRO Marosv\u00e1s\u00e1rhelyi iroda"}]},{"@type":"WebSite","@id":"https:\/\/www.ab2pro.com\/hu\/#website","url":"https:\/\/www.ab2pro.com\/hu\/","name":"AB2PRO","description":"Agence d&#039;emploi sp\u00e9cialis\u00e9e dans le recrutement de travailleurs europ\u00e9ens","publisher":{"@id":"https:\/\/www.ab2pro.com\/hu\/#organization"},"potentialAction":[{"@type":"SearchAction","target":{"@type":"EntryPoint","urlTemplate":"https:\/\/www.ab2pro.com\/hu\/?s={search_term_string}"},"query-input":{"@type":"PropertyValueSpecification","valueRequired":true,"valueName":"search_term_string"}}],"inLanguage":"hu"},{"@type":"Organization","@id":"https:\/\/www.ab2pro.com\/hu\/#organization","name":"AB2PRO","url":"https:\/\/www.ab2pro.com\/hu\/","logo":{"@type":"ImageObject","inLanguage":"hu","@id":"https:\/\/www.ab2pro.com\/hu\/#\/schema\/logo\/image\/","url":"https:\/\/www.ab2pro.com\/wp-content\/uploads\/2020\/11\/logo-profil.png","contentUrl":"https:\/\/www.ab2pro.com\/wp-content\/uploads\/2020\/11\/logo-profil.png","width":230,"height":47,"caption":"AB2PRO"},"image":{"@id":"https:\/\/www.ab2pro.com\/hu\/#\/schema\/logo\/image\/"}}]}},"_links":{"self":[{"href":"https:\/\/www.ab2pro.com\/hu\/wp-json\/wp\/v2\/agence\/48622","targetHints":{"allow":["GET"]}}],"collection":[{"href":"https:\/\/www.ab2pro.com\/hu\/wp-json\/wp\/v2\/agence"}],"about":[{"href":"https:\/\/www.ab2pro.com\/hu\/wp-json\/wp\/v2\/types\/agence"}],"author":[{"embeddable":true,"href":"https:\/\/www.ab2pro.com\/hu\/wp-json\/wp\/v2\/users\/1"}],"version-history":[{"count":0,"href":"https:\/\/www.ab2pro.com\/hu\/wp-json\/wp\/v2\/agence\/48622\/revisions"}],"wp:attachment":[{"href":"https:\/\/www.ab2pro.com\/hu\/wp-json\/wp\/v2\/media?parent=48622"}],"curies":[{"name":"wp","href":"https:\/\/api.w.org\/{rel}","templated":true}]}}