
{"id":48677,"date":"2023-11-07T12:01:54","date_gmt":"2023-11-07T11:01:54","guid":{"rendered":"https:\/\/www.ab2pro.com\/?post_type=agence&#038;p=48677"},"modified":"2025-07-14T14:12:01","modified_gmt":"2025-07-14T12:12:01","slug":"parizsi-ab2pro-iroda","status":"publish","type":"agence","link":"https:\/\/www.ab2pro.com\/hu\/agences\/parizsi-ab2pro-iroda\/","title":{"rendered":"AB2PRO P\u00e1rizs"},"content":{"rendered":"<p data-pm-slice=\"0 0 []\"><strong>\u00dcdv\u00f6zl\u00fcnk p\u00e1rizsi irod\u00e1nkban<\/strong>, ahol elk\u00f6telezett szak\u00e9rt\u0151 csapatunk v\u00e1r r\u00e1d. A francia f\u0151v\u00e1rosban is professzion\u00e1lis seg\u00edts\u00e9get ny\u00fajtunk klienseink sz\u00e1m\u00e1ra, ez\u00e1ltal megfelel\u0151 \u00e1ll\u00e1slehet\u0151s\u00e9geket k\u00edn\u00e1lva jelentkez\u0151inknek. <\/p>\n<p><strong>Ioana<\/strong>, mint irodavezet\u0151, tapasztalat\u00e1val \u00e9s szigor\u00fas\u00e1g\u00e1val hat\u00e9kony ir\u00e1ny\u00edt\u00e1st \u00e9s min\u0151s\u00e9gi nyomon k\u00f6vet\u00e9st biztos\u00edt, amely egyar\u00e1nt eredm\u00e9nyezi partnereink \u00e9s munkav\u00e1llal\u00f3ink el\u00e9gedetts\u00e9g\u00e9t. <\/p>\n<p><strong>Mellette egy csapat \u00e1ll,<\/strong> akik egy\u00fcttes er\u0151vel biztos\u00edtj\u00e1k a megb\u00edz\u00e1sok koordin\u00e1l\u00e1s\u00e1t, a bels\u0151 folyamatok z\u00f6kken\u0151mentes lebonyol\u00edt\u00e1s\u00e1t \u00e9s munkav\u00e1llal\u00f3ink folyamatos nyomon k\u00f6vet\u00e9s\u00e9t. Kulcsszerepet j\u00e1tszanak a jel\u00f6ltek kiv\u00e1laszt\u00e1s\u00e1ban is: szak\u00e9rtelm\u00fcknek k\u00f6sz\u00f6nhet\u0151en k\u00f6nnyed\u00e9n azonos\u00edtj\u00e1k a v\u00e1llalatok ig\u00e9nyeinek legink\u00e1bb megfelel\u0151 profilokat majd munk\u00e1ba \u00e1ll\u00e1st k\u00f6vet\u0151en v\u00e9gigk\u00eds\u00e9rik \u0151ket szakmai p\u00e1lyafut\u00e1suk sor\u00e1n. <\/p>\n<p>P\u00e1rizsi irod\u00e1nk strat\u00e9giai elhelyezked\u00e9ssel rendelkezik egy dinamikus, sz\u00ednes munkaer\u0151-piaci r\u00e9gi\u00f3 k\u00f6zep\u00e9n. A f\u00e9ny v\u00e1rosa, gazdas\u00e1gi vonzerej\u00e9vel \u00e9s gyorsan b\u0151v\u00fcl\u0151 v\u00e1llalati h\u00e1l\u00f3zat\u00e1val sz\u00e1mos lehet\u0151s\u00e9get k\u00edn\u00e1l azon jel\u00f6lteknek, akik \u00faj szakmai tapasztalatokra v\u00e1rnak. <\/p>\n<p>Amennyiben \u00e1ll\u00e1skeres\u0151 szakember vagy,<strong> Ioana \u00e9s csapata<\/strong> \u00e1llnak rendelkez\u00e9sedre.<\/p>\n<p><strong>Csatlakozz hozz\u00e1nk m\u00e9g ma<\/strong> \u00e9s \u00e9p\u00edts egy vir\u00e1gz\u00f3 szakmai j\u00f6v\u0151t az AB2PRO p\u00e1rizsi irod\u00e1j\u00e1val.<\/p>","protected":false},"excerpt":{"rendered":"<p>\u00dcdv\u00f6zl\u00fcnk p\u00e1rizsi irod\u00e1nkban, ahol elk\u00f6telezett szak\u00e9rt\u0151 csapatunk v\u00e1r r\u00e1d. A francia f\u0151v\u00e1rosban is professzion\u00e1lis seg\u00edts\u00e9get ny\u00fajtunk klienseink sz\u00e1m\u00e1ra, ez\u00e1ltal megfelel\u0151 [&hellip;]<\/p>\n","protected":false},"author":1,"featured_media":0,"template":"","meta":{"_acf_changed":false,"footnotes":""},"class_list":["post-48677","agence","type-agence","status-publish","hentry"],"acf":[],"yoast_head":"<!-- This site is optimized with the Yoast SEO plugin v26.8 - https:\/\/yoast.com\/product\/yoast-seo-wordpress\/ -->\n<title>AB2PRO P\u00e1rizs - AB2PRO<\/title>\n<meta name=\"robots\" content=\"index, follow, max-snippet:-1, max-image-preview:large, max-video-preview:-1\" \/>\n<link rel=\"canonical\" href=\"https:\/\/www.ab2pro.com\/hu\/agences\/parizsi-ab2pro-iroda\/\" \/>\n<meta property=\"og:locale\" content=\"hu_HU\" \/>\n<meta property=\"og:type\" content=\"article\" \/>\n<meta property=\"og:title\" content=\"AB2PRO P\u00e1rizs - AB2PRO\" \/>\n<meta property=\"og:description\" content=\"\u00dcdv\u00f6zl\u00fcnk p\u00e1rizsi irod\u00e1nkban, ahol elk\u00f6telezett szak\u00e9rt\u0151 csapatunk v\u00e1r r\u00e1d. A francia f\u0151v\u00e1rosban is professzion\u00e1lis seg\u00edts\u00e9get ny\u00fajtunk klienseink sz\u00e1m\u00e1ra, ez\u00e1ltal megfelel\u0151 [&hellip;]\" \/>\n<meta property=\"og:url\" content=\"https:\/\/www.ab2pro.com\/hu\/agences\/parizsi-ab2pro-iroda\/\" \/>\n<meta property=\"og:site_name\" content=\"AB2PRO\" \/>\n<meta property=\"article:modified_time\" content=\"2025-07-14T12:12:01+00:00\" \/>\n<meta property=\"og:image\" content=\"https:\/\/www.ab2pro.com\/wp-content\/uploads\/2020\/11\/fond-home.jpg\" \/>\n\t<meta property=\"og:image:width\" content=\"1920\" \/>\n\t<meta property=\"og:image:height\" content=\"600\" \/>\n\t<meta property=\"og:image:type\" content=\"image\/jpeg\" \/>\n<meta name=\"twitter:card\" content=\"summary_large_image\" \/>\n<meta name=\"twitter:label1\" content=\"Becs\u00fclt olvas\u00e1si id\u0151\" \/>\n\t<meta name=\"twitter:data1\" content=\"2 perc\" \/>\n<script type=\"application\/ld+json\" class=\"yoast-schema-graph\">{\"@context\":\"https:\/\/schema.org\",\"@graph\":[{\"@type\":\"WebPage\",\"@id\":\"https:\/\/www.ab2pro.com\/hu\/agences\/parizsi-ab2pro-iroda\/\",\"url\":\"https:\/\/www.ab2pro.com\/hu\/agences\/parizsi-ab2pro-iroda\/\",\"name\":\"AB2PRO P\u00e1rizs - AB2PRO\",\"isPartOf\":{\"@id\":\"https:\/\/www.ab2pro.com\/hu\/#website\"},\"datePublished\":\"2023-11-07T11:01:54+00:00\",\"dateModified\":\"2025-07-14T12:12:01+00:00\",\"breadcrumb\":{\"@id\":\"https:\/\/www.ab2pro.com\/hu\/agences\/parizsi-ab2pro-iroda\/#breadcrumb\"},\"inLanguage\":\"hu\",\"potentialAction\":[{\"@type\":\"ReadAction\",\"target\":[\"https:\/\/www.ab2pro.com\/hu\/agences\/parizsi-ab2pro-iroda\/\"]}]},{\"@type\":\"BreadcrumbList\",\"@id\":\"https:\/\/www.ab2pro.com\/hu\/agences\/parizsi-ab2pro-iroda\/#breadcrumb\",\"itemListElement\":[{\"@type\":\"ListItem\",\"position\":1,\"name\":\"Accueil\",\"item\":\"https:\/\/www.ab2pro.com\/hu\/\"},{\"@type\":\"ListItem\",\"position\":2,\"name\":\"Agences\",\"item\":\"https:\/\/www.ab2pro.com\/hu\/agences\/\"},{\"@type\":\"ListItem\",\"position\":3,\"name\":\"AB2PRO P\u00e1rizs\"}]},{\"@type\":\"WebSite\",\"@id\":\"https:\/\/www.ab2pro.com\/hu\/#website\",\"url\":\"https:\/\/www.ab2pro.com\/hu\/\",\"name\":\"AB2PRO\",\"description\":\"Agence d&#039;emploi sp\u00e9cialis\u00e9e dans le recrutement de travailleurs europ\u00e9ens\",\"publisher\":{\"@id\":\"https:\/\/www.ab2pro.com\/hu\/#organization\"},\"potentialAction\":[{\"@type\":\"SearchAction\",\"target\":{\"@type\":\"EntryPoint\",\"urlTemplate\":\"https:\/\/www.ab2pro.com\/hu\/?s={search_term_string}\"},\"query-input\":{\"@type\":\"PropertyValueSpecification\",\"valueRequired\":true,\"valueName\":\"search_term_string\"}}],\"inLanguage\":\"hu\"},{\"@type\":\"Organization\",\"@id\":\"https:\/\/www.ab2pro.com\/hu\/#organization\",\"name\":\"AB2PRO\",\"url\":\"https:\/\/www.ab2pro.com\/hu\/\",\"logo\":{\"@type\":\"ImageObject\",\"inLanguage\":\"hu\",\"@id\":\"https:\/\/www.ab2pro.com\/hu\/#\/schema\/logo\/image\/\",\"url\":\"https:\/\/www.ab2pro.com\/wp-content\/uploads\/2020\/11\/logo-profil.png\",\"contentUrl\":\"https:\/\/www.ab2pro.com\/wp-content\/uploads\/2020\/11\/logo-profil.png\",\"width\":230,\"height\":47,\"caption\":\"AB2PRO\"},\"image\":{\"@id\":\"https:\/\/www.ab2pro.com\/hu\/#\/schema\/logo\/image\/\"}}]}<\/script>\n<!-- \/ Yoast SEO plugin. -->","yoast_head_json":{"title":"AB2PRO P\u00e1rizs - AB2PRO","robots":{"index":"index","follow":"follow","max-snippet":"max-snippet:-1","max-image-preview":"max-image-preview:large","max-video-preview":"max-video-preview:-1"},"canonical":"https:\/\/www.ab2pro.com\/hu\/agences\/parizsi-ab2pro-iroda\/","og_locale":"hu_HU","og_type":"article","og_title":"AB2PRO P\u00e1rizs - AB2PRO","og_description":"\u00dcdv\u00f6zl\u00fcnk p\u00e1rizsi irod\u00e1nkban, ahol elk\u00f6telezett szak\u00e9rt\u0151 csapatunk v\u00e1r r\u00e1d. A francia f\u0151v\u00e1rosban is professzion\u00e1lis seg\u00edts\u00e9get ny\u00fajtunk klienseink sz\u00e1m\u00e1ra, ez\u00e1ltal megfelel\u0151 [&hellip;]","og_url":"https:\/\/www.ab2pro.com\/hu\/agences\/parizsi-ab2pro-iroda\/","og_site_name":"AB2PRO","article_modified_time":"2025-07-14T12:12:01+00:00","og_image":[{"width":1920,"height":600,"url":"https:\/\/www.ab2pro.com\/wp-content\/uploads\/2020\/11\/fond-home.jpg","type":"image\/jpeg"}],"twitter_card":"summary_large_image","twitter_misc":{"Becs\u00fclt olvas\u00e1si id\u0151":"2 perc"},"schema":{"@context":"https:\/\/schema.org","@graph":[{"@type":"WebPage","@id":"https:\/\/www.ab2pro.com\/hu\/agences\/parizsi-ab2pro-iroda\/","url":"https:\/\/www.ab2pro.com\/hu\/agences\/parizsi-ab2pro-iroda\/","name":"AB2PRO P\u00e1rizs - AB2PRO","isPartOf":{"@id":"https:\/\/www.ab2pro.com\/hu\/#website"},"datePublished":"2023-11-07T11:01:54+00:00","dateModified":"2025-07-14T12:12:01+00:00","breadcrumb":{"@id":"https:\/\/www.ab2pro.com\/hu\/agences\/parizsi-ab2pro-iroda\/#breadcrumb"},"inLanguage":"hu","potentialAction":[{"@type":"ReadAction","target":["https:\/\/www.ab2pro.com\/hu\/agences\/parizsi-ab2pro-iroda\/"]}]},{"@type":"BreadcrumbList","@id":"https:\/\/www.ab2pro.com\/hu\/agences\/parizsi-ab2pro-iroda\/#breadcrumb","itemListElement":[{"@type":"ListItem","position":1,"name":"Accueil","item":"https:\/\/www.ab2pro.com\/hu\/"},{"@type":"ListItem","position":2,"name":"Agences","item":"https:\/\/www.ab2pro.com\/hu\/agences\/"},{"@type":"ListItem","position":3,"name":"AB2PRO P\u00e1rizs"}]},{"@type":"WebSite","@id":"https:\/\/www.ab2pro.com\/hu\/#website","url":"https:\/\/www.ab2pro.com\/hu\/","name":"AB2PRO","description":"Agence d&#039;emploi sp\u00e9cialis\u00e9e dans le recrutement de travailleurs europ\u00e9ens","publisher":{"@id":"https:\/\/www.ab2pro.com\/hu\/#organization"},"potentialAction":[{"@type":"SearchAction","target":{"@type":"EntryPoint","urlTemplate":"https:\/\/www.ab2pro.com\/hu\/?s={search_term_string}"},"query-input":{"@type":"PropertyValueSpecification","valueRequired":true,"valueName":"search_term_string"}}],"inLanguage":"hu"},{"@type":"Organization","@id":"https:\/\/www.ab2pro.com\/hu\/#organization","name":"AB2PRO","url":"https:\/\/www.ab2pro.com\/hu\/","logo":{"@type":"ImageObject","inLanguage":"hu","@id":"https:\/\/www.ab2pro.com\/hu\/#\/schema\/logo\/image\/","url":"https:\/\/www.ab2pro.com\/wp-content\/uploads\/2020\/11\/logo-profil.png","contentUrl":"https:\/\/www.ab2pro.com\/wp-content\/uploads\/2020\/11\/logo-profil.png","width":230,"height":47,"caption":"AB2PRO"},"image":{"@id":"https:\/\/www.ab2pro.com\/hu\/#\/schema\/logo\/image\/"}}]}},"_links":{"self":[{"href":"https:\/\/www.ab2pro.com\/hu\/wp-json\/wp\/v2\/agence\/48677","targetHints":{"allow":["GET"]}}],"collection":[{"href":"https:\/\/www.ab2pro.com\/hu\/wp-json\/wp\/v2\/agence"}],"about":[{"href":"https:\/\/www.ab2pro.com\/hu\/wp-json\/wp\/v2\/types\/agence"}],"author":[{"embeddable":true,"href":"https:\/\/www.ab2pro.com\/hu\/wp-json\/wp\/v2\/users\/1"}],"version-history":[{"count":0,"href":"https:\/\/www.ab2pro.com\/hu\/wp-json\/wp\/v2\/agence\/48677\/revisions"}],"wp:attachment":[{"href":"https:\/\/www.ab2pro.com\/hu\/wp-json\/wp\/v2\/media?parent=48677"}],"curies":[{"name":"wp","href":"https:\/\/api.w.org\/{rel}","templated":true}]}}