
{"id":48931,"date":"2023-11-07T15:30:55","date_gmt":"2023-11-07T14:30:55","guid":{"rendered":"https:\/\/www.ab2pro.com\/?post_type=agence&#038;p=48931"},"modified":"2025-06-27T11:53:48","modified_gmt":"2025-06-27T09:53:48","slug":"toulouse-i-ab2pro-iroda","status":"publish","type":"agence","link":"https:\/\/www.ab2pro.com\/hu\/agences\/toulouse-i-ab2pro-iroda\/","title":{"rendered":"AB2PRO Toulouse"},"content":{"rendered":"<p data-pm-slice=\"0 0 []\"><strong>Mer\u00fclj el a szakmai kiv\u00e1l\u00f3s\u00e1g vil\u00e1g\u00e1ban toulouse-i irod\u00e1nkn\u00e1l !<\/strong> C\u00e9g\u00fcnk kiv\u00e9teles karrierlehet\u0151s\u00e9gekkel v\u00e1r r\u00e1d. Engedd, hogy <strong>csapatunk <\/strong>\u00faj t\u00e1vlatok el\u00e9 vezessen !<\/p>\n<p>Toulouse-i irod\u00e1nkban tal\u00e1lod <strong>Simon\u00e1t <\/strong>\u00e9s <strong>csapat\u00e1t<\/strong>, akik szak\u00e9rtelm\u00fckkel elk\u00f6telezetten k\u00eds\u00e9rnek v\u00e9gig \u00e9s t\u00e1mogatnak munkaviszonyod sor\u00e1n.<\/p>\n<p><strong>Munkat\u00e1rsaink <\/strong>tapasztalatainak \u00e9s a nemzetk\u00f6zi piac ismeret\u00e9nek k\u00f6sz\u00f6nhet\u0151en k\u00e9pesek megtal\u00e1lni klienseink sz\u00e1m\u00e1ra a legmegfelel\u0151bb jel\u00f6lteket \u00e9s egyfajta h\u00eddk\u00e9nt k\u00f6ti \u00f6ssze \u0151ket. <\/p>\n<p>A vibr\u00e1l\u00f3 Okcit\u00e1nia r\u00e9gi\u00f3ban fekv\u0151 <strong>Toulouse <\/strong>egy dinamikusan fejl\u0151d\u0151 v\u00e1ros, ahol tal\u00e1lkozik az innov\u00e1ci\u00f3 \u00e9s a hagyom\u00e1ny. Az els\u0151 oszt\u00e1ly\u00fa toborz\u00e1si \u00e9lm\u00e9ny mellett ki\u00e9lvezheted a naps\u00fct\u00f6tte, bar\u00e1ts\u00e1gos r\u00e9gi\u00f3nak var\u00e1zs\u00e1t is.<\/p>\n<p>Ne hagyd ki a lehet\u0151s\u00e9get, keresd fel toulouse-i irod\u00e1nkat! <strong>Tal\u00e1lkozz Simon\u00e1val \u00e9s csapat\u00e1val m\u00e9g ma <\/strong>egy vir\u00e1gz\u00f3 egy\u00fcttm\u0171k\u00f6d\u00e9s rem\u00e9ny\u00e9ben!<\/p>\n<p><strong>Vedd fel vel\u00fcnk a kapcsolatot<\/strong>, \u00e9s tal\u00e1lj n\u00e1lunk egy az ig\u00e9nyeidnek megfelel\u0151 \u00e1ll\u00e1slehet\u0151s\u00e9get !<\/p>","protected":false},"excerpt":{"rendered":"<p>Mer\u00fclj el a szakmai kiv\u00e1l\u00f3s\u00e1g vil\u00e1g\u00e1ban toulouse-i irod\u00e1nkn\u00e1l ! C\u00e9g\u00fcnk kiv\u00e9teles karrierlehet\u0151s\u00e9gekkel v\u00e1r r\u00e1d. Engedd, hogy csapatunk \u00faj t\u00e1vlatok el\u00e9 [&hellip;]<\/p>\n","protected":false},"author":1,"featured_media":72070,"template":"","meta":{"_acf_changed":false,"footnotes":""},"class_list":["post-48931","agence","type-agence","status-publish","has-post-thumbnail","hentry"],"acf":[],"yoast_head":"<!-- This site is optimized with the Yoast SEO plugin v26.8 - https:\/\/yoast.com\/product\/yoast-seo-wordpress\/ -->\n<title>AB2PRO Toulouse - AB2PRO<\/title>\n<meta name=\"robots\" content=\"index, follow, max-snippet:-1, max-image-preview:large, max-video-preview:-1\" \/>\n<link rel=\"canonical\" href=\"https:\/\/www.ab2pro.com\/hu\/agences\/toulouse-i-ab2pro-iroda\/\" \/>\n<meta property=\"og:locale\" content=\"hu_HU\" \/>\n<meta property=\"og:type\" content=\"article\" \/>\n<meta property=\"og:title\" content=\"AB2PRO Toulouse - AB2PRO\" \/>\n<meta property=\"og:description\" content=\"Mer\u00fclj el a szakmai kiv\u00e1l\u00f3s\u00e1g vil\u00e1g\u00e1ban toulouse-i irod\u00e1nkn\u00e1l ! C\u00e9g\u00fcnk kiv\u00e9teles karrierlehet\u0151s\u00e9gekkel v\u00e1r r\u00e1d. Engedd, hogy csapatunk \u00faj t\u00e1vlatok el\u00e9 [&hellip;]\" \/>\n<meta property=\"og:url\" content=\"https:\/\/www.ab2pro.com\/hu\/agences\/toulouse-i-ab2pro-iroda\/\" \/>\n<meta property=\"og:site_name\" content=\"AB2PRO\" \/>\n<meta property=\"article:modified_time\" content=\"2025-06-27T09:53:48+00:00\" \/>\n<meta property=\"og:image\" content=\"https:\/\/www.ab2pro.com\/wp-content\/uploads\/2020\/11\/toulouse-1024x681.png\" \/>\n\t<meta property=\"og:image:width\" content=\"1024\" \/>\n\t<meta property=\"og:image:height\" content=\"681\" \/>\n\t<meta property=\"og:image:type\" content=\"image\/png\" \/>\n<meta name=\"twitter:card\" content=\"summary_large_image\" \/>\n<script type=\"application\/ld+json\" class=\"yoast-schema-graph\">{\"@context\":\"https:\/\/schema.org\",\"@graph\":[{\"@type\":\"WebPage\",\"@id\":\"https:\/\/www.ab2pro.com\/hu\/agences\/toulouse-i-ab2pro-iroda\/\",\"url\":\"https:\/\/www.ab2pro.com\/hu\/agences\/toulouse-i-ab2pro-iroda\/\",\"name\":\"AB2PRO Toulouse - AB2PRO\",\"isPartOf\":{\"@id\":\"https:\/\/www.ab2pro.com\/hu\/#website\"},\"primaryImageOfPage\":{\"@id\":\"https:\/\/www.ab2pro.com\/hu\/agences\/toulouse-i-ab2pro-iroda\/#primaryimage\"},\"image\":{\"@id\":\"https:\/\/www.ab2pro.com\/hu\/agences\/toulouse-i-ab2pro-iroda\/#primaryimage\"},\"thumbnailUrl\":\"https:\/\/www.ab2pro.com\/wp-content\/uploads\/2020\/11\/toulouse.png\",\"datePublished\":\"2023-11-07T14:30:55+00:00\",\"dateModified\":\"2025-06-27T09:53:48+00:00\",\"breadcrumb\":{\"@id\":\"https:\/\/www.ab2pro.com\/hu\/agences\/toulouse-i-ab2pro-iroda\/#breadcrumb\"},\"inLanguage\":\"hu\",\"potentialAction\":[{\"@type\":\"ReadAction\",\"target\":[\"https:\/\/www.ab2pro.com\/hu\/agences\/toulouse-i-ab2pro-iroda\/\"]}]},{\"@type\":\"ImageObject\",\"inLanguage\":\"hu\",\"@id\":\"https:\/\/www.ab2pro.com\/hu\/agences\/toulouse-i-ab2pro-iroda\/#primaryimage\",\"url\":\"https:\/\/www.ab2pro.com\/wp-content\/uploads\/2020\/11\/toulouse.png\",\"contentUrl\":\"https:\/\/www.ab2pro.com\/wp-content\/uploads\/2020\/11\/toulouse.png\",\"width\":1920,\"height\":1277},{\"@type\":\"BreadcrumbList\",\"@id\":\"https:\/\/www.ab2pro.com\/hu\/agences\/toulouse-i-ab2pro-iroda\/#breadcrumb\",\"itemListElement\":[{\"@type\":\"ListItem\",\"position\":1,\"name\":\"Accueil\",\"item\":\"https:\/\/www.ab2pro.com\/hu\/\"},{\"@type\":\"ListItem\",\"position\":2,\"name\":\"Agences\",\"item\":\"https:\/\/www.ab2pro.com\/hu\/agences\/\"},{\"@type\":\"ListItem\",\"position\":3,\"name\":\"AB2PRO Toulouse\"}]},{\"@type\":\"WebSite\",\"@id\":\"https:\/\/www.ab2pro.com\/hu\/#website\",\"url\":\"https:\/\/www.ab2pro.com\/hu\/\",\"name\":\"AB2PRO\",\"description\":\"Agence d&#039;emploi sp\u00e9cialis\u00e9e dans le recrutement de travailleurs europ\u00e9ens\",\"publisher\":{\"@id\":\"https:\/\/www.ab2pro.com\/hu\/#organization\"},\"potentialAction\":[{\"@type\":\"SearchAction\",\"target\":{\"@type\":\"EntryPoint\",\"urlTemplate\":\"https:\/\/www.ab2pro.com\/hu\/?s={search_term_string}\"},\"query-input\":{\"@type\":\"PropertyValueSpecification\",\"valueRequired\":true,\"valueName\":\"search_term_string\"}}],\"inLanguage\":\"hu\"},{\"@type\":\"Organization\",\"@id\":\"https:\/\/www.ab2pro.com\/hu\/#organization\",\"name\":\"AB2PRO\",\"url\":\"https:\/\/www.ab2pro.com\/hu\/\",\"logo\":{\"@type\":\"ImageObject\",\"inLanguage\":\"hu\",\"@id\":\"https:\/\/www.ab2pro.com\/hu\/#\/schema\/logo\/image\/\",\"url\":\"https:\/\/www.ab2pro.com\/wp-content\/uploads\/2020\/11\/logo-profil.png\",\"contentUrl\":\"https:\/\/www.ab2pro.com\/wp-content\/uploads\/2020\/11\/logo-profil.png\",\"width\":230,\"height\":47,\"caption\":\"AB2PRO\"},\"image\":{\"@id\":\"https:\/\/www.ab2pro.com\/hu\/#\/schema\/logo\/image\/\"}}]}<\/script>\n<!-- \/ Yoast SEO plugin. -->","yoast_head_json":{"title":"AB2PRO Toulouse - AB2PRO","robots":{"index":"index","follow":"follow","max-snippet":"max-snippet:-1","max-image-preview":"max-image-preview:large","max-video-preview":"max-video-preview:-1"},"canonical":"https:\/\/www.ab2pro.com\/hu\/agences\/toulouse-i-ab2pro-iroda\/","og_locale":"hu_HU","og_type":"article","og_title":"AB2PRO Toulouse - AB2PRO","og_description":"Mer\u00fclj el a szakmai kiv\u00e1l\u00f3s\u00e1g vil\u00e1g\u00e1ban toulouse-i irod\u00e1nkn\u00e1l ! C\u00e9g\u00fcnk kiv\u00e9teles karrierlehet\u0151s\u00e9gekkel v\u00e1r r\u00e1d. Engedd, hogy csapatunk \u00faj t\u00e1vlatok el\u00e9 [&hellip;]","og_url":"https:\/\/www.ab2pro.com\/hu\/agences\/toulouse-i-ab2pro-iroda\/","og_site_name":"AB2PRO","article_modified_time":"2025-06-27T09:53:48+00:00","og_image":[{"width":1024,"height":681,"url":"https:\/\/www.ab2pro.com\/wp-content\/uploads\/2020\/11\/toulouse-1024x681.png","type":"image\/png"}],"twitter_card":"summary_large_image","schema":{"@context":"https:\/\/schema.org","@graph":[{"@type":"WebPage","@id":"https:\/\/www.ab2pro.com\/hu\/agences\/toulouse-i-ab2pro-iroda\/","url":"https:\/\/www.ab2pro.com\/hu\/agences\/toulouse-i-ab2pro-iroda\/","name":"AB2PRO Toulouse - AB2PRO","isPartOf":{"@id":"https:\/\/www.ab2pro.com\/hu\/#website"},"primaryImageOfPage":{"@id":"https:\/\/www.ab2pro.com\/hu\/agences\/toulouse-i-ab2pro-iroda\/#primaryimage"},"image":{"@id":"https:\/\/www.ab2pro.com\/hu\/agences\/toulouse-i-ab2pro-iroda\/#primaryimage"},"thumbnailUrl":"https:\/\/www.ab2pro.com\/wp-content\/uploads\/2020\/11\/toulouse.png","datePublished":"2023-11-07T14:30:55+00:00","dateModified":"2025-06-27T09:53:48+00:00","breadcrumb":{"@id":"https:\/\/www.ab2pro.com\/hu\/agences\/toulouse-i-ab2pro-iroda\/#breadcrumb"},"inLanguage":"hu","potentialAction":[{"@type":"ReadAction","target":["https:\/\/www.ab2pro.com\/hu\/agences\/toulouse-i-ab2pro-iroda\/"]}]},{"@type":"ImageObject","inLanguage":"hu","@id":"https:\/\/www.ab2pro.com\/hu\/agences\/toulouse-i-ab2pro-iroda\/#primaryimage","url":"https:\/\/www.ab2pro.com\/wp-content\/uploads\/2020\/11\/toulouse.png","contentUrl":"https:\/\/www.ab2pro.com\/wp-content\/uploads\/2020\/11\/toulouse.png","width":1920,"height":1277},{"@type":"BreadcrumbList","@id":"https:\/\/www.ab2pro.com\/hu\/agences\/toulouse-i-ab2pro-iroda\/#breadcrumb","itemListElement":[{"@type":"ListItem","position":1,"name":"Accueil","item":"https:\/\/www.ab2pro.com\/hu\/"},{"@type":"ListItem","position":2,"name":"Agences","item":"https:\/\/www.ab2pro.com\/hu\/agences\/"},{"@type":"ListItem","position":3,"name":"AB2PRO Toulouse"}]},{"@type":"WebSite","@id":"https:\/\/www.ab2pro.com\/hu\/#website","url":"https:\/\/www.ab2pro.com\/hu\/","name":"AB2PRO","description":"Agence d&#039;emploi sp\u00e9cialis\u00e9e dans le recrutement de travailleurs europ\u00e9ens","publisher":{"@id":"https:\/\/www.ab2pro.com\/hu\/#organization"},"potentialAction":[{"@type":"SearchAction","target":{"@type":"EntryPoint","urlTemplate":"https:\/\/www.ab2pro.com\/hu\/?s={search_term_string}"},"query-input":{"@type":"PropertyValueSpecification","valueRequired":true,"valueName":"search_term_string"}}],"inLanguage":"hu"},{"@type":"Organization","@id":"https:\/\/www.ab2pro.com\/hu\/#organization","name":"AB2PRO","url":"https:\/\/www.ab2pro.com\/hu\/","logo":{"@type":"ImageObject","inLanguage":"hu","@id":"https:\/\/www.ab2pro.com\/hu\/#\/schema\/logo\/image\/","url":"https:\/\/www.ab2pro.com\/wp-content\/uploads\/2020\/11\/logo-profil.png","contentUrl":"https:\/\/www.ab2pro.com\/wp-content\/uploads\/2020\/11\/logo-profil.png","width":230,"height":47,"caption":"AB2PRO"},"image":{"@id":"https:\/\/www.ab2pro.com\/hu\/#\/schema\/logo\/image\/"}}]}},"_links":{"self":[{"href":"https:\/\/www.ab2pro.com\/hu\/wp-json\/wp\/v2\/agence\/48931","targetHints":{"allow":["GET"]}}],"collection":[{"href":"https:\/\/www.ab2pro.com\/hu\/wp-json\/wp\/v2\/agence"}],"about":[{"href":"https:\/\/www.ab2pro.com\/hu\/wp-json\/wp\/v2\/types\/agence"}],"author":[{"embeddable":true,"href":"https:\/\/www.ab2pro.com\/hu\/wp-json\/wp\/v2\/users\/1"}],"version-history":[{"count":0,"href":"https:\/\/www.ab2pro.com\/hu\/wp-json\/wp\/v2\/agence\/48931\/revisions"}],"wp:featuredmedia":[{"embeddable":true,"href":"https:\/\/www.ab2pro.com\/hu\/wp-json\/wp\/v2\/media\/72070"}],"wp:attachment":[{"href":"https:\/\/www.ab2pro.com\/hu\/wp-json\/wp\/v2\/media?parent=48931"}],"curies":[{"name":"wp","href":"https:\/\/api.w.org\/{rel}","templated":true}]}}