
{"id":46843,"date":"2023-09-15T17:27:33","date_gmt":"2023-09-15T15:27:33","guid":{"rendered":"https:\/\/www.ab2pro.com\/?page_id=46843"},"modified":"2024-03-22T14:24:39","modified_gmt":"2024-03-22T13:24:39","slug":"2023-as-ajanlom-a-baratom-versenyszabalyzat","status":"publish","type":"page","link":"https:\/\/www.ab2pro.com\/hu\/2023-as-ajanlom-a-baratom-versenyszabalyzat\/","title":{"rendered":"Aj\u00e1nlom a bar\u00e1tom 2024 j\u00e1t\u00e9kszab\u00e1lyzata"},"content":{"rendered":"<p>[vc_row el_class=&#8221;docs&#8221;][vc_column][vc_column_text]<\/p>\n<h2>Aj\u00e1nlom a bar\u00e1tom 2024 j\u00e1t\u00e9kszab\u00e1lyzata<\/h2>\n<p>[\/vc_column_text][vc_column_text]<\/p>\n<h3><strong>1. pont: R\u00e9sztvev\u0151k<\/strong><\/h3>\n<p>A PALMA FRANCE, egy 1.000.000,00 \u20ac t\u0151k\u00e9j\u0171 t\u00e1rsas\u00e1g, a tov\u00e1bbiakban &#8222;a szervez\u0151 t\u00e1rsas\u00e1g&#8221;, amelynek sz\u00e9khelye a 4 rue des douelles &#8211; BOUAYE alatt tal\u00e1lhat\u00f3, 508 436 110 R.C.S. Nantes sz\u00e1mon bejegyezve, ingyenes j\u00e1t\u00e9kot szervez v\u00e1s\u00e1rl\u00e1si k\u00f6telezetts\u00e9g n\u00e9lk\u00fcl, 2023.08.28-t\u00f3l 2024.02.12, 23:59-ig.<\/p>\n<p>Ezen az ingyenes, k\u00f6telezetts\u00e9g n\u00e9lk\u00fcli j\u00e1t\u00e9kon kiz\u00e1r\u00f3lag a nyerem\u00e9nyj\u00e1t\u00e9k idej\u00e9n alkalmaz\u00e1sban \u00e1ll\u00f3 munkav\u00e1llal\u00f3k vehetnek r\u00e9szt. A nyerem\u00e9nyj\u00e1t\u00e9kban nem vehetnek r\u00e9szt azok a szem\u00e9lyek, akik nem felelnek meg a fenti felt\u00e9teleknek, valamint az \u00e1ltal\u00e1nos vezet\u0151s\u00e9g, a k\u00f6zponti iroda, a szem\u00e9lyzeti oszt\u00e1ly, az irod\u00e1k munkat\u00e1rsai \u00e9s a j\u00e1t\u00e9k tervez\u00e9s\u00e9ben, el\u0151\u00e1ll\u00edt\u00e1s\u00e1ban vagy ir\u00e1ny\u00edt\u00e1s\u00e1ban k\u00f6zvetlen\u00fcl vagy k\u00f6zvetve r\u00e9szt vev\u0151 b\u00e1rmely szem\u00e9lyek, tov\u00e1bb\u00e1 h\u00e1zast\u00e1rsuk \u00e9s csal\u00e1dtagjaik: k\u00f6zvetlen felmen\u0151ik \u00e9s lesz\u00e1rmazottaik vagy m\u00e1s rokonaik, ak\u00e1r egy h\u00e1ztart\u00e1sban \u00e9lnek, ak\u00e1r nem. &#8222;A szervez\u0151 c\u00e9g&#8221; fenntartja a jogot, hogy b\u00e1rmely r\u00e9sztvev\u0151t\u0151l a fenti felt\u00e9telek igazol\u00e1s\u00e1t k\u00e9rje. Az a szem\u00e9ly, aki nem felel meg ezeknek a felt\u00e9teleknek, vagy nem hajland\u00f3 azokat igazolni, kiz\u00e1r\u00e1sra ker\u00fcl a j\u00e1t\u00e9kb\u00f3l, \u00e9s amennyiben nyer, nem jogosult a nyerem\u00e9ny\u00e9re. Szem\u00e9lyenk\u00e9nt csak egy nevez\u00e9s enged\u00e9lyezett. &#8222;A szervez\u0151 c\u00e9g&#8221; fenntartja mag\u00e1nak a jogot, hogy b\u00e1rmilyen ellen\u0151rz\u00e9st elv\u00e9gezzen a szab\u00e1lyok betart\u00e1s\u00e1nak biztos\u00edt\u00e1sa \u00e9rdek\u00e9ben.<br \/>\nA j\u00e1t\u00e9kban val\u00f3 r\u00e9szv\u00e9tel ezen szab\u00e1lyok teljes k\u00f6r\u0171 elfogad\u00e1s\u00e1t jelenti.[\/vc_column_text][vc_column_text]<\/p>\n<h3>2. pont : R\u00e9szv\u00e9teli felt\u00e9telek<\/h3>\n<p>A nyerem\u00e9nyj\u00e1t\u00e9k 2024 december 31-ig tart, \u00e9s figyelembe vesz minden olyan aj\u00e1nlott munkav\u00e1llal\u00f3t 2023.augusztus 28-t\u00f3l, aki ett\u0151l a d\u00e1tumt\u00f3l kezdve legal\u00e1bb egy 100 ledolgozott \u00f3r\u00e1s megb\u00edz\u00e1st teljes\u00edtett. A 2025. janu\u00e1r 1-t\u0151l be\u00e9rkez\u0151 aj\u00e1nl\u00e1sokat nem vessz\u00fck figyelembe a nyerem\u00e9nyj\u00e1t\u00e9k szempontj\u00e1b\u00f3l.<\/p>\n<p>A j\u00e1t\u00e9k minden olyan r\u00e9sztvev\u0151je, aki legal\u00e1bb 1 olyan szem\u00e9lyt aj\u00e1nl, aki minimum 100 munka\u00f3r\u00e1t teljes\u00edt, egy 4 az 1-ben kab\u00e1tot kap.<\/p>\n<p>A nyerem\u00e9nyek oda\u00edt\u00e9l\u00e9se a k\u00f6vetkez\u0151 szab\u00e1lyok szerint t\u00f6rt\u00e9nik :<\/p>\n<ul>\n<li>Megadta a helyes telefon- \u00e9s e-mail adatokat a &#8222;Szervez\u0151 c\u00e9g&#8221; honlapj\u00e1n erre a c\u00e9lra szolg\u00e1l\u00f3 \u0171rlapon.<\/li>\n<li>Az aj\u00e1nlott szem\u00e9ly az aj\u00e1nl\u00e1s id\u0151pontj\u00e1t k\u00f6vet\u0151en legal\u00e1bb egy, minimum 100 munka\u00f3r\u00e1s megb\u00edz\u00e1st teljes\u00edtett a &#8222;szervez\u0151 c\u00e9gn\u00e9l&#8221;.<\/li>\n<\/ul>\n<p>Minden a szab\u00e1lyzatnak nem megfelel\u0151 r\u00e9szv\u00e9tel<br \/>\n\u00e9rv\u00e9nytelen lesz. B\u00e1rmely csal\u00e1ssal gyan\u00fas\u00edtott r\u00e9sztvev\u0151t<br \/>\na &#8222;szervez\u0151 c\u00e9g&#8221; kiz\u00e1rhatja a j\u00e1t\u00e9kb\u00f3l an\u00e9lk\u00fcl, hogy igazolnia kellene mag\u00e1t. Minden olyan azonos\u00edt\u00e1st vagy r\u00e9szv\u00e9telt, amely sz\u00e1nd\u00e9kosan vagy nem sz\u00e1nd\u00e9kosan nem teljes, hib\u00e1s vagy olvashatatlan, vagy amelyet az e szab\u00e1lyzatban el\u0151\u00edrtakt\u00f3l elt\u00e9r\u0151 form\u00e1ban tettek, \u00e9rv\u00e9nytelennek tekinti a &#8222;szervez\u0151 c\u00e9g&#8221; T\u00f6bbsz\u00f6ri r\u00e9szv\u00e9tel eset\u00e9n ugyanez a szankci\u00f3 alkalmazand\u00f3.[\/vc_column_text][vc_column_text]<\/p>\n<h3>3. : Nyerem\u00e9nyek<\/h3>\n<p>A nyerem\u00e9nyek a k\u00f6vetkez\u0151k :<\/p>\n<ul>\n<li>4 az 1-ben kab\u00e1t minden olyan r\u00e9sztvev\u0151nek, aki legal\u00e1bb 1 olyan embert aj\u00e1nl, aki az aj\u00e1nl\u00e1st k\u00f6vet\u0151en minimum 100 \u00f3r\u00e1t ledolgozott.<\/li>\n<\/ul>\n<p>A nyerem\u00e9nyek \u00e9rt\u00e9ke a jelen szab\u00e1lyzat elk\u00e9sz\u00edt\u00e9sekor ker\u00fcl meghat\u00e1roz\u00e1sra, \u00e9s nem vitathat\u00f3. A j\u00e1t\u00e9k ut\u00e1n felmer\u00fcl\u0151 valamennyi k\u00f6lts\u00e9gek, a nyerem\u00e9nyek fenntart\u00e1s\u00e1val \u00e9s haszn\u00e1lat\u00e1val kapcsolatos k\u00f6lts\u00e9gek teljes eg\u00e9sz\u00e9ben a nyerteseket terhelik.[\/vc_column_text][vc_column_text]<\/p>\n<h3><strong>4.: A nyertesek kijel\u00f6l\u00e9se<\/strong><\/h3>\n<p>A nyerem\u00e9nyj\u00e1t\u00e9k 2024. december 31-\u00e9n \u00e9r v\u00e9get, az ezut\u00e1n \u00e9rkez\u0151 aj\u00e1nl\u00e1sokat nem veszi figyelembe.[\/vc_column_text][vc_column_text]<\/p>\n<h3>5.: A nyertesek kihirdet\u00e9se<\/h3>\n<p>Miut\u00e1n jogosult lesz a nyerem\u00e9nyre, kapcsolattart\u00f3juk fogja \u00d6nt felkeresni.[\/vc_column_text][vc_column_text]<\/p>\n<h3>6.: A nyerem\u00e9ny \u00e1tad\u00e1sa<\/h3>\n<p>A nyerem\u00e9nyeket a kapcsolattart\u00f3k juttatj\u00e1k el, vagy irod\u00e1inkban is \u00e1tvehetik (amelyik irod\u00e1hoz a munkav\u00e1llal\u00f3 tartozik) .<br \/>\nA nyerem\u00e9ny \u00e1tv\u00e9tel\u00e9re 2025. janu\u00e1r 1-ig van lehet\u0151s\u00e9g.<br \/>\nA nyertesek v\u00e1llalj\u00e1k, hogy a nyerem\u00e9nyeket a felaj\u00e1nlott form\u00e1ban fogadj\u00e1k el, k\u00e9szp\u00e9nzre, m\u00e1s \u00e1rura vagy szolg\u00e1ltat\u00e1sra val\u00f3 cser\u00e9re nincs lehet\u0151s\u00e9g,<br \/>\nvalamint az nem ruh\u00e1zhat\u00f3 \u00e1t harmadik f\u00e9lre.<br \/>\nA nyerem\u00e9nyekre nem lehet k\u00e1rt\u00e9r\u00edt\u00e9si ig\u00e9nyt \u00e9rv\u00e9nyes\u00edteni.<br \/>\nA &#8222;szervez\u0151 c\u00e9g&#8221; fenntartja a jogot, hogy a rajta k\u00edv\u00fcl \u00e1ll\u00f3, k\u00fcl\u00f6n\u00f6sen a besz\u00e1ll\u00edt\u00f3ihoz vagy el\u0151re nem l\u00e1that\u00f3 k\u00f6r\u00fclm\u00e9nyekhez kapcsol\u00f3d\u00f3 esem\u00e9ny eset\u00e9n a meghirdetett nyerem\u00e9nyt azonos \u00e9rt\u00e9k\u0171 nyerem\u00e9nnyel helyettes\u00edtse. A nyerteseket \u00e9rtes\u00edtj\u00fck az esetleges v\u00e1ltoz\u00e1sokr\u00f3l.[\/vc_column_text][vc_column_text]<\/p>\n<h3>7.: A r\u00e9sztvev\u0151k szem\u00e9lyes adatainak felhaszn\u00e1l\u00e1sa<\/h3>\n<p>A r\u00e9sztvev\u0151kre vonatkoz\u00f3 inform\u00e1ci\u00f3kat \u00e9s a jel\u00f6ltek \u00e1ltal megadott el\u00e9rhet\u0151s\u00e9geket<br \/>\na &#8222;Szervez\u0151 c\u00e9g&#8221; r\u00f6gz\u00edti \u00e9s felhaszn\u00e1lja a versenyben val\u00f3 r\u00e9szv\u00e9tel\u00fck nyilv\u00e1ntart\u00e1s\u00e1ra, a nyerem\u00e9nyek oda\u00edt\u00e9l\u00e9s\u00e9nek lehet\u0151v\u00e9 t\u00e9tel\u00e9re \u00e9s a &#8222;Szervez\u0151 c\u00e9gn\u00e9l&#8221; t\u00f6rt\u00e9n\u0151 foglalkoztat\u00e1sra jelentkez\u0151kkel val\u00f3 kapcsolatfelv\u00e9telre.<br \/>\nA j\u00e1t\u00e9kon r\u00e9sztvev\u0151knek biztos\u00edtaniuk kell minket arr\u00f3l, hogy felhatalmaz\u00e1st kaptak arra, hogy a potencion\u00e1lis p\u00e1ly\u00e1z\u00f3k el\u00e9rhet\u0151s\u00e9geit tov\u00e1bb\u00edts\u00e1k a &#8222;Szervez\u0151 c\u00e9g&#8221; r\u00e9sz\u00e9re.<br \/>\nA r\u00e9sztvev\u0151k \u00e1ltal megadott adatok \u00e9s a potenci\u00e1lis jel\u00f6ltek el\u00e9rhet\u0151s\u00e9gei nem haszn\u00e1lhat\u00f3k fel kereskedelmi-, rekl\u00e1m- vagy<br \/>\nPR c\u00e9lokra. A francia adatv\u00e9delmi t\u00f6rv\u00e9ny (Loi informatique et Libert\u00e9s) leg\u00fajabb v\u00e1ltozat\u00e1nak, valamint az Eur\u00f3pai Parlament \u00e9s a Tan\u00e1cs 2016\/679 sz\u00e1m\u00fa, a szem\u00e9lyes adatok feldolgoz\u00e1sa vonatkoz\u00e1s\u00e1ban az egy\u00e9nek v\u00e9delm\u00e9r\u0151l \u00e9s az ilyen adatok szabad \u00e1raml\u00e1s\u00e1r\u00f3l sz\u00f3l\u00f3, 2016. \u00e1prilis 27-i rendelet\u00e9nek (RGPD) megfelel\u0151en, a r\u00e9sztvev\u0151k gyakorolhatj\u00e1k az adatokhoz val\u00f3 hozz\u00e1f\u00e9r\u00e9shez, az adatok helyesb\u00edt\u00e9s\u00e9hez, t\u00f6rl\u00e9s\u00e9hez, az adatkezel\u00e9s korl\u00e1toz\u00e1s\u00e1hoz, az adathordozhat\u00f3s\u00e1ghoz, a tiltakoz\u00e1shoz \u00e9s a hozz\u00e1j\u00e1rul\u00e1s visszavon\u00e1s\u00e1hoz val\u00f3 jogukat az 1. pontban megadott c\u00edmen a &#8222;Szervez\u0151 c\u00e9g&#8221; sz\u00e1m\u00e1ra k\u00fcld\u00f6tt lev\u00e9lben.[\/vc_column_text][\/vc_column][\/vc_row]<\/p>\n","protected":false},"excerpt":{"rendered":"<p>[vc_row el_class=&#8221;docs&#8221;][vc_column][vc_column_text] Aj\u00e1nlom a bar\u00e1tom 2024 j\u00e1t\u00e9kszab\u00e1lyzata [\/vc_column_text][vc_column_text] 1. pont: R\u00e9sztvev\u0151k A PALMA FRANCE, egy 1.000.000,00 \u20ac t\u0151k\u00e9j\u0171 t\u00e1rsas\u00e1g, a [&hellip;]<\/p>\n","protected":false},"author":9,"featured_media":0,"parent":0,"menu_order":0,"comment_status":"closed","ping_status":"closed","template":"","meta":{"_acf_changed":false,"footnotes":""},"class_list":["post-46843","page","type-page","status-publish","hentry"],"acf":[],"yoast_head":"<!-- This site is optimized with the Yoast SEO plugin v26.8 - https:\/\/yoast.com\/product\/yoast-seo-wordpress\/ -->\n<title>Aj\u00e1nlom a bar\u00e1tom 2024 j\u00e1t\u00e9kszab\u00e1lyzata - AB2PRO<\/title>\n<meta name=\"description\" content=\"Aj\u00e1nlom a bar\u00e1tom 2024 j\u00e1t\u00e9kszab\u00e1lyzata - AB2PRO\" \/>\n<meta name=\"robots\" content=\"index, follow, max-snippet:-1, max-image-preview:large, max-video-preview:-1\" \/>\n<link rel=\"canonical\" href=\"https:\/\/www.ab2pro.com\/hu\/2023-as-ajanlom-a-baratom-versenyszabalyzat\/\" \/>\n<meta property=\"og:locale\" content=\"hu_HU\" \/>\n<meta property=\"og:type\" content=\"article\" \/>\n<meta property=\"og:title\" content=\"Aj\u00e1nlom a bar\u00e1tom 2024 j\u00e1t\u00e9kszab\u00e1lyzata - AB2PRO\" \/>\n<meta property=\"og:description\" content=\"Aj\u00e1nlom a bar\u00e1tom 2024 j\u00e1t\u00e9kszab\u00e1lyzata - AB2PRO\" \/>\n<meta property=\"og:url\" content=\"https:\/\/www.ab2pro.com\/hu\/2023-as-ajanlom-a-baratom-versenyszabalyzat\/\" \/>\n<meta property=\"og:site_name\" content=\"AB2PRO\" \/>\n<meta property=\"article:modified_time\" content=\"2024-03-22T13:24:39+00:00\" \/>\n<meta property=\"og:image\" content=\"https:\/\/www.ab2pro.com\/wp-content\/uploads\/2020\/11\/fond-home.jpg\" \/>\n\t<meta property=\"og:image:width\" content=\"1920\" \/>\n\t<meta property=\"og:image:height\" content=\"600\" \/>\n\t<meta property=\"og:image:type\" content=\"image\/jpeg\" \/>\n<meta name=\"twitter:card\" content=\"summary_large_image\" \/>\n<meta name=\"twitter:label1\" content=\"Becs\u00fclt olvas\u00e1si id\u0151\" \/>\n\t<meta name=\"twitter:data1\" content=\"5 perc\" \/>\n<script type=\"application\/ld+json\" class=\"yoast-schema-graph\">{\"@context\":\"https:\/\/schema.org\",\"@graph\":[{\"@type\":\"WebPage\",\"@id\":\"https:\/\/www.ab2pro.com\/hu\/2023-as-ajanlom-a-baratom-versenyszabalyzat\/\",\"url\":\"https:\/\/www.ab2pro.com\/hu\/2023-as-ajanlom-a-baratom-versenyszabalyzat\/\",\"name\":\"Aj\u00e1nlom a bar\u00e1tom 2024 j\u00e1t\u00e9kszab\u00e1lyzata - AB2PRO\",\"isPartOf\":{\"@id\":\"https:\/\/www.ab2pro.com\/hu\/#website\"},\"datePublished\":\"2023-09-15T15:27:33+00:00\",\"dateModified\":\"2024-03-22T13:24:39+00:00\",\"description\":\"Aj\u00e1nlom a bar\u00e1tom 2024 j\u00e1t\u00e9kszab\u00e1lyzata - AB2PRO\",\"breadcrumb\":{\"@id\":\"https:\/\/www.ab2pro.com\/hu\/2023-as-ajanlom-a-baratom-versenyszabalyzat\/#breadcrumb\"},\"inLanguage\":\"hu\",\"potentialAction\":[{\"@type\":\"ReadAction\",\"target\":[\"https:\/\/www.ab2pro.com\/hu\/2023-as-ajanlom-a-baratom-versenyszabalyzat\/\"]}]},{\"@type\":\"BreadcrumbList\",\"@id\":\"https:\/\/www.ab2pro.com\/hu\/2023-as-ajanlom-a-baratom-versenyszabalyzat\/#breadcrumb\",\"itemListElement\":[{\"@type\":\"ListItem\",\"position\":1,\"name\":\"Accueil\",\"item\":\"https:\/\/www.ab2pro.com\/hu\/\"},{\"@type\":\"ListItem\",\"position\":2,\"name\":\"Aj\u00e1nlom a bar\u00e1tom 2024 j\u00e1t\u00e9kszab\u00e1lyzata\"}]},{\"@type\":\"WebSite\",\"@id\":\"https:\/\/www.ab2pro.com\/hu\/#website\",\"url\":\"https:\/\/www.ab2pro.com\/hu\/\",\"name\":\"AB2PRO\",\"description\":\"Agence d&#039;emploi sp\u00e9cialis\u00e9e dans le recrutement de travailleurs europ\u00e9ens\",\"publisher\":{\"@id\":\"https:\/\/www.ab2pro.com\/hu\/#organization\"},\"potentialAction\":[{\"@type\":\"SearchAction\",\"target\":{\"@type\":\"EntryPoint\",\"urlTemplate\":\"https:\/\/www.ab2pro.com\/hu\/?s={search_term_string}\"},\"query-input\":{\"@type\":\"PropertyValueSpecification\",\"valueRequired\":true,\"valueName\":\"search_term_string\"}}],\"inLanguage\":\"hu\"},{\"@type\":\"Organization\",\"@id\":\"https:\/\/www.ab2pro.com\/hu\/#organization\",\"name\":\"AB2PRO\",\"url\":\"https:\/\/www.ab2pro.com\/hu\/\",\"logo\":{\"@type\":\"ImageObject\",\"inLanguage\":\"hu\",\"@id\":\"https:\/\/www.ab2pro.com\/hu\/#\/schema\/logo\/image\/\",\"url\":\"https:\/\/www.ab2pro.com\/wp-content\/uploads\/2020\/11\/logo-profil.png\",\"contentUrl\":\"https:\/\/www.ab2pro.com\/wp-content\/uploads\/2020\/11\/logo-profil.png\",\"width\":230,\"height\":47,\"caption\":\"AB2PRO\"},\"image\":{\"@id\":\"https:\/\/www.ab2pro.com\/hu\/#\/schema\/logo\/image\/\"}}]}<\/script>\n<!-- \/ Yoast SEO plugin. -->","yoast_head_json":{"title":"Aj\u00e1nlom a bar\u00e1tom 2024 j\u00e1t\u00e9kszab\u00e1lyzata - AB2PRO","description":"Aj\u00e1nlom a bar\u00e1tom 2024 j\u00e1t\u00e9kszab\u00e1lyzata - AB2PRO","robots":{"index":"index","follow":"follow","max-snippet":"max-snippet:-1","max-image-preview":"max-image-preview:large","max-video-preview":"max-video-preview:-1"},"canonical":"https:\/\/www.ab2pro.com\/hu\/2023-as-ajanlom-a-baratom-versenyszabalyzat\/","og_locale":"hu_HU","og_type":"article","og_title":"Aj\u00e1nlom a bar\u00e1tom 2024 j\u00e1t\u00e9kszab\u00e1lyzata - AB2PRO","og_description":"Aj\u00e1nlom a bar\u00e1tom 2024 j\u00e1t\u00e9kszab\u00e1lyzata - AB2PRO","og_url":"https:\/\/www.ab2pro.com\/hu\/2023-as-ajanlom-a-baratom-versenyszabalyzat\/","og_site_name":"AB2PRO","article_modified_time":"2024-03-22T13:24:39+00:00","og_image":[{"width":1920,"height":600,"url":"https:\/\/www.ab2pro.com\/wp-content\/uploads\/2020\/11\/fond-home.jpg","type":"image\/jpeg"}],"twitter_card":"summary_large_image","twitter_misc":{"Becs\u00fclt olvas\u00e1si id\u0151":"5 perc"},"schema":{"@context":"https:\/\/schema.org","@graph":[{"@type":"WebPage","@id":"https:\/\/www.ab2pro.com\/hu\/2023-as-ajanlom-a-baratom-versenyszabalyzat\/","url":"https:\/\/www.ab2pro.com\/hu\/2023-as-ajanlom-a-baratom-versenyszabalyzat\/","name":"Aj\u00e1nlom a bar\u00e1tom 2024 j\u00e1t\u00e9kszab\u00e1lyzata - AB2PRO","isPartOf":{"@id":"https:\/\/www.ab2pro.com\/hu\/#website"},"datePublished":"2023-09-15T15:27:33+00:00","dateModified":"2024-03-22T13:24:39+00:00","description":"Aj\u00e1nlom a bar\u00e1tom 2024 j\u00e1t\u00e9kszab\u00e1lyzata - AB2PRO","breadcrumb":{"@id":"https:\/\/www.ab2pro.com\/hu\/2023-as-ajanlom-a-baratom-versenyszabalyzat\/#breadcrumb"},"inLanguage":"hu","potentialAction":[{"@type":"ReadAction","target":["https:\/\/www.ab2pro.com\/hu\/2023-as-ajanlom-a-baratom-versenyszabalyzat\/"]}]},{"@type":"BreadcrumbList","@id":"https:\/\/www.ab2pro.com\/hu\/2023-as-ajanlom-a-baratom-versenyszabalyzat\/#breadcrumb","itemListElement":[{"@type":"ListItem","position":1,"name":"Accueil","item":"https:\/\/www.ab2pro.com\/hu\/"},{"@type":"ListItem","position":2,"name":"Aj\u00e1nlom a bar\u00e1tom 2024 j\u00e1t\u00e9kszab\u00e1lyzata"}]},{"@type":"WebSite","@id":"https:\/\/www.ab2pro.com\/hu\/#website","url":"https:\/\/www.ab2pro.com\/hu\/","name":"AB2PRO","description":"Agence d&#039;emploi sp\u00e9cialis\u00e9e dans le recrutement de travailleurs europ\u00e9ens","publisher":{"@id":"https:\/\/www.ab2pro.com\/hu\/#organization"},"potentialAction":[{"@type":"SearchAction","target":{"@type":"EntryPoint","urlTemplate":"https:\/\/www.ab2pro.com\/hu\/?s={search_term_string}"},"query-input":{"@type":"PropertyValueSpecification","valueRequired":true,"valueName":"search_term_string"}}],"inLanguage":"hu"},{"@type":"Organization","@id":"https:\/\/www.ab2pro.com\/hu\/#organization","name":"AB2PRO","url":"https:\/\/www.ab2pro.com\/hu\/","logo":{"@type":"ImageObject","inLanguage":"hu","@id":"https:\/\/www.ab2pro.com\/hu\/#\/schema\/logo\/image\/","url":"https:\/\/www.ab2pro.com\/wp-content\/uploads\/2020\/11\/logo-profil.png","contentUrl":"https:\/\/www.ab2pro.com\/wp-content\/uploads\/2020\/11\/logo-profil.png","width":230,"height":47,"caption":"AB2PRO"},"image":{"@id":"https:\/\/www.ab2pro.com\/hu\/#\/schema\/logo\/image\/"}}]}},"_links":{"self":[{"href":"https:\/\/www.ab2pro.com\/hu\/wp-json\/wp\/v2\/pages\/46843","targetHints":{"allow":["GET"]}}],"collection":[{"href":"https:\/\/www.ab2pro.com\/hu\/wp-json\/wp\/v2\/pages"}],"about":[{"href":"https:\/\/www.ab2pro.com\/hu\/wp-json\/wp\/v2\/types\/page"}],"author":[{"embeddable":true,"href":"https:\/\/www.ab2pro.com\/hu\/wp-json\/wp\/v2\/users\/9"}],"replies":[{"embeddable":true,"href":"https:\/\/www.ab2pro.com\/hu\/wp-json\/wp\/v2\/comments?post=46843"}],"version-history":[{"count":0,"href":"https:\/\/www.ab2pro.com\/hu\/wp-json\/wp\/v2\/pages\/46843\/revisions"}],"wp:attachment":[{"href":"https:\/\/www.ab2pro.com\/hu\/wp-json\/wp\/v2\/media?parent=46843"}],"curies":[{"name":"wp","href":"https:\/\/api.w.org\/{rel}","templated":true}]}}