
{"id":6417,"date":"2021-02-17T04:04:28","date_gmt":"2021-02-17T03:04:28","guid":{"rendered":"https:\/\/www.ab2pro.com\/jogi-nyilatkozat\/"},"modified":"2021-06-22T14:16:45","modified_gmt":"2021-06-22T12:16:45","slug":"jogi-nyilatkozat","status":"publish","type":"page","link":"https:\/\/www.ab2pro.com\/hu\/jogi-nyilatkozat\/","title":{"rendered":"Jogi nyilatkozatok"},"content":{"rendered":"<p>[vc_row el_id=&#8221;bandeau-page&#8221; css=&#8221;.vc_custom_1607699497001{background-image: url(https:\/\/www.ab2pro.com\/wp-content\/uploads\/2020\/12\/Qui-sommes-nous-bandeau-titre.jpg?id=4654) !important;}&#8221;][vc_column][vc_column_text]<\/p>\n<h1>Jogi nyilatkozat<\/h1>\n<p>[\/vc_column_text][\/vc_column][\/vc_row][vc_row el_id=&#8221;mentions-legales&#8221;][vc_column][vc_column_text]<\/p>\n<h2>1. Az oldal bemutat\u00e1sa<\/h2>\n<p>A digit\u00e1lis gazdas\u00e1gba vetett bizalomr\u00f3l sz\u00f3l\u00f3, 2004. j\u00fanius 21-i 2004-575 t\u00f6rv\u00e9ny 6. cikkeje \u00e9rtelm\u00e9ben a www.ab2pro.com oldal felhaszn\u00e1l\u00f3it t\u00e1j\u00e9koztatj\u00e1k a k\u00fcl\u00f6nb\u00f6z\u0151 \u00e9rdekelt felek kil\u00e9t\u00e9r\u0151l annak v\u00e9grehajt\u00e1sa \u00e9s nyomon k\u00f6vet\u00e9se keret\u00e9ben. :[\/vc_column_text][vc_row_inner][vc_column_inner width=&#8221;1\/2&#8243;][vc_column_text]<strong>Tulajdonos :<\/strong> AB2PRO \u2013 Palma France \u2013 4 rue des Douelles \u2013 44830 BOUAYE<\/p>\n<p>Telefon : 02 40 48 44 54<br \/>\nS.A.S. au capital de 1 000 000\u20ac \u2013 RCS Nantes \u200e508 436 110<br \/>\nSz\u00e9khely c\u00edme : 4 rue des douelles 44830 Bouaye[\/vc_column_text][\/vc_column_inner][vc_column_inner width=&#8221;1\/2&#8243;][vc_column_text]Ad\u00f3sz\u00e1m : FR26508436110<br \/>\nN\u00b0 SIRET : 50843611000029<\/p>\n<p><strong>Kiadv\u00e1nykezel\u0151<\/strong> : Arthur Cousseau \u2013 &#x64;&#x69;&#x67;&#105;&#116;&#97;l&#64;&#x61;&#x62;&#x32;&#x70;&#114;&#111;&#46;c&#x6f;&#x6d;<br \/>\nA kiadv\u00e1nykezel\u0151 term\u00e9szetes vagy jogi szem\u00e9ly.[\/vc_column_text][\/vc_column_inner][\/vc_row_inner][vc_row_inner][vc_column_inner width=&#8221;1\/2&#8243;][vc_column_text]<\/p>\n<h2>Az ab2pro.com ir\u00e1ny\u00edt\u00f3ja :<\/h2>\n<p>OVH<br \/>\n2 rue kellermann<br \/>\nBP 80157<br \/>\n59053 ROUBAIX Cedex 1<br \/>\nTelefon :+33 (0)8 203 203 63<br \/>\nE-mail : &#115;&#x75;p&#112;&#x6f;&#114;&#x74;&#64;&#111;&#x76;h&#x2e;&#x63;&#111;&#x6d;[\/vc_column_text][\/vc_column_inner][vc_column_inner width=&#8221;1\/2&#8243;][vc_column_text]<\/p>\n<h2>Az ab2pro.com megval\u00f3s\u00edt\u00f3ja :<\/h2>\n<p>Agence web Enjin<br \/>\nE-mail : <a href=\"&#109;&#x61;i&#108;&#x74;o&#x3a;&#x63;&#111;&#x6e;t&#97;&#x63;t&#64;&#x65;&#110;&#x6a;i&#110;&#x2e;f&#114;\">&#99;o&#110;t&#97;c&#x74;&#64;&#x65;n&#x6a;i&#x6e;&#46;&#x66;r<\/a><br \/>\nWeboldal : <a href=\"https:\/\/www.enjin.fr\">www.enjin.fr<\/a>[\/vc_column_text][\/vc_column_inner][\/vc_row_inner][vc_column_text]<\/p>\n<h2>2. A webhely \u00e9s a k\u00edn\u00e1lt szolg\u00e1ltat\u00e1sok \u00e1ltal\u00e1nos haszn\u00e1lat\u00e1nak felt\u00e9telei<\/h2>\n<p>A jelen \u00c1ltal\u00e1nos Szerz\u0151d\u00e9si Felt\u00e9telek c\u00e9lja a https:\/\/www.ab2pro.com webhely haszn\u00e1lat\u00e1nak felt\u00e9teleinek \u00e9s \u00e1ltal\u00e1nos felt\u00e9teleinek meghat\u00e1roz\u00e1sa, valamint annak lehet\u0151v\u00e9 t\u00e9tele, hogy a felhaszn\u00e1l\u00f3 \u00e9lvezhesse a kapcsol\u00f3d\u00f3 szolg\u00e1ltat\u00e1sok el\u0151nyeit.<\/p>\n<p>A https:\/\/www.ab2pro.com webhely haszn\u00e1lata az al\u00e1bbiakban ismertetett \u00e1ltal\u00e1nos felhaszn\u00e1l\u00e1si felt\u00e9telek teljes elfogad\u00e1s\u00e1t jelenti. Ezeket a felhaszn\u00e1l\u00e1si felt\u00e9teleket b\u00e1rmikor m\u00f3dos\u00edthatj\u00e1k vagy kieg\u00e9sz\u00edthetik, ez\u00e9rt a https:\/\/www.ab2pro.com webhely felhaszn\u00e1l\u00f3it megk\u00e9rj\u00fck, hogy rendszeresen t\u00e1j\u00e9koz\u00f3djanak a felt\u00e9telekr\u0151l.<\/p>\n<p>Ez a webhely \u00e1ltal\u00e1ban mindig el\u00e9rhet\u0151 a felhaszn\u00e1l\u00f3k sz\u00e1m\u00e1ra. A m\u0171szaki karbantart\u00e1s miatti megszak\u00edt\u00e1sr\u00f3l azonban az AB2PRO d\u00f6nthet. Az AB2PRO t\u00f6rekszik arra, hogy el\u0151zetesen k\u00f6z\u00f6lje a felhaszn\u00e1l\u00f3kkal a beavatkoz\u00e1s d\u00e1tum\u00e1t \u00e9s idej\u00e9t.<\/p>\n<p>A https:\/\/www.ab2pro.com webhelyet a La Soci\u00e9t\u00e9 Palma France rendszeresen friss\u00edti. Hasonl\u00f3k\u00e9ppen, a jogi k\u00f6zlem\u00e9nyek is b\u00e1rmikor m\u00f3dos\u00edthat\u00f3k, amelyek a felhaszn\u00e1l\u00f3ra vonatkoznak. \u00cdgy a Palma France megk\u00e9ri a felhaszn\u00e1l\u00f3t hogy rendszeresen ellen\u0151r\u00edzz\u00e9k a jogi k\u00f6zlem\u00e9nyeket.<\/p>\n<h2>3. A ny\u00fajtott szolg\u00e1ltat\u00e1sok le\u00edr\u00e1sa<\/h2>\n<p>A https:\/\/www.ab2pro.com webhely c\u00e9lja, hogy inform\u00e1ci\u00f3kat szolg\u00e1ltasson a v\u00e1llalat minden tev\u00e9kenys\u00e9g\u00e9r\u0151l.<\/p>\n<p>A Palma France arra t\u00f6rekszik, hogy a https:\/\/www.ab2pro.com webhelyet a lehet\u0151 legpontosabb inform\u00e1ci\u00f3kkal l\u00e1thassa el. Azonban nem tehet\u0151 felel\u0151ss\u00e9 a friss\u00edt\u00e9s hi\u00e1nyoss\u00e1gai\u00e9rt, pontatlans\u00e1g\u00e1\u00e9rt, f\u00fcggetlen\u00fcl att\u00f3l, hogy azt az \u0151 vagy harmadik f\u00e9lt\u0151l sz\u00e1rmaz\u00f3 partnerek okozt\u00e1k-e.<\/p>\n<p>A https:\/\/www.ab2pro.com oldalon felt\u00fcntetett \u00f6sszes inform\u00e1ci\u00f3 t\u00e1j\u00e9koztat\u00f3 jelleg\u0171, \u00e9s folyamatosan v\u00e1ltozik. Tov\u00e1bb\u00e1 a https:\/\/www.ab2pro.com oldalon tal\u00e1lhat\u00f3 inform\u00e1ci\u00f3k nem teljesek. Az interneten val\u00f3 megjelen\u00e9s\u00fck \u00f3ta m\u00f3dosulhattak.<\/p>\n<h2>4. A m\u0171szaki adatok szerz\u0151d\u00e9ses korl\u00e1toz\u00e1sai<\/h2>\n<p>A felhaszn\u00e1l\u00f3nak kell gondoskodnia berendez\u00e9sei \u00e9s b\u00f6ng\u00e9sz\u0151je k\u00f6nyvel\u00e9s\u00e9r\u0151l, hogy hozz\u00e1f\u00e9rjen a webhelyhez \u00e9s az \u00e1ltala k\u00edn\u00e1lt szolg\u00e1ltat\u00e1sokhoz.<\/p>\n<p>A webhely a WordPress technol\u00f3gi\u00e1t haszn\u00e1lja.<\/p>\n<p>A weboldal nem tehet\u0151 felel\u0151ss\u00e9 a webhely haszn\u00e1lat\u00e1val kapcsolatos anyagi k\u00e1rok\u00e9rt. Ezenk\u00edv\u00fcl a webhely felhaszn\u00e1l\u00f3ja beleegyezik abba, hogy a leg\u00fajabb, v\u00edrusokat nem tartalmaz\u00f3 eszk\u00f6z\u00f6kkel \u00e9s naprak\u00e9sz leg\u00fajabb gener\u00e1ci\u00f3s b\u00f6ng\u00e9sz\u0151vel f\u00e9r hozz\u00e1 a webhelyhez.<\/p>\n<h2>5. Szellemi tulajdon \u00e9s hamis\u00edtv\u00e1nyok<\/h2>\n<p>A Palma France birtokolja a szellemi tulajdonjogokat vagy a felhaszn\u00e1l\u00e1si jogokat az oldalon el\u00e9rhet\u0151 \u00f6sszes elemre, k\u00fcl\u00f6n\u00f6sen a sz\u00f6vegekre, k\u00e9pekre, grafik\u00e1kra, log\u00f3kra, ikonokra, hangokra, szoftverekre \u00e9s m\u00e1rk\u00e1kra.<\/p>\n<p>A webhely minden elem\u00e9nek vagy annak egy r\u00e9sz\u00e9nek b\u00e1rmilyen reprodukci\u00f3ja, \u00e1br\u00e1zol\u00e1sa, m\u00f3dos\u00edt\u00e1sa, k\u00f6zz\u00e9t\u00e9tele, adapt\u00e1l\u00e1sa az alkalmazott eszk\u00f6zt\u0151l vagy elj\u00e1r\u00e1st\u00f3l f\u00fcggetlen\u00fcl tilos a Palma France el\u0151zetes \u00edr\u00e1sbeli beleegyez\u00e9se n\u00e9lk\u00fcl.<\/p>\n<p>A webhely vagy annak b\u00e1rmely elem\u00e9nek illet\u00e9ktelen haszn\u00e1lata jogs\u00e9rt\u00e9snek min\u0151s\u00fcl, \u00e9s az \u00fcgyben el\u0151\u00edrt polg\u00e1ri \u00e9s b\u00fcntet\u0151jogi rendelkez\u00e9seknek megfelel\u0151en b\u00fcntet\u0151elj\u00e1r\u00e1s ind\u00edthat\u00f3.<\/p>\n<h2>6. Korl\u00e1tolt felel\u0151ss\u00e9g<\/h2>\n<p>A Palma France nem tehet\u0151 felel\u0151ss\u00e9 a felhaszn\u00e1l\u00f3 berendez\u00e9s\u00e9nek a https:\/\/www.ab2pro.com webhelyre t\u00f6rt\u00e9n\u0151 bel\u00e9p\u00e9sekor okozott k\u00f6zvetlen vagy k\u00f6zvetett k\u00e1rok\u00e9rt, amelyek nem reag\u00e1l\u00f3 berendez\u00e9sek haszn\u00e1lat\u00e1b\u00f3l erednek. , vagy hiba megjelen\u00e9se, vagy inkompatibilit\u00e1s.<\/p>\n<p>A Palma France tov\u00e1bb\u00e1 nem tehet\u0151 felel\u0151ss\u00e9 a https:\/\/www.ab2pro.com webhely haszn\u00e1lat\u00e1b\u00f3l ered\u0151 k\u00f6zvetett k\u00e1rok\u00e9rt (p\u00e9ld\u00e1ul a piac elveszt\u00e9s\u00e9\u00e9rt vagy a lehet\u0151s\u00e9gek elveszt\u00e9s\u00e9\u00e9rt) sem.<\/p>\n<p>Abban az esetben, ha azonos\u00edt\u00f3ra vagy hozz\u00e1f\u00e9r\u00e9si k\u00f3dra van sz\u00fcks\u00e9g a webhely \u00e1ltal k\u00edn\u00e1lt szolg\u00e1ltat\u00e1sokhoz val\u00f3 csatlakoz\u00e1shoz, a Felhaszn\u00e1l\u00f3 feladata, hogy megtartsa azonos\u00edt\u00f3it \u00e9s bel\u00e9p\u00e9si k\u00f3djait, hogy azok szigor\u00faan szem\u00e9lyesek \u00e9s bizalmasak maradjanak. Ennek eredm\u00e9nyek\u00e9nt b\u00e1rmely \u00e9rv\u00e9nyes azonos\u00edt\u00f3val vagy bel\u00e9p\u0151k\u00f3ddal l\u00e9tes\u00edtett kapcsolatot a felhaszn\u00e1l\u00f3 l\u00e9trej\u00f6tt\u00e9nek tekint, \u00e9s a Palma France nem tehet\u0151 felel\u0151ss\u00e9 harmadik f\u00e9l \u00e1ltali haszn\u00e1latuk\u00e9rt.<\/p>\n<p>Interakt\u00edv terek (k\u00e9rd\u00e9sek feltev\u00e9se \u00fczenetkezel\u0151 eszk\u00f6z\u00f6n kereszt\u00fcl) \u00e1llnak a felhaszn\u00e1l\u00f3k rendelkez\u00e9s\u00e9re. A Palma France fenntartja a jogot, hogy el\u0151zetes \u00e9rtes\u00edt\u00e9s n\u00e9lk\u00fcl elt\u00e1vol\u00edtson minden, ezen a helyen k\u00f6zz\u00e9tett tartalmat, amely s\u00e9rten\u00e9 a Franciaorsz\u00e1gban, de az Eur\u00f3pai Uni\u00f3n bel\u00fcl is alkalmazand\u00f3 jogot, k\u00fcl\u00f6n\u00f6s tekintettel az adatv\u00e9delemre vonatkoz\u00f3 rendelkez\u00e9sekre. Adott esetben a Palma France fenntartja mag\u00e1nak a jogot, hogy megk\u00e9rd\u0151jelezze a felhaszn\u00e1l\u00f3 polg\u00e1ri \u00e9s \/ vagy b\u00fcntet\u0151jogi felel\u0151ss\u00e9g\u00e9t, k\u00fcl\u00f6n\u00f6sen rasszista, s\u00e9rt\u0151, r\u00e1galmaz\u00f3 vagy pornogr\u00e1f \u00fczenet eset\u00e9n, f\u00fcggetlen\u00fcl a haszn\u00e1lt m\u00e9diumt\u00f3l (sz\u00f6veg, fot\u00f3z\u00e1s stb.).<\/p>\n<p>A Felhaszn\u00e1l\u00f3 v\u00e1llalja, hogy pontosan megadja a k\u00e9rt inform\u00e1ci\u00f3kat s\u00e9rt\u0151 vagy jogellenes megeml\u00edt\u00e9s n\u00e9lk\u00fcl, \u00e9s tov\u00e1bbra is kiz\u00e1r\u00f3lagos felel\u0151ss\u00e9ggel tartozik az eml\u00edtett inform\u00e1ci\u00f3k\u00e9rt, amelyek hiteless\u00e9g\u00e9t garant\u00e1lja. Sz\u00fcks\u00e9g szerint rendszeresen \u00e9s a lehet\u0151 leghamarabb friss\u00edti azokat.<br \/>\n[\/vc_column_text][vc_btn title=&#8221;Adatv\u00e9delmi ir\u00e1nyelvek&#8221; link=&#8221;url:https%3A%2F%2Fwww.ab2pro.com%2Fhu%2Fadatvedelmi-iranyelvek%2F|title:Adatv%C3%A9delmi%20ir%C3%A1nyelvek&#8221;][\/vc_column][\/vc_row]<\/p>\n","protected":false},"excerpt":{"rendered":"<p>[vc_row el_id=&#8221;bandeau-page&#8221; css=&#8221;.vc_custom_1607699497001{background-image: url(https:\/\/www.ab2pro.com\/wp-content\/uploads\/2020\/12\/Qui-sommes-nous-bandeau-titre.jpg?id=4654) !important;}&#8221;][vc_column][vc_column_text] Jogi nyilatkozat [\/vc_column_text][\/vc_column][\/vc_row][vc_row el_id=&#8221;mentions-legales&#8221;][vc_column][vc_column_text] 1. Az oldal bemutat\u00e1sa A digit\u00e1lis gazdas\u00e1gba vetett bizalomr\u00f3l sz\u00f3l\u00f3, 2004. [&hellip;]<\/p>\n","protected":false},"author":1,"featured_media":0,"parent":0,"menu_order":0,"comment_status":"closed","ping_status":"closed","template":"","meta":{"_acf_changed":false,"footnotes":""},"class_list":["post-6417","page","type-page","status-publish","hentry"],"acf":[],"yoast_head":"<!-- This site is optimized with the Yoast SEO plugin v26.8 - https:\/\/yoast.com\/product\/yoast-seo-wordpress\/ -->\n<title>Jogi nyilatkozatok - AB2PRO<\/title>\n<meta name=\"description\" content=\"Jogi nyilatkozatok - AB2PRO\" \/>\n<meta name=\"robots\" content=\"noindex, nofollow\" \/>\n<meta property=\"og:locale\" content=\"hu_HU\" \/>\n<meta property=\"og:type\" content=\"article\" \/>\n<meta property=\"og:title\" content=\"Jogi nyilatkozatok - AB2PRO\" \/>\n<meta property=\"og:description\" content=\"Jogi nyilatkozatok - AB2PRO\" \/>\n<meta property=\"og:url\" content=\"https:\/\/www.ab2pro.com\/hu\/jogi-nyilatkozat\/\" \/>\n<meta property=\"og:site_name\" content=\"AB2PRO\" \/>\n<meta property=\"article:modified_time\" content=\"2021-06-22T12:16:45+00:00\" \/>\n<meta property=\"og:image\" content=\"https:\/\/www.ab2pro.com\/wp-content\/uploads\/2020\/11\/fond-home.jpg\" \/>\n\t<meta property=\"og:image:width\" content=\"1920\" \/>\n\t<meta property=\"og:image:height\" content=\"600\" \/>\n\t<meta property=\"og:image:type\" content=\"image\/jpeg\" \/>\n<meta name=\"twitter:card\" content=\"summary_large_image\" \/>\n<meta name=\"twitter:label1\" content=\"Becs\u00fclt olvas\u00e1si id\u0151\" \/>\n\t<meta name=\"twitter:data1\" content=\"7 perc\" \/>\n<script type=\"application\/ld+json\" class=\"yoast-schema-graph\">{\"@context\":\"https:\/\/schema.org\",\"@graph\":[{\"@type\":\"WebPage\",\"@id\":\"https:\/\/www.ab2pro.com\/hu\/jogi-nyilatkozat\/\",\"url\":\"https:\/\/www.ab2pro.com\/hu\/jogi-nyilatkozat\/\",\"name\":\"Jogi nyilatkozatok - AB2PRO\",\"isPartOf\":{\"@id\":\"https:\/\/www.ab2pro.com\/hu\/#website\"},\"datePublished\":\"2021-02-17T03:04:28+00:00\",\"dateModified\":\"2021-06-22T12:16:45+00:00\",\"description\":\"Jogi nyilatkozatok - AB2PRO\",\"breadcrumb\":{\"@id\":\"https:\/\/www.ab2pro.com\/hu\/jogi-nyilatkozat\/#breadcrumb\"},\"inLanguage\":\"hu\",\"potentialAction\":[{\"@type\":\"ReadAction\",\"target\":[\"https:\/\/www.ab2pro.com\/hu\/jogi-nyilatkozat\/\"]}]},{\"@type\":\"BreadcrumbList\",\"@id\":\"https:\/\/www.ab2pro.com\/hu\/jogi-nyilatkozat\/#breadcrumb\",\"itemListElement\":[{\"@type\":\"ListItem\",\"position\":1,\"name\":\"Accueil\",\"item\":\"https:\/\/www.ab2pro.com\/hu\/\"},{\"@type\":\"ListItem\",\"position\":2,\"name\":\"Jogi nyilatkozatok\"}]},{\"@type\":\"WebSite\",\"@id\":\"https:\/\/www.ab2pro.com\/hu\/#website\",\"url\":\"https:\/\/www.ab2pro.com\/hu\/\",\"name\":\"AB2PRO\",\"description\":\"Agence d&#039;emploi sp\u00e9cialis\u00e9e dans le recrutement de travailleurs europ\u00e9ens\",\"publisher\":{\"@id\":\"https:\/\/www.ab2pro.com\/hu\/#organization\"},\"potentialAction\":[{\"@type\":\"SearchAction\",\"target\":{\"@type\":\"EntryPoint\",\"urlTemplate\":\"https:\/\/www.ab2pro.com\/hu\/?s={search_term_string}\"},\"query-input\":{\"@type\":\"PropertyValueSpecification\",\"valueRequired\":true,\"valueName\":\"search_term_string\"}}],\"inLanguage\":\"hu\"},{\"@type\":\"Organization\",\"@id\":\"https:\/\/www.ab2pro.com\/hu\/#organization\",\"name\":\"AB2PRO\",\"url\":\"https:\/\/www.ab2pro.com\/hu\/\",\"logo\":{\"@type\":\"ImageObject\",\"inLanguage\":\"hu\",\"@id\":\"https:\/\/www.ab2pro.com\/hu\/#\/schema\/logo\/image\/\",\"url\":\"https:\/\/www.ab2pro.com\/wp-content\/uploads\/2020\/11\/logo-profil.png\",\"contentUrl\":\"https:\/\/www.ab2pro.com\/wp-content\/uploads\/2020\/11\/logo-profil.png\",\"width\":230,\"height\":47,\"caption\":\"AB2PRO\"},\"image\":{\"@id\":\"https:\/\/www.ab2pro.com\/hu\/#\/schema\/logo\/image\/\"}}]}<\/script>\n<!-- \/ Yoast SEO plugin. -->","yoast_head_json":{"title":"Jogi nyilatkozatok - AB2PRO","description":"Jogi nyilatkozatok - AB2PRO","robots":{"index":"noindex","follow":"nofollow"},"og_locale":"hu_HU","og_type":"article","og_title":"Jogi nyilatkozatok - AB2PRO","og_description":"Jogi nyilatkozatok - AB2PRO","og_url":"https:\/\/www.ab2pro.com\/hu\/jogi-nyilatkozat\/","og_site_name":"AB2PRO","article_modified_time":"2021-06-22T12:16:45+00:00","og_image":[{"width":1920,"height":600,"url":"https:\/\/www.ab2pro.com\/wp-content\/uploads\/2020\/11\/fond-home.jpg","type":"image\/jpeg"}],"twitter_card":"summary_large_image","twitter_misc":{"Becs\u00fclt olvas\u00e1si id\u0151":"7 perc"},"schema":{"@context":"https:\/\/schema.org","@graph":[{"@type":"WebPage","@id":"https:\/\/www.ab2pro.com\/hu\/jogi-nyilatkozat\/","url":"https:\/\/www.ab2pro.com\/hu\/jogi-nyilatkozat\/","name":"Jogi nyilatkozatok - AB2PRO","isPartOf":{"@id":"https:\/\/www.ab2pro.com\/hu\/#website"},"datePublished":"2021-02-17T03:04:28+00:00","dateModified":"2021-06-22T12:16:45+00:00","description":"Jogi nyilatkozatok - AB2PRO","breadcrumb":{"@id":"https:\/\/www.ab2pro.com\/hu\/jogi-nyilatkozat\/#breadcrumb"},"inLanguage":"hu","potentialAction":[{"@type":"ReadAction","target":["https:\/\/www.ab2pro.com\/hu\/jogi-nyilatkozat\/"]}]},{"@type":"BreadcrumbList","@id":"https:\/\/www.ab2pro.com\/hu\/jogi-nyilatkozat\/#breadcrumb","itemListElement":[{"@type":"ListItem","position":1,"name":"Accueil","item":"https:\/\/www.ab2pro.com\/hu\/"},{"@type":"ListItem","position":2,"name":"Jogi nyilatkozatok"}]},{"@type":"WebSite","@id":"https:\/\/www.ab2pro.com\/hu\/#website","url":"https:\/\/www.ab2pro.com\/hu\/","name":"AB2PRO","description":"Agence d&#039;emploi sp\u00e9cialis\u00e9e dans le recrutement de travailleurs europ\u00e9ens","publisher":{"@id":"https:\/\/www.ab2pro.com\/hu\/#organization"},"potentialAction":[{"@type":"SearchAction","target":{"@type":"EntryPoint","urlTemplate":"https:\/\/www.ab2pro.com\/hu\/?s={search_term_string}"},"query-input":{"@type":"PropertyValueSpecification","valueRequired":true,"valueName":"search_term_string"}}],"inLanguage":"hu"},{"@type":"Organization","@id":"https:\/\/www.ab2pro.com\/hu\/#organization","name":"AB2PRO","url":"https:\/\/www.ab2pro.com\/hu\/","logo":{"@type":"ImageObject","inLanguage":"hu","@id":"https:\/\/www.ab2pro.com\/hu\/#\/schema\/logo\/image\/","url":"https:\/\/www.ab2pro.com\/wp-content\/uploads\/2020\/11\/logo-profil.png","contentUrl":"https:\/\/www.ab2pro.com\/wp-content\/uploads\/2020\/11\/logo-profil.png","width":230,"height":47,"caption":"AB2PRO"},"image":{"@id":"https:\/\/www.ab2pro.com\/hu\/#\/schema\/logo\/image\/"}}]}},"_links":{"self":[{"href":"https:\/\/www.ab2pro.com\/hu\/wp-json\/wp\/v2\/pages\/6417","targetHints":{"allow":["GET"]}}],"collection":[{"href":"https:\/\/www.ab2pro.com\/hu\/wp-json\/wp\/v2\/pages"}],"about":[{"href":"https:\/\/www.ab2pro.com\/hu\/wp-json\/wp\/v2\/types\/page"}],"author":[{"embeddable":true,"href":"https:\/\/www.ab2pro.com\/hu\/wp-json\/wp\/v2\/users\/1"}],"replies":[{"embeddable":true,"href":"https:\/\/www.ab2pro.com\/hu\/wp-json\/wp\/v2\/comments?post=6417"}],"version-history":[{"count":0,"href":"https:\/\/www.ab2pro.com\/hu\/wp-json\/wp\/v2\/pages\/6417\/revisions"}],"wp:attachment":[{"href":"https:\/\/www.ab2pro.com\/hu\/wp-json\/wp\/v2\/media?parent=6417"}],"curies":[{"name":"wp","href":"https:\/\/api.w.org\/{rel}","templated":true}]}}