
{"id":48631,"date":"2023-11-07T11:22:39","date_gmt":"2023-11-07T10:22:39","guid":{"rendered":"https:\/\/www.ab2pro.com\/?post_type=agence&#038;p=48631"},"modified":"2025-06-20T16:31:49","modified_gmt":"2025-06-20T14:31:49","slug":"ab2pro-targu-mures","status":"publish","type":"agence","link":"https:\/\/www.ab2pro.com\/pl\/agences\/ab2pro-targu-mures\/","title":{"rendered":"Agencja AB2PRO T\u00e2rgu Mure\u015f"},"content":{"rendered":"<p data-pm-slice=\"0 0 []\"><strong>Nasze biuro w T\u00e2rgu Mure\u0219 zosta\u0142o otwarte w Transylwanii na wiosn\u0119 2021 roku.<\/strong> Otoczony jest cudownie pi\u0119knym i zr\u00f3\u017cnicowanym krajobrazem naturalnym. W naszym biurze mo\u017cecie spotka\u0107 <strong>nasz zesp\u00f3\u0142, <\/strong>kt\u00f3ry z pasj\u0105 wspiera pracownik\u00f3w tymczasowych, pomagaj\u0105c im w realizacji ich zada\u0144!<\/p>\n<p><strong>Nasz zesp\u00f3\u0142, <\/strong>pe\u0142en pasji i zaanga\u017cowania, specjalizuje si\u0119 w rekrutacji na W\u0119gry. Jego entuzjazm w poszukiwaniu najlepszych talent\u00f3w sprawia, \u017ce ka\u017cdy proces rekrutacyjny staje si\u0119 udan\u0105, ludzk\u0105 przygod\u0105, z nieustann\u0105 trosk\u0105 o wsparcie i integracj\u0119 kandydat\u00f3w. <\/p>\n<p>Miasto jest zamieszkane od czas\u00f3w neolitu i le\u017cy w centrum Transylwanii, na obu brzegach rzeki Maros. Historycznie T\u00e2rgu Mure\u0219 wiele wycierpia\u0142o, zar\u00f3wno z powodu tureckich najazd\u00f3w, jak i grabie\u017cy cesarza Leopolda. Jednak miasto zawsze potrafi\u0142o si\u0119 podnie\u015b\u0107. <\/p>\n<p>Prawdziwy rozw\u00f3j miasta rozpocz\u0105\u0142 si\u0119 w 1902 roku. Pod kierownictwem burmistrza zosta\u0142 on ca\u0142kowicie przebudowany. W tym czasie stare i nowe ulice miasta zosta\u0142y ozdobione kwiatami i drzewami. Od tego czasu T\u00e2rgu Mure\u0219 nazywane jest \u201emiastem kwiat\u00f3w\u201d. Najpierw mo\u017cna pospacerowa\u0107 wzd\u0142u\u017c Placu R\u00f3\u017c i jego licznych budynk\u00f3w w stylu barokowym i secesyjnym. Nast\u0119pnie mo\u017cna da\u0107 si\u0119 poprowadzi\u0107 a\u017c do zamku o czterech bastionach, po\u0142o\u017conego w po\u0142udniowo-zachodniej cz\u0119\u015bci miasta, gdzie wyr\u00f3\u017cnia si\u0119 wie\u017ca ko\u015bcio\u0142a, co nadaje miejscu atmosfer\u0119 typow\u0105 dla XVII wieku.   <\/p>\n<p>W\u015br\u00f3d licznych zabytk\u00f3w znajduj\u0105 si\u0119 te o mi\u0119dzynarodowym charakterze, takie jak ko\u015bcio\u0142y, budynki, muzea, galerie, rze\u017aby, pomniki publiczne oraz budynki u\u017cyteczno\u015bci publicznej w stylach barokowym, klasycystycznym, neorenesansowym, eklektycznym i secesyjnym.<\/p>\n<p>Nie zapominajmy te\u017c o przedmie\u015bciach, kt\u00f3re oferuj\u0105 jeszcze wi\u0119cej miejsc do odwiedzenia, takich jak najwy\u017cszy punkt miasta \u2014 Somostet\u0151, lokalne zoo oraz bardzo popularna w\u015br\u00f3d dzieci kolejka, kt\u00f3r\u0105 mieszka\u0144cy nazywaj\u0105 \u201ekolejk\u0105 dzieci\u0119c\u0105\u201d.<\/p>\n<p>Oczywi\u015bcie, jeste\u015bmy w Transylwanii, a nasz brzuch r\u00f3wnie\u017c zas\u0142uguje na rozpieszczanie lokalnymi specja\u0142ami. Na przyk\u0142ad mo\u017cna spr\u00f3bowa\u0107 zupy z pulpecikami, go\u0142\u0105bk\u00f3w, tokany transylwa\u0144skiej, ciasta kukurydzianego lub transylwa\u0144skiego ciasta kominowego. Do tych syc\u0105cych da\u0144 cz\u0119sto podaje si\u0119 aperitif, na przyk\u0142ad dobr\u0105 palink\u0119!  <\/p>\n<p>Po \u015bniadaniu lub lunchu masz ochot\u0119 na dobr\u0105 kaw\u0119? Zapraszamy do naszego \u015bwie\u017co odnowionego biura, po\u0142o\u017conego blisko zabytk\u00f3w, g\u0142\u00f3wnego placu oraz punktu zerowego kilometr\u00f3w. <strong>Nasz zesp\u00f3\u0142 <\/strong>z przyjemno\u015bci\u0105 powita i pomo\u017ce zainteresowanym kandydatom. <\/p>","protected":false},"excerpt":{"rendered":"<p>Nasze biuro w T\u00e2rgu Mure\u0219 zosta\u0142o otwarte w Transylwanii na wiosn\u0119 2021 roku. Otoczony jest cudownie pi\u0119knym i zr\u00f3\u017cnicowanym krajobrazem [&hellip;]<\/p>\n","protected":false},"author":1,"featured_media":0,"template":"","meta":{"_acf_changed":false,"footnotes":""},"class_list":["post-48631","agence","type-agence","status-publish","hentry"],"acf":[],"yoast_head":"<!-- This site is optimized with the Yoast SEO plugin v26.8 - https:\/\/yoast.com\/product\/yoast-seo-wordpress\/ -->\n<title>Agencja AB2PRO T\u00e2rgu Mure\u015f - AB2PRO<\/title>\n<meta name=\"robots\" content=\"index, follow, max-snippet:-1, max-image-preview:large, max-video-preview:-1\" \/>\n<link rel=\"canonical\" href=\"https:\/\/www.ab2pro.com\/pl\/agences\/ab2pro-targu-mures\/\" \/>\n<meta property=\"og:locale\" content=\"pl_PL\" \/>\n<meta property=\"og:type\" content=\"article\" \/>\n<meta property=\"og:title\" content=\"Agencja AB2PRO T\u00e2rgu Mure\u015f - AB2PRO\" \/>\n<meta property=\"og:description\" content=\"Nasze biuro w T\u00e2rgu Mure\u0219 zosta\u0142o otwarte w Transylwanii na wiosn\u0119 2021 roku. Otoczony jest cudownie pi\u0119knym i zr\u00f3\u017cnicowanym krajobrazem [&hellip;]\" \/>\n<meta property=\"og:url\" content=\"https:\/\/www.ab2pro.com\/pl\/agences\/ab2pro-targu-mures\/\" \/>\n<meta property=\"og:site_name\" content=\"AB2PRO\" \/>\n<meta property=\"article:modified_time\" content=\"2025-06-20T14:31:49+00:00\" \/>\n<meta property=\"og:image\" content=\"https:\/\/www.ab2pro.com\/wp-content\/uploads\/2020\/11\/fond-home.jpg\" \/>\n\t<meta property=\"og:image:width\" content=\"1920\" \/>\n\t<meta property=\"og:image:height\" content=\"600\" \/>\n\t<meta property=\"og:image:type\" content=\"image\/jpeg\" \/>\n<meta name=\"twitter:card\" content=\"summary_large_image\" \/>\n<script type=\"application\/ld+json\" class=\"yoast-schema-graph\">{\"@context\":\"https:\/\/schema.org\",\"@graph\":[{\"@type\":\"WebPage\",\"@id\":\"https:\/\/www.ab2pro.com\/pl\/agences\/ab2pro-targu-mures\/\",\"url\":\"https:\/\/www.ab2pro.com\/pl\/agences\/ab2pro-targu-mures\/\",\"name\":\"Agencja AB2PRO T\u00e2rgu Mure\u015f - AB2PRO\",\"isPartOf\":{\"@id\":\"https:\/\/www.ab2pro.com\/pl\/#website\"},\"datePublished\":\"2023-11-07T10:22:39+00:00\",\"dateModified\":\"2025-06-20T14:31:49+00:00\",\"breadcrumb\":{\"@id\":\"https:\/\/www.ab2pro.com\/pl\/agences\/ab2pro-targu-mures\/#breadcrumb\"},\"inLanguage\":\"pl-PL\",\"potentialAction\":[{\"@type\":\"ReadAction\",\"target\":[\"https:\/\/www.ab2pro.com\/pl\/agences\/ab2pro-targu-mures\/\"]}]},{\"@type\":\"BreadcrumbList\",\"@id\":\"https:\/\/www.ab2pro.com\/pl\/agences\/ab2pro-targu-mures\/#breadcrumb\",\"itemListElement\":[{\"@type\":\"ListItem\",\"position\":1,\"name\":\"Accueil\",\"item\":\"https:\/\/www.ab2pro.com\/pl\/\"},{\"@type\":\"ListItem\",\"position\":2,\"name\":\"Agences\",\"item\":\"https:\/\/www.ab2pro.com\/pl\/agences\/\"},{\"@type\":\"ListItem\",\"position\":3,\"name\":\"Agencja AB2PRO T\u00e2rgu Mure\u015f\"}]},{\"@type\":\"WebSite\",\"@id\":\"https:\/\/www.ab2pro.com\/pl\/#website\",\"url\":\"https:\/\/www.ab2pro.com\/pl\/\",\"name\":\"AB2PRO\",\"description\":\"Agence d&#039;emploi sp\u00e9cialis\u00e9e dans le recrutement de travailleurs europ\u00e9ens\",\"publisher\":{\"@id\":\"https:\/\/www.ab2pro.com\/pl\/#organization\"},\"potentialAction\":[{\"@type\":\"SearchAction\",\"target\":{\"@type\":\"EntryPoint\",\"urlTemplate\":\"https:\/\/www.ab2pro.com\/pl\/?s={search_term_string}\"},\"query-input\":{\"@type\":\"PropertyValueSpecification\",\"valueRequired\":true,\"valueName\":\"search_term_string\"}}],\"inLanguage\":\"pl-PL\"},{\"@type\":\"Organization\",\"@id\":\"https:\/\/www.ab2pro.com\/pl\/#organization\",\"name\":\"AB2PRO\",\"url\":\"https:\/\/www.ab2pro.com\/pl\/\",\"logo\":{\"@type\":\"ImageObject\",\"inLanguage\":\"pl-PL\",\"@id\":\"https:\/\/www.ab2pro.com\/pl\/#\/schema\/logo\/image\/\",\"url\":\"https:\/\/www.ab2pro.com\/wp-content\/uploads\/2020\/11\/logo-profil.png\",\"contentUrl\":\"https:\/\/www.ab2pro.com\/wp-content\/uploads\/2020\/11\/logo-profil.png\",\"width\":230,\"height\":47,\"caption\":\"AB2PRO\"},\"image\":{\"@id\":\"https:\/\/www.ab2pro.com\/pl\/#\/schema\/logo\/image\/\"}}]}<\/script>\n<!-- \/ Yoast SEO plugin. -->","yoast_head_json":{"title":"Agencja AB2PRO T\u00e2rgu Mure\u015f - AB2PRO","robots":{"index":"index","follow":"follow","max-snippet":"max-snippet:-1","max-image-preview":"max-image-preview:large","max-video-preview":"max-video-preview:-1"},"canonical":"https:\/\/www.ab2pro.com\/pl\/agences\/ab2pro-targu-mures\/","og_locale":"pl_PL","og_type":"article","og_title":"Agencja AB2PRO T\u00e2rgu Mure\u015f - AB2PRO","og_description":"Nasze biuro w T\u00e2rgu Mure\u0219 zosta\u0142o otwarte w Transylwanii na wiosn\u0119 2021 roku. Otoczony jest cudownie pi\u0119knym i zr\u00f3\u017cnicowanym krajobrazem [&hellip;]","og_url":"https:\/\/www.ab2pro.com\/pl\/agences\/ab2pro-targu-mures\/","og_site_name":"AB2PRO","article_modified_time":"2025-06-20T14:31:49+00:00","og_image":[{"width":1920,"height":600,"url":"https:\/\/www.ab2pro.com\/wp-content\/uploads\/2020\/11\/fond-home.jpg","type":"image\/jpeg"}],"twitter_card":"summary_large_image","schema":{"@context":"https:\/\/schema.org","@graph":[{"@type":"WebPage","@id":"https:\/\/www.ab2pro.com\/pl\/agences\/ab2pro-targu-mures\/","url":"https:\/\/www.ab2pro.com\/pl\/agences\/ab2pro-targu-mures\/","name":"Agencja AB2PRO T\u00e2rgu Mure\u015f - AB2PRO","isPartOf":{"@id":"https:\/\/www.ab2pro.com\/pl\/#website"},"datePublished":"2023-11-07T10:22:39+00:00","dateModified":"2025-06-20T14:31:49+00:00","breadcrumb":{"@id":"https:\/\/www.ab2pro.com\/pl\/agences\/ab2pro-targu-mures\/#breadcrumb"},"inLanguage":"pl-PL","potentialAction":[{"@type":"ReadAction","target":["https:\/\/www.ab2pro.com\/pl\/agences\/ab2pro-targu-mures\/"]}]},{"@type":"BreadcrumbList","@id":"https:\/\/www.ab2pro.com\/pl\/agences\/ab2pro-targu-mures\/#breadcrumb","itemListElement":[{"@type":"ListItem","position":1,"name":"Accueil","item":"https:\/\/www.ab2pro.com\/pl\/"},{"@type":"ListItem","position":2,"name":"Agences","item":"https:\/\/www.ab2pro.com\/pl\/agences\/"},{"@type":"ListItem","position":3,"name":"Agencja AB2PRO T\u00e2rgu Mure\u015f"}]},{"@type":"WebSite","@id":"https:\/\/www.ab2pro.com\/pl\/#website","url":"https:\/\/www.ab2pro.com\/pl\/","name":"AB2PRO","description":"Agence d&#039;emploi sp\u00e9cialis\u00e9e dans le recrutement de travailleurs europ\u00e9ens","publisher":{"@id":"https:\/\/www.ab2pro.com\/pl\/#organization"},"potentialAction":[{"@type":"SearchAction","target":{"@type":"EntryPoint","urlTemplate":"https:\/\/www.ab2pro.com\/pl\/?s={search_term_string}"},"query-input":{"@type":"PropertyValueSpecification","valueRequired":true,"valueName":"search_term_string"}}],"inLanguage":"pl-PL"},{"@type":"Organization","@id":"https:\/\/www.ab2pro.com\/pl\/#organization","name":"AB2PRO","url":"https:\/\/www.ab2pro.com\/pl\/","logo":{"@type":"ImageObject","inLanguage":"pl-PL","@id":"https:\/\/www.ab2pro.com\/pl\/#\/schema\/logo\/image\/","url":"https:\/\/www.ab2pro.com\/wp-content\/uploads\/2020\/11\/logo-profil.png","contentUrl":"https:\/\/www.ab2pro.com\/wp-content\/uploads\/2020\/11\/logo-profil.png","width":230,"height":47,"caption":"AB2PRO"},"image":{"@id":"https:\/\/www.ab2pro.com\/pl\/#\/schema\/logo\/image\/"}}]}},"_links":{"self":[{"href":"https:\/\/www.ab2pro.com\/pl\/wp-json\/wp\/v2\/agence\/48631","targetHints":{"allow":["GET"]}}],"collection":[{"href":"https:\/\/www.ab2pro.com\/pl\/wp-json\/wp\/v2\/agence"}],"about":[{"href":"https:\/\/www.ab2pro.com\/pl\/wp-json\/wp\/v2\/types\/agence"}],"author":[{"embeddable":true,"href":"https:\/\/www.ab2pro.com\/pl\/wp-json\/wp\/v2\/users\/1"}],"version-history":[{"count":0,"href":"https:\/\/www.ab2pro.com\/pl\/wp-json\/wp\/v2\/agence\/48631\/revisions"}],"wp:attachment":[{"href":"https:\/\/www.ab2pro.com\/pl\/wp-json\/wp\/v2\/media?parent=48631"}],"curies":[{"name":"wp","href":"https:\/\/api.w.org\/{rel}","templated":true}]}}