
{"id":48918,"date":"2023-11-07T15:23:54","date_gmt":"2023-11-07T14:23:54","guid":{"rendered":"https:\/\/www.ab2pro.com\/?post_type=agence&#038;p=48918"},"modified":"2025-06-20T15:50:34","modified_gmt":"2025-06-20T13:50:34","slug":"agencja-ab2pro-angers","status":"publish","type":"agence","link":"https:\/\/www.ab2pro.com\/pl\/agences\/agencja-ab2pro-angers\/","title":{"rendered":"Agencja AB2PRO Angers"},"content":{"rendered":"<p data-pm-slice=\"0 0 []\"><strong>Witamy w naszej agencji rekrutacyjnej pracy tymczasowej w Angers <\/strong>\u2013 miejscu, gdzie zawodowe mo\u017cliwo\u015bci o\u017cywaj\u0105, a ka\u017cdy talent znajduje swoje miejsce!<\/p>\n<p>Na czele agencji, <strong>Martin<\/strong>, nasz kierownik agencji wykorzystuje swoje do\u015bwiadczenie, aby \u015bwiadczy\u0107 us\u0142ugi na najwy\u017cszym poziomie zar\u00f3wno dla firm, jak i kandydat\u00f3w, gwarantuj\u0105c rekrutacj\u0119 najwy\u017cszej jako\u015bci. Dzi\u0119ki swojemu do\u015bwiadczeniu dba o dostarczanie rozwi\u0105za\u0144 dopasowanych do specyficznych potrzeb ka\u017cdego klienta oraz zapewnia skuteczne i spersonalizowane wsparcie. <\/p>\n<p><strong>Obok Martina nasz zaanga\u017cowany zesp\u00f3\u0142 rekruterek <\/strong>codziennie pracuje nad identyfikacj\u0105 najlepszych kandydat\u00f3w oraz zapewnieniem skrupulatnego nadzoru nad procesem. Dzi\u0119ki ich zdolno\u015bciom analitycznym, szybko\u015bci reakcji oraz nieustannej trosce o indywidualne wsparcie, dbaj\u0105 o to, by ka\u017cdego kandydata prowadzi\u0107 ku najlepszym mo\u017cliwo\u015bciom zawodowym oraz skutecznie odpowiada\u0107 na potrzeby rynku. <\/p>\n<p><strong>Angers<\/strong>, dynamiczne miasto pe\u0142ne mo\u017cliwo\u015bci, oferuje przyjazne \u015brodowisko pracy sprzyjaj\u0105ce rozwojowi zawodowemu. Jego bogate dziedzictwo, liczne tereny zielone oraz t\u0119tni\u0105ca \u017cyciem scena kulturalna sprawiaj\u0105, \u017ce jest to idealne miejsce do budowania kariery, jednocze\u015bnie ciesz\u0105c si\u0119 atrakcyjnym otoczeniem. <\/p>\n<p>Nie przegap okazji, by nawi\u0105za\u0107 wsp\u00f3\u0142prac\u0119 z nasz\u0105 agencj\u0105. <strong>Martin i jego zesp\u00f3\u0142<\/strong> s\u0105 do Twojej dyspozycji, by om\u00f3wi\u0107 Twoje potrzeby rekrutacyjne i wspiera\u0107 Ci\u0119 w poszukiwaniu talent\u00f3w. <strong>Skontaktuj si\u0119 z nami ju\u017c teraz<\/strong> i pozw\u00f3l nam pom\u00f3c Ci osi\u0105gn\u0105\u0107 Twoje cele zawodowe.<\/p>\n<p><strong>Razem <\/strong>zbudujemy wydajny zesp\u00f3\u0142, gotowy na podj\u0119cie wszelkich wyzwa\u0144.<strong> Ca\u0142y nasz zesp\u00f3\u0142 nie mo\u017ce si\u0119 doczeka\u0107, aby Ci\u0119 pozna\u0107 i wesprze\u0107 Ci\u0119 w drodze do sukcesu!<\/strong><\/p>","protected":false},"excerpt":{"rendered":"<p>Witamy w naszej agencji rekrutacyjnej pracy tymczasowej w Angers \u2013 miejscu, gdzie zawodowe mo\u017cliwo\u015bci o\u017cywaj\u0105, a ka\u017cdy talent znajduje swoje [&hellip;]<\/p>\n","protected":false},"author":1,"featured_media":0,"template":"","meta":{"_acf_changed":false,"footnotes":""},"class_list":["post-48918","agence","type-agence","status-publish","hentry"],"acf":[],"yoast_head":"<!-- This site is optimized with the Yoast SEO plugin v26.8 - https:\/\/yoast.com\/product\/yoast-seo-wordpress\/ -->\n<title>Agencja AB2PRO Angers - AB2PRO<\/title>\n<meta name=\"robots\" content=\"index, follow, max-snippet:-1, max-image-preview:large, max-video-preview:-1\" \/>\n<link rel=\"canonical\" href=\"https:\/\/www.ab2pro.com\/pl\/agences\/agencja-ab2pro-angers\/\" \/>\n<meta property=\"og:locale\" content=\"pl_PL\" \/>\n<meta property=\"og:type\" content=\"article\" \/>\n<meta property=\"og:title\" content=\"Agencja AB2PRO Angers - AB2PRO\" \/>\n<meta property=\"og:description\" content=\"Witamy w naszej agencji rekrutacyjnej pracy tymczasowej w Angers \u2013 miejscu, gdzie zawodowe mo\u017cliwo\u015bci o\u017cywaj\u0105, a ka\u017cdy talent znajduje swoje [&hellip;]\" \/>\n<meta property=\"og:url\" content=\"https:\/\/www.ab2pro.com\/pl\/agences\/agencja-ab2pro-angers\/\" \/>\n<meta property=\"og:site_name\" content=\"AB2PRO\" \/>\n<meta property=\"article:modified_time\" content=\"2025-06-20T13:50:34+00:00\" \/>\n<meta property=\"og:image\" content=\"https:\/\/www.ab2pro.com\/wp-content\/uploads\/2020\/11\/fond-home.jpg\" \/>\n\t<meta property=\"og:image:width\" content=\"1920\" \/>\n\t<meta property=\"og:image:height\" content=\"600\" \/>\n\t<meta property=\"og:image:type\" content=\"image\/jpeg\" \/>\n<meta name=\"twitter:card\" content=\"summary_large_image\" \/>\n<script type=\"application\/ld+json\" class=\"yoast-schema-graph\">{\"@context\":\"https:\/\/schema.org\",\"@graph\":[{\"@type\":\"WebPage\",\"@id\":\"https:\/\/www.ab2pro.com\/pl\/agences\/agencja-ab2pro-angers\/\",\"url\":\"https:\/\/www.ab2pro.com\/pl\/agences\/agencja-ab2pro-angers\/\",\"name\":\"Agencja AB2PRO Angers - AB2PRO\",\"isPartOf\":{\"@id\":\"https:\/\/www.ab2pro.com\/pl\/#website\"},\"datePublished\":\"2023-11-07T14:23:54+00:00\",\"dateModified\":\"2025-06-20T13:50:34+00:00\",\"breadcrumb\":{\"@id\":\"https:\/\/www.ab2pro.com\/pl\/agences\/agencja-ab2pro-angers\/#breadcrumb\"},\"inLanguage\":\"pl-PL\",\"potentialAction\":[{\"@type\":\"ReadAction\",\"target\":[\"https:\/\/www.ab2pro.com\/pl\/agences\/agencja-ab2pro-angers\/\"]}]},{\"@type\":\"BreadcrumbList\",\"@id\":\"https:\/\/www.ab2pro.com\/pl\/agences\/agencja-ab2pro-angers\/#breadcrumb\",\"itemListElement\":[{\"@type\":\"ListItem\",\"position\":1,\"name\":\"Accueil\",\"item\":\"https:\/\/www.ab2pro.com\/pl\/\"},{\"@type\":\"ListItem\",\"position\":2,\"name\":\"Agences\",\"item\":\"https:\/\/www.ab2pro.com\/pl\/agences\/\"},{\"@type\":\"ListItem\",\"position\":3,\"name\":\"Agencja AB2PRO Angers\"}]},{\"@type\":\"WebSite\",\"@id\":\"https:\/\/www.ab2pro.com\/pl\/#website\",\"url\":\"https:\/\/www.ab2pro.com\/pl\/\",\"name\":\"AB2PRO\",\"description\":\"Agence d&#039;emploi sp\u00e9cialis\u00e9e dans le recrutement de travailleurs europ\u00e9ens\",\"publisher\":{\"@id\":\"https:\/\/www.ab2pro.com\/pl\/#organization\"},\"potentialAction\":[{\"@type\":\"SearchAction\",\"target\":{\"@type\":\"EntryPoint\",\"urlTemplate\":\"https:\/\/www.ab2pro.com\/pl\/?s={search_term_string}\"},\"query-input\":{\"@type\":\"PropertyValueSpecification\",\"valueRequired\":true,\"valueName\":\"search_term_string\"}}],\"inLanguage\":\"pl-PL\"},{\"@type\":\"Organization\",\"@id\":\"https:\/\/www.ab2pro.com\/pl\/#organization\",\"name\":\"AB2PRO\",\"url\":\"https:\/\/www.ab2pro.com\/pl\/\",\"logo\":{\"@type\":\"ImageObject\",\"inLanguage\":\"pl-PL\",\"@id\":\"https:\/\/www.ab2pro.com\/pl\/#\/schema\/logo\/image\/\",\"url\":\"https:\/\/www.ab2pro.com\/wp-content\/uploads\/2020\/11\/logo-profil.png\",\"contentUrl\":\"https:\/\/www.ab2pro.com\/wp-content\/uploads\/2020\/11\/logo-profil.png\",\"width\":230,\"height\":47,\"caption\":\"AB2PRO\"},\"image\":{\"@id\":\"https:\/\/www.ab2pro.com\/pl\/#\/schema\/logo\/image\/\"}}]}<\/script>\n<!-- \/ Yoast SEO plugin. -->","yoast_head_json":{"title":"Agencja AB2PRO Angers - AB2PRO","robots":{"index":"index","follow":"follow","max-snippet":"max-snippet:-1","max-image-preview":"max-image-preview:large","max-video-preview":"max-video-preview:-1"},"canonical":"https:\/\/www.ab2pro.com\/pl\/agences\/agencja-ab2pro-angers\/","og_locale":"pl_PL","og_type":"article","og_title":"Agencja AB2PRO Angers - AB2PRO","og_description":"Witamy w naszej agencji rekrutacyjnej pracy tymczasowej w Angers \u2013 miejscu, gdzie zawodowe mo\u017cliwo\u015bci o\u017cywaj\u0105, a ka\u017cdy talent znajduje swoje [&hellip;]","og_url":"https:\/\/www.ab2pro.com\/pl\/agences\/agencja-ab2pro-angers\/","og_site_name":"AB2PRO","article_modified_time":"2025-06-20T13:50:34+00:00","og_image":[{"width":1920,"height":600,"url":"https:\/\/www.ab2pro.com\/wp-content\/uploads\/2020\/11\/fond-home.jpg","type":"image\/jpeg"}],"twitter_card":"summary_large_image","schema":{"@context":"https:\/\/schema.org","@graph":[{"@type":"WebPage","@id":"https:\/\/www.ab2pro.com\/pl\/agences\/agencja-ab2pro-angers\/","url":"https:\/\/www.ab2pro.com\/pl\/agences\/agencja-ab2pro-angers\/","name":"Agencja AB2PRO Angers - AB2PRO","isPartOf":{"@id":"https:\/\/www.ab2pro.com\/pl\/#website"},"datePublished":"2023-11-07T14:23:54+00:00","dateModified":"2025-06-20T13:50:34+00:00","breadcrumb":{"@id":"https:\/\/www.ab2pro.com\/pl\/agences\/agencja-ab2pro-angers\/#breadcrumb"},"inLanguage":"pl-PL","potentialAction":[{"@type":"ReadAction","target":["https:\/\/www.ab2pro.com\/pl\/agences\/agencja-ab2pro-angers\/"]}]},{"@type":"BreadcrumbList","@id":"https:\/\/www.ab2pro.com\/pl\/agences\/agencja-ab2pro-angers\/#breadcrumb","itemListElement":[{"@type":"ListItem","position":1,"name":"Accueil","item":"https:\/\/www.ab2pro.com\/pl\/"},{"@type":"ListItem","position":2,"name":"Agences","item":"https:\/\/www.ab2pro.com\/pl\/agences\/"},{"@type":"ListItem","position":3,"name":"Agencja AB2PRO Angers"}]},{"@type":"WebSite","@id":"https:\/\/www.ab2pro.com\/pl\/#website","url":"https:\/\/www.ab2pro.com\/pl\/","name":"AB2PRO","description":"Agence d&#039;emploi sp\u00e9cialis\u00e9e dans le recrutement de travailleurs europ\u00e9ens","publisher":{"@id":"https:\/\/www.ab2pro.com\/pl\/#organization"},"potentialAction":[{"@type":"SearchAction","target":{"@type":"EntryPoint","urlTemplate":"https:\/\/www.ab2pro.com\/pl\/?s={search_term_string}"},"query-input":{"@type":"PropertyValueSpecification","valueRequired":true,"valueName":"search_term_string"}}],"inLanguage":"pl-PL"},{"@type":"Organization","@id":"https:\/\/www.ab2pro.com\/pl\/#organization","name":"AB2PRO","url":"https:\/\/www.ab2pro.com\/pl\/","logo":{"@type":"ImageObject","inLanguage":"pl-PL","@id":"https:\/\/www.ab2pro.com\/pl\/#\/schema\/logo\/image\/","url":"https:\/\/www.ab2pro.com\/wp-content\/uploads\/2020\/11\/logo-profil.png","contentUrl":"https:\/\/www.ab2pro.com\/wp-content\/uploads\/2020\/11\/logo-profil.png","width":230,"height":47,"caption":"AB2PRO"},"image":{"@id":"https:\/\/www.ab2pro.com\/pl\/#\/schema\/logo\/image\/"}}]}},"_links":{"self":[{"href":"https:\/\/www.ab2pro.com\/pl\/wp-json\/wp\/v2\/agence\/48918","targetHints":{"allow":["GET"]}}],"collection":[{"href":"https:\/\/www.ab2pro.com\/pl\/wp-json\/wp\/v2\/agence"}],"about":[{"href":"https:\/\/www.ab2pro.com\/pl\/wp-json\/wp\/v2\/types\/agence"}],"author":[{"embeddable":true,"href":"https:\/\/www.ab2pro.com\/pl\/wp-json\/wp\/v2\/users\/1"}],"version-history":[{"count":0,"href":"https:\/\/www.ab2pro.com\/pl\/wp-json\/wp\/v2\/agence\/48918\/revisions"}],"wp:attachment":[{"href":"https:\/\/www.ab2pro.com\/pl\/wp-json\/wp\/v2\/media?parent=48918"}],"curies":[{"name":"wp","href":"https:\/\/api.w.org\/{rel}","templated":true}]}}