
{"id":48932,"date":"2023-11-07T15:31:49","date_gmt":"2023-11-07T14:31:49","guid":{"rendered":"https:\/\/www.ab2pro.com\/?post_type=agence&#038;p=48932"},"modified":"2025-06-20T15:41:49","modified_gmt":"2025-06-20T13:41:49","slug":"agencja-ab2pro-tuluza","status":"publish","type":"agence","link":"https:\/\/www.ab2pro.com\/pl\/agences\/agencja-ab2pro-tuluza\/","title":{"rendered":"Agencja AB2PRO Tuluza"},"content":{"rendered":"<p data-pm-slice=\"0 0 []\"><strong>Zanurz si\u0119 w \u015bwiecie zawodowej doskona\u0142o\u015bci z nasz\u0105 agencj\u0105 pracy tymczasowej w Tuluzie.<\/strong> Jeste\u015bmy Twoj\u0105 bram\u0105 do wyj\u0105tkowych mo\u017cliwo\u015bci i satysfakcjonuj\u0105cej kariery. Pozw\u00f3l, aby <strong>nasz utalentowany zesp\u00f3\u0142<\/strong> poprowadzi\u0142 Ci\u0119 ku nowym horyzontom. <\/p>\n<p>Spotkasz tam <strong>Simon\u0119<\/strong>, kt\u00f3ra kieruje nasz\u0105 agencj\u0105, otoczon\u0105 <strong>swoim zespo\u0142em.<\/strong> Wszyscy z pe\u0142nym zaanga\u017cowaniem i profesjonalizmem wykorzystaj\u0105 swoje do\u015bwiadczenie, aby wspiera\u0107 Ci\u0119 w Twoich zleceniach.<\/p>\n<p><strong>Nasz wyspecjalizowany zesp\u00f3\u0142<\/strong> posiada dog\u0142\u0119bn\u0105 wiedz\u0119 na temat rynk\u00f3w mi\u0119dzynarodowych oraz kluczowe kompetencje umo\u017cliwiaj\u0105ce \u0142\u0105czenie firm z odpowiednimi talentami, w szczeg\u00f3lno\u015bci na W\u0119grzech. Dzi\u0119ki umiej\u0119tno\u015bci trafnej identyfikacji najbardziej odpowiednich kandydat\u00f3w zapewniamy skuteczn\u0105 rekrutacj\u0119, dostosowan\u0105 do Pa\u0144stwa najbardziej specyficznych potrzeb. <\/p>\n<p>Po\u0142o\u017cona w t\u0119tni\u0105cym \u017cyciem regionie Oksytanii, <strong>Tuluza <\/strong>to dynamiczne miejsce, gdzie innowacja spotyka si\u0119 z tradycj\u0105. Korzystaj\u0105c z naszych us\u0142ug rekrutacyjnych na najwy\u017cszym poziomie, b\u0119d\u0105 mogli Pa\u0144stwo r\u00f3wnie\u017c cieszy\u0107 si\u0119 urokiem kultury oraz wyj\u0105tkow\u0105 jako\u015bci\u0105 \u017cycia, jak\u0105 oferuje ten s\u0142oneczny i go\u015bcinny region. <\/p>\n<p>Nie przegap okazji, by nawi\u0105za\u0107 wsp\u00f3\u0142prac\u0119 z nasz\u0105 agencj\u0105 rekrutacyjn\u0105 w Tuluzie.<strong> Poznaj Simon\u0119 i jej zesp\u00f3\u0142 ju\u017c dzi\u015b<\/strong> \u2013 razem stw\u00f3rzmy obiecuj\u0105c\u0105 przysz\u0142o\u015b\u0107 zawodow\u0105 dla Ciebie i Twojej firmy.<\/p>\n<p><strong>Skontaktuj si\u0119 z nami ju\u017c teraz<\/strong>, aby om\u00f3wi\u0107 swoje potrzeby rekrutacyjne i pozw\u00f3l nam pokaza\u0107, jak mo\u017cemy pom\u00f3c Ci osi\u0105gn\u0105\u0107 Twoje najbardziej ambitne cele.<\/p>","protected":false},"excerpt":{"rendered":"<p>Zanurz si\u0119 w \u015bwiecie zawodowej doskona\u0142o\u015bci z nasz\u0105 agencj\u0105 pracy tymczasowej w Tuluzie. Jeste\u015bmy Twoj\u0105 bram\u0105 do wyj\u0105tkowych mo\u017cliwo\u015bci i [&hellip;]<\/p>\n","protected":false},"author":1,"featured_media":72071,"template":"","meta":{"_acf_changed":false,"footnotes":""},"class_list":["post-48932","agence","type-agence","status-publish","has-post-thumbnail","hentry"],"acf":[],"yoast_head":"<!-- This site is optimized with the Yoast SEO plugin v26.8 - https:\/\/yoast.com\/product\/yoast-seo-wordpress\/ -->\n<title>Agencja AB2PRO Tuluza - AB2PRO<\/title>\n<meta name=\"robots\" content=\"index, follow, max-snippet:-1, max-image-preview:large, max-video-preview:-1\" \/>\n<link rel=\"canonical\" href=\"https:\/\/www.ab2pro.com\/pl\/agences\/agencja-ab2pro-tuluza\/\" \/>\n<meta property=\"og:locale\" content=\"pl_PL\" \/>\n<meta property=\"og:type\" content=\"article\" \/>\n<meta property=\"og:title\" content=\"Agencja AB2PRO Tuluza - AB2PRO\" \/>\n<meta property=\"og:description\" content=\"Zanurz si\u0119 w \u015bwiecie zawodowej doskona\u0142o\u015bci z nasz\u0105 agencj\u0105 pracy tymczasowej w Tuluzie. Jeste\u015bmy Twoj\u0105 bram\u0105 do wyj\u0105tkowych mo\u017cliwo\u015bci i [&hellip;]\" \/>\n<meta property=\"og:url\" content=\"https:\/\/www.ab2pro.com\/pl\/agences\/agencja-ab2pro-tuluza\/\" \/>\n<meta property=\"og:site_name\" content=\"AB2PRO\" \/>\n<meta property=\"article:modified_time\" content=\"2025-06-20T13:41:49+00:00\" \/>\n<meta property=\"og:image\" content=\"https:\/\/www.ab2pro.com\/wp-content\/uploads\/2020\/11\/toulouse-1024x681.png\" \/>\n\t<meta property=\"og:image:width\" content=\"1024\" \/>\n\t<meta property=\"og:image:height\" content=\"681\" \/>\n\t<meta property=\"og:image:type\" content=\"image\/png\" \/>\n<meta name=\"twitter:card\" content=\"summary_large_image\" \/>\n<meta name=\"twitter:label1\" content=\"Szacowany czas czytania\" \/>\n\t<meta name=\"twitter:data1\" content=\"2 minuty\" \/>\n<script type=\"application\/ld+json\" class=\"yoast-schema-graph\">{\"@context\":\"https:\/\/schema.org\",\"@graph\":[{\"@type\":\"WebPage\",\"@id\":\"https:\/\/www.ab2pro.com\/pl\/agences\/agencja-ab2pro-tuluza\/\",\"url\":\"https:\/\/www.ab2pro.com\/pl\/agences\/agencja-ab2pro-tuluza\/\",\"name\":\"Agencja AB2PRO Tuluza - AB2PRO\",\"isPartOf\":{\"@id\":\"https:\/\/www.ab2pro.com\/pl\/#website\"},\"primaryImageOfPage\":{\"@id\":\"https:\/\/www.ab2pro.com\/pl\/agences\/agencja-ab2pro-tuluza\/#primaryimage\"},\"image\":{\"@id\":\"https:\/\/www.ab2pro.com\/pl\/agences\/agencja-ab2pro-tuluza\/#primaryimage\"},\"thumbnailUrl\":\"https:\/\/www.ab2pro.com\/wp-content\/uploads\/2020\/11\/toulouse.png\",\"datePublished\":\"2023-11-07T14:31:49+00:00\",\"dateModified\":\"2025-06-20T13:41:49+00:00\",\"breadcrumb\":{\"@id\":\"https:\/\/www.ab2pro.com\/pl\/agences\/agencja-ab2pro-tuluza\/#breadcrumb\"},\"inLanguage\":\"pl-PL\",\"potentialAction\":[{\"@type\":\"ReadAction\",\"target\":[\"https:\/\/www.ab2pro.com\/pl\/agences\/agencja-ab2pro-tuluza\/\"]}]},{\"@type\":\"ImageObject\",\"inLanguage\":\"pl-PL\",\"@id\":\"https:\/\/www.ab2pro.com\/pl\/agences\/agencja-ab2pro-tuluza\/#primaryimage\",\"url\":\"https:\/\/www.ab2pro.com\/wp-content\/uploads\/2020\/11\/toulouse.png\",\"contentUrl\":\"https:\/\/www.ab2pro.com\/wp-content\/uploads\/2020\/11\/toulouse.png\",\"width\":1920,\"height\":1277},{\"@type\":\"BreadcrumbList\",\"@id\":\"https:\/\/www.ab2pro.com\/pl\/agences\/agencja-ab2pro-tuluza\/#breadcrumb\",\"itemListElement\":[{\"@type\":\"ListItem\",\"position\":1,\"name\":\"Accueil\",\"item\":\"https:\/\/www.ab2pro.com\/pl\/\"},{\"@type\":\"ListItem\",\"position\":2,\"name\":\"Agences\",\"item\":\"https:\/\/www.ab2pro.com\/pl\/agences\/\"},{\"@type\":\"ListItem\",\"position\":3,\"name\":\"Agencja AB2PRO Tuluza\"}]},{\"@type\":\"WebSite\",\"@id\":\"https:\/\/www.ab2pro.com\/pl\/#website\",\"url\":\"https:\/\/www.ab2pro.com\/pl\/\",\"name\":\"AB2PRO\",\"description\":\"Agence d&#039;emploi sp\u00e9cialis\u00e9e dans le recrutement de travailleurs europ\u00e9ens\",\"publisher\":{\"@id\":\"https:\/\/www.ab2pro.com\/pl\/#organization\"},\"potentialAction\":[{\"@type\":\"SearchAction\",\"target\":{\"@type\":\"EntryPoint\",\"urlTemplate\":\"https:\/\/www.ab2pro.com\/pl\/?s={search_term_string}\"},\"query-input\":{\"@type\":\"PropertyValueSpecification\",\"valueRequired\":true,\"valueName\":\"search_term_string\"}}],\"inLanguage\":\"pl-PL\"},{\"@type\":\"Organization\",\"@id\":\"https:\/\/www.ab2pro.com\/pl\/#organization\",\"name\":\"AB2PRO\",\"url\":\"https:\/\/www.ab2pro.com\/pl\/\",\"logo\":{\"@type\":\"ImageObject\",\"inLanguage\":\"pl-PL\",\"@id\":\"https:\/\/www.ab2pro.com\/pl\/#\/schema\/logo\/image\/\",\"url\":\"https:\/\/www.ab2pro.com\/wp-content\/uploads\/2020\/11\/logo-profil.png\",\"contentUrl\":\"https:\/\/www.ab2pro.com\/wp-content\/uploads\/2020\/11\/logo-profil.png\",\"width\":230,\"height\":47,\"caption\":\"AB2PRO\"},\"image\":{\"@id\":\"https:\/\/www.ab2pro.com\/pl\/#\/schema\/logo\/image\/\"}}]}<\/script>\n<!-- \/ Yoast SEO plugin. -->","yoast_head_json":{"title":"Agencja AB2PRO Tuluza - AB2PRO","robots":{"index":"index","follow":"follow","max-snippet":"max-snippet:-1","max-image-preview":"max-image-preview:large","max-video-preview":"max-video-preview:-1"},"canonical":"https:\/\/www.ab2pro.com\/pl\/agences\/agencja-ab2pro-tuluza\/","og_locale":"pl_PL","og_type":"article","og_title":"Agencja AB2PRO Tuluza - AB2PRO","og_description":"Zanurz si\u0119 w \u015bwiecie zawodowej doskona\u0142o\u015bci z nasz\u0105 agencj\u0105 pracy tymczasowej w Tuluzie. Jeste\u015bmy Twoj\u0105 bram\u0105 do wyj\u0105tkowych mo\u017cliwo\u015bci i [&hellip;]","og_url":"https:\/\/www.ab2pro.com\/pl\/agences\/agencja-ab2pro-tuluza\/","og_site_name":"AB2PRO","article_modified_time":"2025-06-20T13:41:49+00:00","og_image":[{"width":1024,"height":681,"url":"https:\/\/www.ab2pro.com\/wp-content\/uploads\/2020\/11\/toulouse-1024x681.png","type":"image\/png"}],"twitter_card":"summary_large_image","twitter_misc":{"Szacowany czas czytania":"2 minuty"},"schema":{"@context":"https:\/\/schema.org","@graph":[{"@type":"WebPage","@id":"https:\/\/www.ab2pro.com\/pl\/agences\/agencja-ab2pro-tuluza\/","url":"https:\/\/www.ab2pro.com\/pl\/agences\/agencja-ab2pro-tuluza\/","name":"Agencja AB2PRO Tuluza - AB2PRO","isPartOf":{"@id":"https:\/\/www.ab2pro.com\/pl\/#website"},"primaryImageOfPage":{"@id":"https:\/\/www.ab2pro.com\/pl\/agences\/agencja-ab2pro-tuluza\/#primaryimage"},"image":{"@id":"https:\/\/www.ab2pro.com\/pl\/agences\/agencja-ab2pro-tuluza\/#primaryimage"},"thumbnailUrl":"https:\/\/www.ab2pro.com\/wp-content\/uploads\/2020\/11\/toulouse.png","datePublished":"2023-11-07T14:31:49+00:00","dateModified":"2025-06-20T13:41:49+00:00","breadcrumb":{"@id":"https:\/\/www.ab2pro.com\/pl\/agences\/agencja-ab2pro-tuluza\/#breadcrumb"},"inLanguage":"pl-PL","potentialAction":[{"@type":"ReadAction","target":["https:\/\/www.ab2pro.com\/pl\/agences\/agencja-ab2pro-tuluza\/"]}]},{"@type":"ImageObject","inLanguage":"pl-PL","@id":"https:\/\/www.ab2pro.com\/pl\/agences\/agencja-ab2pro-tuluza\/#primaryimage","url":"https:\/\/www.ab2pro.com\/wp-content\/uploads\/2020\/11\/toulouse.png","contentUrl":"https:\/\/www.ab2pro.com\/wp-content\/uploads\/2020\/11\/toulouse.png","width":1920,"height":1277},{"@type":"BreadcrumbList","@id":"https:\/\/www.ab2pro.com\/pl\/agences\/agencja-ab2pro-tuluza\/#breadcrumb","itemListElement":[{"@type":"ListItem","position":1,"name":"Accueil","item":"https:\/\/www.ab2pro.com\/pl\/"},{"@type":"ListItem","position":2,"name":"Agences","item":"https:\/\/www.ab2pro.com\/pl\/agences\/"},{"@type":"ListItem","position":3,"name":"Agencja AB2PRO Tuluza"}]},{"@type":"WebSite","@id":"https:\/\/www.ab2pro.com\/pl\/#website","url":"https:\/\/www.ab2pro.com\/pl\/","name":"AB2PRO","description":"Agence d&#039;emploi sp\u00e9cialis\u00e9e dans le recrutement de travailleurs europ\u00e9ens","publisher":{"@id":"https:\/\/www.ab2pro.com\/pl\/#organization"},"potentialAction":[{"@type":"SearchAction","target":{"@type":"EntryPoint","urlTemplate":"https:\/\/www.ab2pro.com\/pl\/?s={search_term_string}"},"query-input":{"@type":"PropertyValueSpecification","valueRequired":true,"valueName":"search_term_string"}}],"inLanguage":"pl-PL"},{"@type":"Organization","@id":"https:\/\/www.ab2pro.com\/pl\/#organization","name":"AB2PRO","url":"https:\/\/www.ab2pro.com\/pl\/","logo":{"@type":"ImageObject","inLanguage":"pl-PL","@id":"https:\/\/www.ab2pro.com\/pl\/#\/schema\/logo\/image\/","url":"https:\/\/www.ab2pro.com\/wp-content\/uploads\/2020\/11\/logo-profil.png","contentUrl":"https:\/\/www.ab2pro.com\/wp-content\/uploads\/2020\/11\/logo-profil.png","width":230,"height":47,"caption":"AB2PRO"},"image":{"@id":"https:\/\/www.ab2pro.com\/pl\/#\/schema\/logo\/image\/"}}]}},"_links":{"self":[{"href":"https:\/\/www.ab2pro.com\/pl\/wp-json\/wp\/v2\/agence\/48932","targetHints":{"allow":["GET"]}}],"collection":[{"href":"https:\/\/www.ab2pro.com\/pl\/wp-json\/wp\/v2\/agence"}],"about":[{"href":"https:\/\/www.ab2pro.com\/pl\/wp-json\/wp\/v2\/types\/agence"}],"author":[{"embeddable":true,"href":"https:\/\/www.ab2pro.com\/pl\/wp-json\/wp\/v2\/users\/1"}],"version-history":[{"count":0,"href":"https:\/\/www.ab2pro.com\/pl\/wp-json\/wp\/v2\/agence\/48932\/revisions"}],"wp:featuredmedia":[{"embeddable":true,"href":"https:\/\/www.ab2pro.com\/pl\/wp-json\/wp\/v2\/media\/72071"}],"wp:attachment":[{"href":"https:\/\/www.ab2pro.com\/pl\/wp-json\/wp\/v2\/media?parent=48932"}],"curies":[{"name":"wp","href":"https:\/\/api.w.org\/{rel}","templated":true}]}}