
{"id":7897,"date":"2021-03-01T19:05:56","date_gmt":"2021-03-01T18:05:56","guid":{"rendered":"https:\/\/www.ab2pro.com\/zapisy-wymagane-przez-prawo\/"},"modified":"2021-06-22T14:17:13","modified_gmt":"2021-06-22T12:17:13","slug":"zapisy-wymagane-przez-prawo","status":"publish","type":"page","link":"https:\/\/www.ab2pro.com\/pl\/zapisy-wymagane-przez-prawo\/","title":{"rendered":"Zapisy wymagane przez prawo"},"content":{"rendered":"<p>[vc_row el_id=&#8221;bandeau-page&#8221; css=&#8221;.vc_custom_1607699497001{background-image: url(https:\/\/www.ab2pro.com\/wp-content\/uploads\/2020\/12\/Qui-sommes-nous-bandeau-titre.jpg?id=4654) !important;}&#8221;][vc_column][vc_column_text]<\/p>\n<h1>Zapisy wymagane przez prawo<\/h1>\n<p>[\/vc_column_text][\/vc_column][\/vc_row][vc_row el_id=&#8221;mentions-legales&#8221;][vc_column][vc_column_text]<\/p>\n<h2>1. Prezentacja strony<\/h2>\n<p>Zgodnie z art. 6 ustawy nr 2004-575 z 21 czerwca 2004 r. o zaufaniu do gospodarki cyfrowej, u\u017cytkownicy strony www.ab2pro.com s\u0105 informowani o to\u017csamo\u015bci r\u00f3\u017cnych interesariuszy w ramach jej realizacji i zarz\u0105dzania:[\/vc_column_text][vc_row_inner][vc_column_inner width=&#8221;1\/2&#8243;][vc_column_text]<strong>W\u0142a\u015bciciel:<\/strong> AB2PRO &#8211; Palma Francja &#8211; 4 rue des Douelles &#8211; 44830 BOUAYE<\/p>\n<p>Telefon: 02 40 48 44 54<br \/>\nS.A.S. z kapita\u0142em 1 000 000\u20ac \u2013 RCS Nantes \u200e508 436 110<br \/>\nAdres siedziby: 4 rue des douelles 44830 Bouaye[\/vc_column_text][\/vc_column_inner][vc_column_inner width=&#8221;1\/2&#8243;][vc_column_text]Nr VAT wewn\u0105trzwsp\u00f3lnotowy: FR26508436110<br \/>\nNr SIRET : 50843611000029<\/p>\n<p><strong>Kierownik publikacji:<\/strong> Arthur Cousseau \u2013 &#x64;&#x69;&#x67;&#x69;&#x74;&#x61;&#x6c;&#x40;&#x61;&#x62;&#x32;&#x70;&#x72;&#x6f;&#x2e;&#x63;&#x6f;&#x6d;<br \/>\nKierownikiem publikacji jest osoba fizyczna lub prawna.[\/vc_column_text][\/vc_column_inner][\/vc_row_inner][vc_row_inner][vc_column_inner width=&#8221;1\/2&#8243;][vc_column_text]<\/p>\n<h2>Witryna ab2pro.com jest obs\u0142ugiwana przez:<\/h2>\n<p>OVH<br \/>\n2 rue kellermann<br \/>\nBP 80157<br \/>\n59053 ROUBAIX Cedex 1<br \/>\nTelefon: +33 (0)8 203 203 63<br \/>\nE-mail : &#x73;&#117;&#112;p&#x6f;&#x72;&#116;&#64;&#x6f;&#x76;&#104;&#46;&#x63;&#x6f;&#109;[\/vc_column_text][\/vc_column_inner][vc_column_inner width=&#8221;1\/2&#8243;][vc_column_text]<\/p>\n<h2>Witryna ab2pro.com zosta\u0142a stworzona przez:<\/h2>\n<p>Agencj\u0119 web Enjin<br \/>\nE-mail : <a href=\"&#x6d;&#97;&#x69;&#x6c;&#116;&#x6f;&#x3a;&#99;&#x6f;&#x6e;&#116;&#x61;&#x63;t&#x40;&#x65;n&#x6a;&#105;n&#x2e;&#102;r\">co&#110;&#116;&#97;&#x63;&#x74;&#x40;&#x65;&#x6e;ji&#110;&#46;&#102;&#x72;<\/a><br \/>\nStrona internetowa: <a href=\"https:\/\/www.enjin.fr\">www.enjin.fr<\/a>[\/vc_column_text][\/vc_column_inner][\/vc_row_inner][vc_column_text]<\/p>\n<h2>2. Og\u00f3lne warunki korzystania z serwisu i oferowanych us\u0142ug<\/h2>\n<p>Celem niniejszych OWK jest okre\u015blenie og\u00f3lnych warunk\u00f3w korzystania ze strony https:\/\/www.ab2pro.com i umo\u017cliwienie u\u017cytkownikowi korzystania z powi\u0105zanych us\u0142ug.<\/p>\n<p>Korzystanie ze strony https:\/\/www.ab2pro.com oznacza pe\u0142n\u0105 akceptacj\u0119 og\u00f3lnych warunk\u00f3w u\u017cytkowania opisanych poni\u017cej. Te warunki u\u017cytkowania mog\u0105 zosta\u0107 zmienione lub uzupe\u0142nione w dowolnym momencie, dlatego u\u017cytkownicy witryny https:\/\/www.ab2pro.com s\u0105 proszeni o regularne sprawdzanie ich.<\/p>\n<p>Ta witryna jest zwykle dost\u0119pna dla u\u017cytkownik\u00f3w przez ca\u0142y czas. O przerwaniu zwi\u0105zanym z konserwacj\u0105 techniczn\u0105 mo\u017ce jednak zdecydowa\u0107 AB2PRO, kt\u00f3ry nast\u0119pnie postara si\u0119 poinformowa\u0107 u\u017cytkownik\u00f3w z wyprzedzeniem o datach i godzinach interwencji.<\/p>\n<p>Witryna https:\/\/www.ab2pro.com jest regularnie aktualizowana przez Firm\u0119 Palma France. Podobnie, informacje prawne mo\u017cna w ka\u017cdej chwili zmieni\u0107: niemniej jednak dotycz\u0105 one u\u017cytkownika, kt\u00f3ry jest proszony o jak najcz\u0119stsze odwo\u0142ywanie si\u0119 do nich w celu zapoznania si\u0119 z nimi.<\/p>\n<h2>3. Opis \u015bwiadczonych us\u0142ug<\/h2>\n<p>Celem strony https:\/\/www.ab2pro.com jest dostarczanie informacji o wszystkich dzia\u0142aniach firmy.<\/p>\n<p>Palma France dok\u0142ada wszelkich stara\u0144, aby witryna https:\/\/www.ab2pro.com zawiera\u0142a mo\u017cliwie dok\u0142adne informacje. Jednak nie mo\u017ce by\u0107 poci\u0105gni\u0119ta do odpowiedzialno\u015bci za pomini\u0119cia, nie\u015bcis\u0142o\u015bci i braki w aktualizacji, spowodowane przez ni\u0105 lub przez partner\u00f3w zewn\u0119trznych, kt\u00f3rzy przekazuj\u0105 jej te informacje.<\/p>\n<p>Wszystkie informacje wskazane na stronie https:\/\/www.ab2pro.com s\u0105 podane jako wskaz\u00f3wka i prawdopodobnie b\u0119d\u0105 ewoluowa\u0107. Ponadto informacje na stronie https:\/\/www.ab2pro.com nie s\u0105 wyczerpuj\u0105ce. Podlegaj\u0105 one modyfikacjom, kt\u00f3re zosta\u0142y wprowadzone od czasu ich umieszczenia w Internecie.<\/p>\n<h2>4. Umowne ograniczenia na temat danych technicznych<\/h2>\n<p>Do u\u017cytkownika nale\u017cy sprawdzenie, czy jego sprz\u0119t jest kompatybilny, a przegl\u0105darka ma dost\u0119p do witryny i oferowanych przez ni\u0105 us\u0142ug.<\/p>\n<p>Witryna korzysta z technologii WordPress.<\/p>\n<p>Serwis nie ponosi odpowiedzialno\u015bci za szkody materialne zwi\u0105zane z korzystaniem z serwisu. Ponadto u\u017cytkownik serwisu wyra\u017ca zgod\u0119 na korzystanie z serwisu przy u\u017cyciu najnowszego sprz\u0119tu, kt\u00f3ry nie zawiera wirus\u00f3w oraz aktualnej przegl\u0105darki najnowszej generacji.<\/p>\n<h2>5. W\u0142asno\u015b\u0107 intelektualna i podr\u00f3bki<\/h2>\n<p>Palma France jest w\u0142a\u015bcicielem praw w\u0142asno\u015bci intelektualnej lub posiada prawa u\u017cytkowania wszystkich element\u00f3w dost\u0119pnych na stronie, w szczeg\u00f3lno\u015bci tekst\u00f3w, obraz\u00f3w, grafiki, logo, ikon, d\u017awi\u0119k\u00f3w, oprogramowania i marek.<\/p>\n<p>Jakiekolwiek powielanie, przedstawianie, modyfikowanie, publikowanie, adaptacja ca\u0142o\u015bci lub cz\u0119\u015bci element\u00f3w witryny, niezale\u017cnie od zastosowanych \u015brodk\u00f3w lub proces\u00f3w, jest zabronione bez uprzedniej pisemnej zgody: Palma France.<\/p>\n<p>Jakiekolwiek nieuprawnione u\u017cycie strony lub kt\u00f3regokolwiek z element\u00f3w, kt\u00f3re ona zawiera, b\u0119dzie traktowane jako naruszenie i b\u0119dzie \u015bcigane zgodnie z przepisami cywilnymi i karnymi przewidzianymi w tej sprawie.<\/p>\n<h2>6. Ograniczenia odpowiedzialno\u015bci<\/h2>\n<p>Palma France ne pourra \u00eatre tenue responsable des dommages directs et indirects caus\u00e9s au mat\u00e9riel de l\u2019utilisateur, lors de l\u2019acc\u00e8s au site https:\/\/www.ab2pro.com\u00a0, et r\u00e9sultant soit de l\u2019utilisation d\u2019un mat\u00e9riel ne r\u00e9pondant pas aux sp\u00e9cifications indiqu\u00e9es au point 4, soit de l\u2019apparition d\u2019un bug ou d\u2019une incompatibilit\u00e9.<\/p>\n<p>Palma France ne pourra \u00e9galement \u00eatre tenue responsable des dommages indirects (tels par exemple qu\u2019une perte de march\u00e9 ou perte d\u2019une chance) cons\u00e9cutifs \u00e0 l\u2019utilisation du site\u00a0https:\/\/www.ab2pro.com\u00a0.<\/p>\n<p>Dans le cas o\u00f9 un identifiant ou un code d&#8217;acc\u00e8s serait n\u00e9cessaire \u00e0 la connexion aux services propos\u00e9s par le site, il appartient \u00e0 l&#8217;Utilisateur de conserver ses identifiants et codes d&#8217;acc\u00e8s de mani\u00e8re \u00e0 ce qu&#8217;ils demeurent strictement personnelles et confidentiels. De ce fait, toute connexion r\u00e9alis\u00e9e avec un identifiant ou un code d&#8217;acc\u00e8s valable sera r\u00e9put\u00e9e \u00eatre effectu\u00e9e par l&#8217;Utilisateur et Palma France ne pourra pas \u00eatre tenu responsable de leur utilisation par un tiers.<\/p>\n<p>Palma France nie mo\u017ce by\u0107 poci\u0105gni\u0119ta do odpowiedzialno\u015bci za bezpo\u015brednie lub po\u015brednie szkody wyrz\u0105dzone na sprz\u0119cie u\u017cytkownika podczas uzyskiwania dost\u0119pu do strony https:\/\/www.ab2pro.com i wynikaj\u0105ce z u\u017cycia niereaguj\u0105cego sprz\u0119tu. lub pojawienie si\u0119 b\u0142\u0119du lub niezgodno\u015bci.<\/p>\n<p>Palma France nie mo\u017ce r\u00f3wnie\u017c zosta\u0107 poci\u0105gni\u0119ta do odpowiedzialno\u015bci za szkody po\u015brednie (takie jak na przyk\u0142ad utrata rynku lub utrata mo\u017cliwo\u015bci) wynikaj\u0105ce z korzystania ze strony https:\/\/www.ab2pro.com.<\/p>\n<p>W przypadku, gdy identyfikator lub kod dost\u0119pu jest niezb\u0119dny do po\u0142\u0105czenia si\u0119 z us\u0142ugami oferowanymi przez witryn\u0119, obowi\u0105zkiem U\u017cytkownika jest zachowanie swoich identyfikator\u00f3w i kod\u00f3w dost\u0119pu, aby pozosta\u0142y \u015bci\u015ble osobiste i poufne. W rezultacie ka\u017cde po\u0142\u0105czenie wykonane przy u\u017cyciu prawid\u0142owej nazwy u\u017cytkownika lub kodu dost\u0119pu zostanie uznane za wykonane przez u\u017cytkownika, a firma Palma France nie mo\u017ce by\u0107 poci\u0105gni\u0119ta do odpowiedzialno\u015bci za ich u\u017cycie przez osob\u0119 trzeci\u0105.<\/p>\n<p>Interaktywne us\u0142ugi (mo\u017cliwo\u015b\u0107 zadawania pyta\u0144 za pomoc\u0105 komunikatora) s\u0105 dost\u0119pne dla u\u017cytkownik\u00f3w. Palma France zastrzega sobie prawo do usuni\u0119cia, bez uprzedzenia, wszelkich tre\u015bci zamieszczonych w tym miejscu, kt\u00f3re narusza\u0142yby prawo obowi\u0105zuj\u0105ce we Francji, ale tak\u017ce w Unii Europejskiej, w szczeg\u00f3lno\u015bci przepisy dotycz\u0105ce ochrony danych. W stosownych przypadkach Palma France zastrzega sobie r\u00f3wnie\u017c prawo do zakwestionowania odpowiedzialno\u015bci cywilnej i \/ lub karnej u\u017cytkownika, w szczeg\u00f3lno\u015bci w przypadku wiadomo\u015bci rasistowskiej, obra\u017aliwej, znies\u0142awiaj\u0105cej lub pornograficznej, niezale\u017cnie od u\u017cywanego \u015brodka przekazu (tekst, fotografia\u2026).<\/p>\n<p>U\u017cytkownik zobowi\u0105zuje si\u0119 do podania dok\u0142adnie \u017c\u0105danych informacji, bez obra\u017aliwego lub niezgodnego z prawem, wzmianki i ponosi wy\u0142\u0105czn\u0105 odpowiedzialno\u015b\u0107 za wspomniane wzmianki, kt\u00f3rych prawdziwo\u015b\u0107 gwarantuje. Zobowi\u0105zuje si\u0119 okresowo i tak szybko, jak to mo\u017cliwe, aktualizowa\u0107 je w razie potrzeby.[\/vc_column_text][vc_btn title=&#8221;Polityka prywatno\u015bci&#8221; link=&#8221;url:https%3A%2F%2Fwww.ab2pro.com%2Fpl%2Fpolityka-prywatnosci%2F|title:Polityka%20prywatno%C5%9Bci&#8221;][\/vc_column][\/vc_row]<\/p>\n","protected":false},"excerpt":{"rendered":"<p>[vc_row el_id=&#8221;bandeau-page&#8221; css=&#8221;.vc_custom_1607699497001{background-image: url(https:\/\/www.ab2pro.com\/wp-content\/uploads\/2020\/12\/Qui-sommes-nous-bandeau-titre.jpg?id=4654) !important;}&#8221;][vc_column][vc_column_text] Zapisy wymagane przez prawo [\/vc_column_text][\/vc_column][\/vc_row][vc_row el_id=&#8221;mentions-legales&#8221;][vc_column][vc_column_text] 1. Prezentacja strony Zgodnie z art. 6 ustawy nr [&hellip;]<\/p>\n","protected":false},"author":1,"featured_media":0,"parent":0,"menu_order":0,"comment_status":"closed","ping_status":"closed","template":"","meta":{"_acf_changed":false,"footnotes":""},"class_list":["post-7897","page","type-page","status-publish","hentry"],"acf":[],"yoast_head":"<!-- This site is optimized with the Yoast SEO plugin v26.8 - https:\/\/yoast.com\/product\/yoast-seo-wordpress\/ -->\n<title>Zapisy wymagane przez prawo - AB2PRO<\/title>\n<meta name=\"description\" content=\"Zapisy wymagane przez prawo - AB2PRO\" \/>\n<meta name=\"robots\" content=\"noindex, nofollow\" \/>\n<meta property=\"og:locale\" content=\"pl_PL\" \/>\n<meta property=\"og:type\" content=\"article\" \/>\n<meta property=\"og:title\" content=\"Zapisy wymagane przez prawo - AB2PRO\" \/>\n<meta property=\"og:description\" content=\"Zapisy wymagane przez prawo - AB2PRO\" \/>\n<meta property=\"og:url\" content=\"https:\/\/www.ab2pro.com\/pl\/zapisy-wymagane-przez-prawo\/\" \/>\n<meta property=\"og:site_name\" content=\"AB2PRO\" \/>\n<meta property=\"article:modified_time\" content=\"2021-06-22T12:17:13+00:00\" \/>\n<meta property=\"og:image\" content=\"https:\/\/www.ab2pro.com\/wp-content\/uploads\/2020\/11\/fond-home.jpg\" \/>\n\t<meta property=\"og:image:width\" content=\"1920\" \/>\n\t<meta property=\"og:image:height\" content=\"600\" \/>\n\t<meta property=\"og:image:type\" content=\"image\/jpeg\" \/>\n<meta name=\"twitter:card\" content=\"summary_large_image\" \/>\n<meta name=\"twitter:label1\" content=\"Szacowany czas czytania\" \/>\n\t<meta name=\"twitter:data1\" content=\"6 minut\" \/>\n<script type=\"application\/ld+json\" class=\"yoast-schema-graph\">{\"@context\":\"https:\/\/schema.org\",\"@graph\":[{\"@type\":\"WebPage\",\"@id\":\"https:\/\/www.ab2pro.com\/pl\/zapisy-wymagane-przez-prawo\/\",\"url\":\"https:\/\/www.ab2pro.com\/pl\/zapisy-wymagane-przez-prawo\/\",\"name\":\"Zapisy wymagane przez prawo - AB2PRO\",\"isPartOf\":{\"@id\":\"https:\/\/www.ab2pro.com\/pl\/#website\"},\"datePublished\":\"2021-03-01T18:05:56+00:00\",\"dateModified\":\"2021-06-22T12:17:13+00:00\",\"description\":\"Zapisy wymagane przez prawo - AB2PRO\",\"breadcrumb\":{\"@id\":\"https:\/\/www.ab2pro.com\/pl\/zapisy-wymagane-przez-prawo\/#breadcrumb\"},\"inLanguage\":\"pl-PL\",\"potentialAction\":[{\"@type\":\"ReadAction\",\"target\":[\"https:\/\/www.ab2pro.com\/pl\/zapisy-wymagane-przez-prawo\/\"]}]},{\"@type\":\"BreadcrumbList\",\"@id\":\"https:\/\/www.ab2pro.com\/pl\/zapisy-wymagane-przez-prawo\/#breadcrumb\",\"itemListElement\":[{\"@type\":\"ListItem\",\"position\":1,\"name\":\"Accueil\",\"item\":\"https:\/\/www.ab2pro.com\/pl\/\"},{\"@type\":\"ListItem\",\"position\":2,\"name\":\"Zapisy wymagane przez prawo\"}]},{\"@type\":\"WebSite\",\"@id\":\"https:\/\/www.ab2pro.com\/pl\/#website\",\"url\":\"https:\/\/www.ab2pro.com\/pl\/\",\"name\":\"AB2PRO\",\"description\":\"Agence d&#039;emploi sp\u00e9cialis\u00e9e dans le recrutement de travailleurs europ\u00e9ens\",\"publisher\":{\"@id\":\"https:\/\/www.ab2pro.com\/pl\/#organization\"},\"potentialAction\":[{\"@type\":\"SearchAction\",\"target\":{\"@type\":\"EntryPoint\",\"urlTemplate\":\"https:\/\/www.ab2pro.com\/pl\/?s={search_term_string}\"},\"query-input\":{\"@type\":\"PropertyValueSpecification\",\"valueRequired\":true,\"valueName\":\"search_term_string\"}}],\"inLanguage\":\"pl-PL\"},{\"@type\":\"Organization\",\"@id\":\"https:\/\/www.ab2pro.com\/pl\/#organization\",\"name\":\"AB2PRO\",\"url\":\"https:\/\/www.ab2pro.com\/pl\/\",\"logo\":{\"@type\":\"ImageObject\",\"inLanguage\":\"pl-PL\",\"@id\":\"https:\/\/www.ab2pro.com\/pl\/#\/schema\/logo\/image\/\",\"url\":\"https:\/\/www.ab2pro.com\/wp-content\/uploads\/2020\/11\/logo-profil.png\",\"contentUrl\":\"https:\/\/www.ab2pro.com\/wp-content\/uploads\/2020\/11\/logo-profil.png\",\"width\":230,\"height\":47,\"caption\":\"AB2PRO\"},\"image\":{\"@id\":\"https:\/\/www.ab2pro.com\/pl\/#\/schema\/logo\/image\/\"}}]}<\/script>\n<!-- \/ Yoast SEO plugin. -->","yoast_head_json":{"title":"Zapisy wymagane przez prawo - AB2PRO","description":"Zapisy wymagane przez prawo - AB2PRO","robots":{"index":"noindex","follow":"nofollow"},"og_locale":"pl_PL","og_type":"article","og_title":"Zapisy wymagane przez prawo - AB2PRO","og_description":"Zapisy wymagane przez prawo - AB2PRO","og_url":"https:\/\/www.ab2pro.com\/pl\/zapisy-wymagane-przez-prawo\/","og_site_name":"AB2PRO","article_modified_time":"2021-06-22T12:17:13+00:00","og_image":[{"width":1920,"height":600,"url":"https:\/\/www.ab2pro.com\/wp-content\/uploads\/2020\/11\/fond-home.jpg","type":"image\/jpeg"}],"twitter_card":"summary_large_image","twitter_misc":{"Szacowany czas czytania":"6 minut"},"schema":{"@context":"https:\/\/schema.org","@graph":[{"@type":"WebPage","@id":"https:\/\/www.ab2pro.com\/pl\/zapisy-wymagane-przez-prawo\/","url":"https:\/\/www.ab2pro.com\/pl\/zapisy-wymagane-przez-prawo\/","name":"Zapisy wymagane przez prawo - AB2PRO","isPartOf":{"@id":"https:\/\/www.ab2pro.com\/pl\/#website"},"datePublished":"2021-03-01T18:05:56+00:00","dateModified":"2021-06-22T12:17:13+00:00","description":"Zapisy wymagane przez prawo - AB2PRO","breadcrumb":{"@id":"https:\/\/www.ab2pro.com\/pl\/zapisy-wymagane-przez-prawo\/#breadcrumb"},"inLanguage":"pl-PL","potentialAction":[{"@type":"ReadAction","target":["https:\/\/www.ab2pro.com\/pl\/zapisy-wymagane-przez-prawo\/"]}]},{"@type":"BreadcrumbList","@id":"https:\/\/www.ab2pro.com\/pl\/zapisy-wymagane-przez-prawo\/#breadcrumb","itemListElement":[{"@type":"ListItem","position":1,"name":"Accueil","item":"https:\/\/www.ab2pro.com\/pl\/"},{"@type":"ListItem","position":2,"name":"Zapisy wymagane przez prawo"}]},{"@type":"WebSite","@id":"https:\/\/www.ab2pro.com\/pl\/#website","url":"https:\/\/www.ab2pro.com\/pl\/","name":"AB2PRO","description":"Agence d&#039;emploi sp\u00e9cialis\u00e9e dans le recrutement de travailleurs europ\u00e9ens","publisher":{"@id":"https:\/\/www.ab2pro.com\/pl\/#organization"},"potentialAction":[{"@type":"SearchAction","target":{"@type":"EntryPoint","urlTemplate":"https:\/\/www.ab2pro.com\/pl\/?s={search_term_string}"},"query-input":{"@type":"PropertyValueSpecification","valueRequired":true,"valueName":"search_term_string"}}],"inLanguage":"pl-PL"},{"@type":"Organization","@id":"https:\/\/www.ab2pro.com\/pl\/#organization","name":"AB2PRO","url":"https:\/\/www.ab2pro.com\/pl\/","logo":{"@type":"ImageObject","inLanguage":"pl-PL","@id":"https:\/\/www.ab2pro.com\/pl\/#\/schema\/logo\/image\/","url":"https:\/\/www.ab2pro.com\/wp-content\/uploads\/2020\/11\/logo-profil.png","contentUrl":"https:\/\/www.ab2pro.com\/wp-content\/uploads\/2020\/11\/logo-profil.png","width":230,"height":47,"caption":"AB2PRO"},"image":{"@id":"https:\/\/www.ab2pro.com\/pl\/#\/schema\/logo\/image\/"}}]}},"_links":{"self":[{"href":"https:\/\/www.ab2pro.com\/pl\/wp-json\/wp\/v2\/pages\/7897","targetHints":{"allow":["GET"]}}],"collection":[{"href":"https:\/\/www.ab2pro.com\/pl\/wp-json\/wp\/v2\/pages"}],"about":[{"href":"https:\/\/www.ab2pro.com\/pl\/wp-json\/wp\/v2\/types\/page"}],"author":[{"embeddable":true,"href":"https:\/\/www.ab2pro.com\/pl\/wp-json\/wp\/v2\/users\/1"}],"replies":[{"embeddable":true,"href":"https:\/\/www.ab2pro.com\/pl\/wp-json\/wp\/v2\/comments?post=7897"}],"version-history":[{"count":0,"href":"https:\/\/www.ab2pro.com\/pl\/wp-json\/wp\/v2\/pages\/7897\/revisions"}],"wp:attachment":[{"href":"https:\/\/www.ab2pro.com\/pl\/wp-json\/wp\/v2\/media?parent=7897"}],"curies":[{"name":"wp","href":"https:\/\/api.w.org\/{rel}","templated":true}]}}