
{"id":6280,"date":"2021-02-15T16:27:58","date_gmt":"2021-02-15T15:27:58","guid":{"rendered":"https:\/\/www.ab2pro.com\/politica-de-privacidade\/"},"modified":"2021-02-15T16:27:58","modified_gmt":"2021-02-15T15:27:58","slug":"politica-de-privacidade","status":"publish","type":"page","link":"https:\/\/www.ab2pro.com\/pt-pt\/politica-de-privacidade\/","title":{"rendered":"Pol\u00edtica de Privacidade"},"content":{"rendered":"<p>[vc_row el_id=&#8221;bandeau-page&#8221; css=&#8221;.vc_custom_1607699497001{background-image: url(https:\/\/www.ab2pro.com\/wp-content\/uploads\/2020\/12\/Qui-sommes-nous-bandeau-titre.jpg?id=4654) !important;}&#8221;][vc_column][vc_column_text]<\/p>\n<h1>Pol\u00edtica de Privacidade<\/h1>\n<p>[\/vc_column_text][\/vc_column][\/vc_row][vc_row el_id=&#8221;mentions-legales&#8221;][vc_column][vc_column_text]<\/p>\n<h2>1. Gest\u00e3o de dados pessoais<\/h2>\n<p>A protec\u00e7\u00e3o de dados pessoais \u00e9 uma quest\u00e3o importante de confian\u00e7a entre Palma France e os v\u00e1rios Utilizadores do site. Como tal, \u00e9 uma preocupa\u00e7\u00e3o importante para Palma France.<\/p>\n<p>Para que os utilizadores possam fazer escolhas informadas sobre a utiliza\u00e7\u00e3o dos seus dados pessoais, Palma France esfor\u00e7a-se por ser o mais transparente poss\u00edvel e implementou uma pol\u00edtica de gest\u00e3o nesta \u00e1rea.<\/p>\n<p>Para este efeito, Palma France optou por nomear um delegado para a protec\u00e7\u00e3o de dados (Palma France &#8211; Arthur COUSSEAU, 4 rue des Douelles &#8211; 44830 BOUAYE) que implementa e verifica a correcta aplica\u00e7\u00e3o da legisla\u00e7\u00e3o aplic\u00e1vel em mat\u00e9ria de protec\u00e7\u00e3o de dados pessoais, nomeadamente no que diz respeito \u00e0 lei francesa n\u00b078-17 de 6 de Janeiro de 1978 relativa \u00e0 protec\u00e7\u00e3o de dados.<\/p>\n<p>Palma France e o RPD asseguram a implementa\u00e7\u00e3o do novo Regulamento Geral sobre Protec\u00e7\u00e3o de Dados (RGPD) resultante do Regulamento n\u00ba 2016\/679 do Parlamento Europeu e do Conselho de 27 de Abril de 2016 relativo \u00e0 protec\u00e7\u00e3o das pessoas singulares no que diz respeito ao tratamento de dados pessoais e \u00e0 livre circula\u00e7\u00e3o desses dados.<\/p>\n<p>A fim de melhor garantir a protec\u00e7\u00e3o dos dados pessoais, Palma France implementou tamb\u00e9m um processo de controlo interno, bem como v\u00e1rios procedimentos de seguran\u00e7a para assegurar a confidencialidade das informa\u00e7\u00f5es pessoais dos utilizadores.<\/p>\n<p>Como terceira parte de confian\u00e7a, Palma France faz todos os esfor\u00e7os para garantir a seguran\u00e7a das suas informa\u00e7\u00f5es pessoais.<\/p>\n<h3>1.1. Dados recolhidos<\/h3>\n<p>Os dados relativos aos Utilizadores que Palma France pode recolher s\u00e3o mantidos a um n\u00edvel m\u00ednimo e adaptados aos diferentes fins procurados. S\u00e3o as seguintes:<\/p>\n<p><strong>Dados recolhidos aquando da apresenta\u00e7\u00e3o de um pedido :<\/strong><\/p>\n<p>Os dados s\u00e3o os seguintes: apelido do Utilizador, nome pr\u00f3prio, morada pessoal, data de nascimento, endere\u00e7o electr\u00f3nico, n\u00famero de telefone, n\u00edvel de qualifica\u00e7\u00e3o, CV e informa\u00e7\u00f5es profissionais.<\/p>\n<p>Palma France s\u00f3 recolhe estes dados com o consentimento dos candidatos. Alguns destes dados s\u00e3o obrigat\u00f3rios e marcados com um asterisco. Se o Utilizador n\u00e3o os fornecer, n\u00e3o poder\u00e1 aceder aos Servi\u00e7os.<\/p>\n<p><strong>Dados recolhidos aquando do envio de um pedido de pessoal :<\/strong><\/p>\n<p>Os dados recolhidos s\u00e3o os seguintes: Apelido, nome pr\u00f3prio, cargo, telefone, endere\u00e7o electr\u00f3nico, facebook\/messenger profile.<\/p>\n<p>Palma France s\u00f3 recolhe estes dados com o consentimento dos candidatos. Alguns destes dados s\u00e3o obrigat\u00f3rios e marcados com um asterisco. Se o Utilizador n\u00e3o os fornecer, n\u00e3o poder\u00e1 aceder aos Servi\u00e7os.<\/p>\n<p><strong>Dados de login recolhidos durante a liga\u00e7\u00e3o e utiliza\u00e7\u00e3o do Site :<\/strong><\/p>\n<p>Biscoitos: Os cookies s\u00e3o utilizados, como parte da utiliza\u00e7\u00e3o do Site, para recolher certas informa\u00e7\u00f5es (em particular informa\u00e7\u00f5es relativas ao computador utilizado para a navega\u00e7\u00e3o, o modo de liga\u00e7\u00e3o, o tipo e a vers\u00e3o do navegador da Internet, o sistema operativo&#8230;) Tem a possibilidade de desactivar os cookies a partir das defini\u00e7\u00f5es do seu navegador (cf: 2. Hiperliga\u00e7\u00f5es de hipertexto e cookies.)<\/p>\n<h3>1.2 Finalidades do tratamento de dados<\/h3>\n<p>O processamento destes Dados \u00e9 necess\u00e1rio para permitir aos Utilizadores :<\/p>\n<p>Submeter a sua candidatura no Site e enviar mensagens a Palma France,<\/p>\n<p>A finalidade das informa\u00e7\u00f5es solicitadas e recolhidas no Site \u00e9 o recrutamento de Candidatos, a comunica\u00e7\u00e3o com os Candidatos e a gest\u00e3o administrativa do seu ficheiro com um dos nossos Clientes.<\/p>\n<p>Destina-se exclusivamente \u00e0 Palma France e \u00e0s empresas interessadas no perfil dos Candidatos. Os dados dos utilizadores n\u00e3o s\u00e3o comunicados a terceiros para fins de prospec\u00e7\u00e3o comercial.\u00a0Palma France pode no entanto ser obrigada a comunicar os seus dados \u00e0s autoridades legais se a lei o obrigar a faz\u00ea-lo.<\/p>\n<p>Os dados de liga\u00e7\u00e3o s\u00e3o utilizados para fins estat\u00edsticos relativamente \u00e0 consulta das p\u00e1ginas do S\u00edtio e ao tr\u00e1fego que gera.<\/p>\n<p>Nenhuma decis\u00e3o com efeitos legais para os Utilizadores \u00e9 tomada por processamento exclusivamente automatizado.<\/p>\n<h3>1.3. Per\u00edodo de reten\u00e7\u00e3o de dados<\/h3>\n<p>Os Dados do Utilizador s\u00e3o armazenados pela Palma France durante o tempo necess\u00e1rio para utilizar a sua conta de Candidato e\/ou a sua subscri\u00e7\u00e3o dos Servi\u00e7os colocados \u00e0 sua disposi\u00e7\u00e3o pela Palma France.<\/p>\n<p>A fim de proteger os seus dados pessoais, estes dados ser\u00e3o apagados DOIS (12) meses ap\u00f3s a sua \u00faltima liga\u00e7\u00e3o ou a sua \u00faltima miss\u00e3o\/recrutamento por um dos nossos Clientes, ap\u00f3s aviso pr\u00e9vio e salvo especifica\u00e7\u00e3o em contr\u00e1rio por si.<\/p>\n<h3>1.4. Direitos de dados dos utilizadores<\/h3>\n<p>Cada utilizador que tenha apresentado um pedido tem o direito de aceder, rectificar, limitar e opor-se ao processamento, e de o eliminar. O Utilizador tem igualmente direito \u00e0 portabilidade dos dados que lhe dizem respeito num prazo razo\u00e1vel e sem custos excessivos, de acordo com as disposi\u00e7\u00f5es em vigor e que regem a protec\u00e7\u00e3o de dados pessoais.<\/p>\n<p>Ele pode aceder e modificar os seus dados:<\/p>\n<ul>\n<li>quer directamente online atrav\u00e9s do separador &#8220;contacte-nos&#8221;,<\/li>\n<li>ou pelo correio, enviando o seu pedido para o seguinte endere\u00e7o: Palma France &#8211; Arthur COUSSEAU &#8211; 4 rue des Douelles &#8211; 44830 BOUAYE &#8211; FRAN\u00c7A<\/li>\n<\/ul>\n<p>\u00c9 no entanto indicado aos Utilizadores que em caso de elimina\u00e7\u00e3o de dados pessoais pelo utilizador, Palma France deixar\u00e1 de poder oferecer o seu perfil a empresas suscept\u00edveis de estarem interessadas em contrat\u00e1-lo.<\/p>\n<p>Em qualquer caso, o utilizador pode apresentar uma queixa junto da CNIL (Commission Nationale Informatique et Libert\u00e9s).<\/p>\n<h3>1.5. Seguran\u00e7a dos dados pessoais<\/h3>\n<p>De acordo com os requisitos do RGPD, Palma France implementa as medidas apropriadas para proteger os dados pessoais o melhor poss\u00edvel contra perda acidental, acesso n\u00e3o autorizado, utiliza\u00e7\u00e3o, altera\u00e7\u00e3o ou divulga\u00e7\u00e3o.<\/p>\n<p>Apesar dos seus melhores esfor\u00e7os a este respeito, Palma France n\u00e3o pode garantir contra a viola\u00e7\u00e3o do seu sistema inform\u00e1tico e da Internet por um terceiro n\u00e3o autorizado agindo com fins ileg\u00edtimos.<\/p>\n<h3>1.6. Modifica\u00e7\u00f5es<\/h3>\n<p>A vers\u00e3o que pode ser consultada no s\u00edtio https:\/\/www.ab2pro.com \u00e9 a vers\u00e3o dos avisos legais em vigor no dia da liga\u00e7\u00e3o. Palma France pode fazer altera\u00e7\u00f5es a este aviso legal por qualquer raz\u00e3o que considere \u00fatil, e em particular para assegurar um melhor cumprimento da legisla\u00e7\u00e3o aplic\u00e1vel.<\/p>\n<h2>2. Liga\u00e7\u00f5es de hipertexto e cookies.<\/h2>\n<p>O site cont\u00e9m um certo n\u00famero de links de hipertexto para outros sites, criados com a autoriza\u00e7\u00e3o de Palma France. No entanto, Palma France n\u00e3o est\u00e1 em condi\u00e7\u00f5es de verificar o conte\u00fado dos s\u00edtios assim visitados, e consequentemente n\u00e3o assume qualquer responsabilidade por este facto.<\/p>\n<p>A navega\u00e7\u00e3o no site pode causar a instala\u00e7\u00e3o de cookies no computador do utilizador. Um cookie \u00e9 um pequeno ficheiro, que n\u00e3o permite a identifica\u00e7\u00e3o do utilizador, mas que regista informa\u00e7\u00f5es relacionadas com a navega\u00e7\u00e3o de um computador num s\u00edtio. Os dados obtidos desta forma destinam-se a facilitar a navega\u00e7\u00e3o subsequente no site, e destinam-se tamb\u00e9m a permitir v\u00e1rias medidas de frequ\u00eancia.<\/p>\n<p>A recusa de instalar um cookie pode tornar imposs\u00edvel o acesso a determinados servi\u00e7os. No entanto, o utilizador pode configurar o seu computador da seguinte forma para recusar a instala\u00e7\u00e3o de cookies:<\/p>\n<ul>\n<li>Sob Internet Explorer: separador de ferramentas (\u00edcone da engrenagem no canto superior direito) \/ op\u00e7\u00f5es de Internet. Clique em Confidencialidade e escolha Bloquear todos os cookies. Validar em Ok.<\/li>\n<li>Sob Firefox: no topo da janela do navegador, clique no bot\u00e3o Firefox, depois v\u00e1 para o separador Op\u00e7\u00f5es. Clique no separador Privacidade. Definir Regras de Reten\u00e7\u00e3o para: utilizar configura\u00e7\u00f5es personalizadas para hist\u00f3rico. Finalmente, desmarc\u00e1-lo para desactivar os cookies.<\/li>\n<li>Sob Safari: Clique no \u00edcone do menu (simbolizado por uma engrenagem) na parte superior direita do navegador. Seleccionar Defini\u00e7\u00f5es. Clique em Mostrar configura\u00e7\u00f5es avan\u00e7adas. Na sec\u00e7\u00e3o &#8220;Confidencialidade&#8221;, clicar em Defini\u00e7\u00f5es de conte\u00fado. Na sec\u00e7\u00e3o &#8220;Cookies&#8221;, pode bloquear os cookies.<\/li>\n<li>Sob Chrome: Clique no \u00edcone do menu (simbolizado por tr\u00eas linhas horizontais) na parte superior direita do navegador. Seleccionar Defini\u00e7\u00f5es. Clique em Mostrar defini\u00e7\u00f5es avan\u00e7adas. Na sec\u00e7\u00e3o &#8220;Privacidade&#8221;, clicar em Prefer\u00eancias. No separador &#8220;Privacidade&#8221;, pode bloquear os cookies.<\/li>\n<\/ul>\n<p>Palma France utiliza o Google Analytics, uma solu\u00e7\u00e3o de an\u00e1lise web de terceiros, para acompanhar o desempenho do seu website e o comportamento dos seus utilizadores atrav\u00e9s da utiliza\u00e7\u00e3o de cookies. Para medir o sucesso das nossas campanhas externas, tamb\u00e9m utilizamos um cookie para rastrear a origem das visitas.<\/p>\n<p>N\u00e3o utilizamos quaisquer cookies intrusivos para recolher informa\u00e7\u00f5es pessoais.<br \/>\n*** Translated with www.DeepL.com\/Translator (free version) ***<\/p><h2>3. Lei aplic\u00e1vel e jurisdi\u00e7\u00e3o<\/h2>\n<p>Qualquer disputa relacionada com a utiliza\u00e7\u00e3o do site est\u00e1 sujeita \u00e0 lei francesa. A jurisdi\u00e7\u00e3o exclusiva \u00e9 dada aos tribunais competentes de Nantes.<\/p>\n<h2>4. As principais leis em causa<\/h2>\n<ul>\n<li>Lei n\u00b0 78-17 de 6 de Janeiro de 1978, nomeadamente alterada pela lei n\u00b0 2004-801 de 6 de Agosto de 2004 relativa ao tratamento de dados, ficheiros e liberdades.<\/li>\n<li>Lei n\u00b0 2004-575 de 21 de Junho de 2004 para a confian\u00e7a na economia digital.<\/li>\n<li>Regulamento Geral sobre Protec\u00e7\u00e3o de Dados (RGPD) resultante do Regulamento n.\u00ba 2016\/679 do Parlamento Europeu e do Conselho de 27 de Abril de 2016 relativo \u00e0 protec\u00e7\u00e3o das pessoas singulares no que diz respeito ao tratamento de dados pessoais e \u00e0 livre circula\u00e7\u00e3o desses dados.<\/li>\n<\/ul>\n<h2>5. L\u00e9xico<\/h2>\n<p>Utilizador: Utilizador da Internet ligado, utilizando o s\u00edtio acima mencionado.<\/p>\n<p>Informa\u00e7\u00f5es pessoais: &#8220;informa\u00e7\u00f5es que permitem, sob qualquer forma, directa ou indirectamente, a identifica\u00e7\u00e3o das pessoas singulares \u00e0s quais se aplica&#8221; (artigo 4 da lei n\u00b0 78-17 de 6 de Janeiro de 1978).[\/vc_column_text][\/vc_column][\/vc_row]<\/p>\n","protected":false},"excerpt":{"rendered":"<p>[vc_row el_id=&#8221;bandeau-page&#8221; css=&#8221;.vc_custom_1607699497001{background-image: url(https:\/\/www.ab2pro.com\/wp-content\/uploads\/2020\/12\/Qui-sommes-nous-bandeau-titre.jpg?id=4654) !important;}&#8221;][vc_column][vc_column_text] Pol\u00edtica de Privacidade [\/vc_column_text][\/vc_column][\/vc_row][vc_row el_id=&#8221;mentions-legales&#8221;][vc_column][vc_column_text] 1. Gest\u00e3o de dados pessoais A protec\u00e7\u00e3o de dados pessoais [&hellip;]<\/p>\n","protected":false},"author":1,"featured_media":0,"parent":0,"menu_order":0,"comment_status":"closed","ping_status":"closed","template":"","meta":{"_acf_changed":false,"footnotes":""},"class_list":["post-6280","page","type-page","status-publish","hentry"],"acf":[],"yoast_head":"<!-- This site is optimized with the Yoast SEO plugin v26.8 - https:\/\/yoast.com\/product\/yoast-seo-wordpress\/ -->\n<title>Pol\u00edtica de Privacidade - AB2PRO<\/title>\n<meta name=\"description\" content=\"Pol\u00edtica de Privacidade - AB2PRO\" \/>\n<meta name=\"robots\" content=\"index, follow, max-snippet:-1, max-image-preview:large, max-video-preview:-1\" \/>\n<link rel=\"canonical\" href=\"https:\/\/www.ab2pro.com\/pt-pt\/politica-de-privacidade\/\" \/>\n<meta property=\"og:locale\" content=\"pt_PT\" \/>\n<meta property=\"og:type\" content=\"article\" \/>\n<meta property=\"og:title\" content=\"Pol\u00edtica de Privacidade - AB2PRO\" \/>\n<meta property=\"og:description\" content=\"Pol\u00edtica de Privacidade - AB2PRO\" \/>\n<meta property=\"og:url\" content=\"https:\/\/www.ab2pro.com\/pt-pt\/politica-de-privacidade\/\" \/>\n<meta property=\"og:site_name\" content=\"AB2PRO\" \/>\n<meta property=\"og:image\" content=\"https:\/\/www.ab2pro.com\/wp-content\/uploads\/2020\/11\/fond-home.jpg\" \/>\n\t<meta property=\"og:image:width\" content=\"1920\" \/>\n\t<meta property=\"og:image:height\" content=\"600\" \/>\n\t<meta property=\"og:image:type\" content=\"image\/jpeg\" \/>\n<meta name=\"twitter:card\" content=\"summary_large_image\" \/>\n<meta name=\"twitter:label1\" content=\"Tempo estimado de leitura\" \/>\n\t<meta name=\"twitter:data1\" content=\"8 minutos\" \/>\n<script type=\"application\/ld+json\" class=\"yoast-schema-graph\">{\"@context\":\"https:\/\/schema.org\",\"@graph\":[{\"@type\":\"WebPage\",\"@id\":\"https:\/\/www.ab2pro.com\/pt-pt\/politica-de-privacidade\/\",\"url\":\"https:\/\/www.ab2pro.com\/pt-pt\/politica-de-privacidade\/\",\"name\":\"Pol\u00edtica de Privacidade - AB2PRO\",\"isPartOf\":{\"@id\":\"https:\/\/www.ab2pro.com\/pt-pt\/#website\"},\"datePublished\":\"2021-02-15T15:27:58+00:00\",\"description\":\"Pol\u00edtica de Privacidade - AB2PRO\",\"breadcrumb\":{\"@id\":\"https:\/\/www.ab2pro.com\/pt-pt\/politica-de-privacidade\/#breadcrumb\"},\"inLanguage\":\"pt-PT\",\"potentialAction\":[{\"@type\":\"ReadAction\",\"target\":[\"https:\/\/www.ab2pro.com\/pt-pt\/politica-de-privacidade\/\"]}]},{\"@type\":\"BreadcrumbList\",\"@id\":\"https:\/\/www.ab2pro.com\/pt-pt\/politica-de-privacidade\/#breadcrumb\",\"itemListElement\":[{\"@type\":\"ListItem\",\"position\":1,\"name\":\"Accueil\",\"item\":\"https:\/\/www.ab2pro.com\/pt-pt\/\"},{\"@type\":\"ListItem\",\"position\":2,\"name\":\"Pol\u00edtica de Privacidade\"}]},{\"@type\":\"WebSite\",\"@id\":\"https:\/\/www.ab2pro.com\/pt-pt\/#website\",\"url\":\"https:\/\/www.ab2pro.com\/pt-pt\/\",\"name\":\"AB2PRO\",\"description\":\"Agence d&#039;emploi sp\u00e9cialis\u00e9e dans le recrutement de travailleurs europ\u00e9ens\",\"publisher\":{\"@id\":\"https:\/\/www.ab2pro.com\/pt-pt\/#organization\"},\"potentialAction\":[{\"@type\":\"SearchAction\",\"target\":{\"@type\":\"EntryPoint\",\"urlTemplate\":\"https:\/\/www.ab2pro.com\/pt-pt\/?s={search_term_string}\"},\"query-input\":{\"@type\":\"PropertyValueSpecification\",\"valueRequired\":true,\"valueName\":\"search_term_string\"}}],\"inLanguage\":\"pt-PT\"},{\"@type\":\"Organization\",\"@id\":\"https:\/\/www.ab2pro.com\/pt-pt\/#organization\",\"name\":\"AB2PRO\",\"url\":\"https:\/\/www.ab2pro.com\/pt-pt\/\",\"logo\":{\"@type\":\"ImageObject\",\"inLanguage\":\"pt-PT\",\"@id\":\"https:\/\/www.ab2pro.com\/pt-pt\/#\/schema\/logo\/image\/\",\"url\":\"https:\/\/www.ab2pro.com\/wp-content\/uploads\/2020\/11\/logo-profil.png\",\"contentUrl\":\"https:\/\/www.ab2pro.com\/wp-content\/uploads\/2020\/11\/logo-profil.png\",\"width\":230,\"height\":47,\"caption\":\"AB2PRO\"},\"image\":{\"@id\":\"https:\/\/www.ab2pro.com\/pt-pt\/#\/schema\/logo\/image\/\"}}]}<\/script>\n<!-- \/ Yoast SEO plugin. -->","yoast_head_json":{"title":"Pol\u00edtica de Privacidade - AB2PRO","description":"Pol\u00edtica de Privacidade - AB2PRO","robots":{"index":"index","follow":"follow","max-snippet":"max-snippet:-1","max-image-preview":"max-image-preview:large","max-video-preview":"max-video-preview:-1"},"canonical":"https:\/\/www.ab2pro.com\/pt-pt\/politica-de-privacidade\/","og_locale":"pt_PT","og_type":"article","og_title":"Pol\u00edtica de Privacidade - AB2PRO","og_description":"Pol\u00edtica de Privacidade - AB2PRO","og_url":"https:\/\/www.ab2pro.com\/pt-pt\/politica-de-privacidade\/","og_site_name":"AB2PRO","og_image":[{"width":1920,"height":600,"url":"https:\/\/www.ab2pro.com\/wp-content\/uploads\/2020\/11\/fond-home.jpg","type":"image\/jpeg"}],"twitter_card":"summary_large_image","twitter_misc":{"Tempo estimado de leitura":"8 minutos"},"schema":{"@context":"https:\/\/schema.org","@graph":[{"@type":"WebPage","@id":"https:\/\/www.ab2pro.com\/pt-pt\/politica-de-privacidade\/","url":"https:\/\/www.ab2pro.com\/pt-pt\/politica-de-privacidade\/","name":"Pol\u00edtica de Privacidade - AB2PRO","isPartOf":{"@id":"https:\/\/www.ab2pro.com\/pt-pt\/#website"},"datePublished":"2021-02-15T15:27:58+00:00","description":"Pol\u00edtica de Privacidade - AB2PRO","breadcrumb":{"@id":"https:\/\/www.ab2pro.com\/pt-pt\/politica-de-privacidade\/#breadcrumb"},"inLanguage":"pt-PT","potentialAction":[{"@type":"ReadAction","target":["https:\/\/www.ab2pro.com\/pt-pt\/politica-de-privacidade\/"]}]},{"@type":"BreadcrumbList","@id":"https:\/\/www.ab2pro.com\/pt-pt\/politica-de-privacidade\/#breadcrumb","itemListElement":[{"@type":"ListItem","position":1,"name":"Accueil","item":"https:\/\/www.ab2pro.com\/pt-pt\/"},{"@type":"ListItem","position":2,"name":"Pol\u00edtica de Privacidade"}]},{"@type":"WebSite","@id":"https:\/\/www.ab2pro.com\/pt-pt\/#website","url":"https:\/\/www.ab2pro.com\/pt-pt\/","name":"AB2PRO","description":"Agence d&#039;emploi sp\u00e9cialis\u00e9e dans le recrutement de travailleurs europ\u00e9ens","publisher":{"@id":"https:\/\/www.ab2pro.com\/pt-pt\/#organization"},"potentialAction":[{"@type":"SearchAction","target":{"@type":"EntryPoint","urlTemplate":"https:\/\/www.ab2pro.com\/pt-pt\/?s={search_term_string}"},"query-input":{"@type":"PropertyValueSpecification","valueRequired":true,"valueName":"search_term_string"}}],"inLanguage":"pt-PT"},{"@type":"Organization","@id":"https:\/\/www.ab2pro.com\/pt-pt\/#organization","name":"AB2PRO","url":"https:\/\/www.ab2pro.com\/pt-pt\/","logo":{"@type":"ImageObject","inLanguage":"pt-PT","@id":"https:\/\/www.ab2pro.com\/pt-pt\/#\/schema\/logo\/image\/","url":"https:\/\/www.ab2pro.com\/wp-content\/uploads\/2020\/11\/logo-profil.png","contentUrl":"https:\/\/www.ab2pro.com\/wp-content\/uploads\/2020\/11\/logo-profil.png","width":230,"height":47,"caption":"AB2PRO"},"image":{"@id":"https:\/\/www.ab2pro.com\/pt-pt\/#\/schema\/logo\/image\/"}}]}},"_links":{"self":[{"href":"https:\/\/www.ab2pro.com\/pt-pt\/wp-json\/wp\/v2\/pages\/6280","targetHints":{"allow":["GET"]}}],"collection":[{"href":"https:\/\/www.ab2pro.com\/pt-pt\/wp-json\/wp\/v2\/pages"}],"about":[{"href":"https:\/\/www.ab2pro.com\/pt-pt\/wp-json\/wp\/v2\/types\/page"}],"author":[{"embeddable":true,"href":"https:\/\/www.ab2pro.com\/pt-pt\/wp-json\/wp\/v2\/users\/1"}],"replies":[{"embeddable":true,"href":"https:\/\/www.ab2pro.com\/pt-pt\/wp-json\/wp\/v2\/comments?post=6280"}],"version-history":[{"count":0,"href":"https:\/\/www.ab2pro.com\/pt-pt\/wp-json\/wp\/v2\/pages\/6280\/revisions"}],"wp:attachment":[{"href":"https:\/\/www.ab2pro.com\/pt-pt\/wp-json\/wp\/v2\/media?parent=6280"}],"curies":[{"name":"wp","href":"https:\/\/api.w.org\/{rel}","templated":true}]}}