
{"id":48652,"date":"2023-11-07T11:50:12","date_gmt":"2023-11-07T10:50:12","guid":{"rendered":"https:\/\/www.ab2pro.com\/?post_type=agence&#038;p=48652"},"modified":"2025-06-20T14:52:52","modified_gmt":"2025-06-20T12:52:52","slug":"agentia-ab2pro-rouen","status":"publish","type":"agence","link":"https:\/\/www.ab2pro.com\/ro\/agences\/agentia-ab2pro-rouen\/","title":{"rendered":"Agen\u021bia AB2PRO Rouen"},"content":{"rendered":"<p data-pm-slice=\"0 0 []\"><strong>Bine a\u021bi venit la agen\u021bia noastr\u0103 de recrutare din Rouen<\/strong>, unde ne punem expertiza \u0219i dinamismul la dispozi\u021bia companiilor \u0219i a talentelor. Cu o istorie puternic\u0103 \u0219i energie, Rouen este o r\u0103scruce economic\u0103 unde tradi\u021bia \u0219i inova\u021bia se \u00eent\u00e2lnesc pentru a crea o multitudine de oportunit\u0103\u021bi de carier\u0103. <\/p>\n<p>\u00cen fruntea agen\u021biei, <strong>Fran\u00e7ois<\/strong>, directorul sucursalei, este adev\u0103ratul dirijor al orchestrei de recrutare. Leadership-ul \u0219i viziunea sa strategic\u0103 \u00eei permit s\u0103 identifice cele mai bune talente \u0219i s\u0103 garanteze un sprijin personalizat pentru companii. Angajamentul s\u0103u \u0219i cunoa\u0219terea aprofundat\u0103 a pie\u021bei fac din el un partener cheie \u00een dezvoltarea unor parteneriate solide \u0219i performante.  <\/p>\n<p>Lucr\u00e2nd al\u0103turi de ace\u0219tia, <strong>echipa noastr\u0103 <\/strong>ac\u021bioneaz\u0103 ca un liant \u00eentre companii \u0219i candida\u021bi, asigur\u00e2ndu-se c\u0103 profilurile pe care le oferim sunt perfect adaptate nevoilor pie\u021bei. Speciali\u0219ti \u00een recrutarea interna\u021bional\u0103, ei \u00ee\u0219i folosesc expertiza pentru a sprijini persoanele talentate \u00een integrarea \u0219i dezvoltarea carierei lor. <\/p>\n<p>Angajat\u0103 \u0219i riguroas\u0103, <strong>echipa noastr\u0103<\/strong> aduce o abordare uman\u0103 selec\u021biei candida\u021bilor. Datorit\u0103 \u00een\u021belegerii sale a pie\u021bei muncii \u0219i a capacit\u0103\u021bii sale de a identifica cele mai bune oportunit\u0103\u021bi, ea joac\u0103 un rol esen\u021bial \u00een asigurarea bunei desf\u0103\u0219ur\u0103ri a misiunilor \u0219i a sus\u021binerii persoanelor talentate. <\/p>\n<p><strong>Rouen, <\/strong>cu patrimoniul s\u0103u istoric \u0219i economia sa dinamic\u0103, este un ora\u0219 ideal \u00een care s\u0103 v\u0103 dezvolta\u021bi cariera. Cu str\u0103zile sale medievale, portul plin de via\u021b\u0103 \u0219i economia \u00een plin\u0103 expansiune, Rouen ofer\u0103 un mediu stimulativ pentru \u00eentreprinderi \u0219i lucr\u0103tori deopotriv\u0103. <\/p>\n<p>Fie c\u0103 sunte\u021bi o companie \u00een c\u0103utare de talente sau un candidat \u00een c\u0103utarea unei misiuni, <strong>Fran\u00e7ois \u0219i echipa sa<\/strong> sunt aici pentru a v\u0103 ajuta s\u0103 reu\u0219i\u021bi.<\/p>\n","protected":false},"excerpt":{"rendered":"<p>Bine a\u021bi venit la agen\u021bia noastr\u0103 de recrutare din Rouen, unde ne punem expertiza \u0219i dinamismul la dispozi\u021bia companiilor \u0219i [&hellip;]<\/p>\n","protected":false},"author":1,"featured_media":0,"template":"","meta":{"_acf_changed":false,"footnotes":""},"class_list":["post-48652","agence","type-agence","status-publish","hentry"],"acf":[],"yoast_head":"<!-- This site is optimized with the Yoast SEO plugin v26.8 - https:\/\/yoast.com\/product\/yoast-seo-wordpress\/ -->\n<title>Agen\u021bia AB2PRO Rouen - AB2PRO<\/title>\n<meta name=\"robots\" content=\"index, follow, max-snippet:-1, max-image-preview:large, max-video-preview:-1\" \/>\n<link rel=\"canonical\" href=\"https:\/\/www.ab2pro.com\/ro\/agences\/agentia-ab2pro-rouen\/\" \/>\n<meta property=\"og:locale\" content=\"ro_RO\" \/>\n<meta property=\"og:type\" content=\"article\" \/>\n<meta property=\"og:title\" content=\"Agen\u021bia AB2PRO Rouen - AB2PRO\" \/>\n<meta property=\"og:description\" content=\"Bine a\u021bi venit la agen\u021bia noastr\u0103 de recrutare din Rouen, unde ne punem expertiza \u0219i dinamismul la dispozi\u021bia companiilor \u0219i [&hellip;]\" \/>\n<meta property=\"og:url\" content=\"https:\/\/www.ab2pro.com\/ro\/agences\/agentia-ab2pro-rouen\/\" \/>\n<meta property=\"og:site_name\" content=\"AB2PRO\" \/>\n<meta property=\"article:modified_time\" content=\"2025-06-20T12:52:52+00:00\" \/>\n<meta property=\"og:image\" content=\"https:\/\/www.ab2pro.com\/wp-content\/uploads\/2020\/11\/fond-home.jpg\" \/>\n\t<meta property=\"og:image:width\" content=\"1920\" \/>\n\t<meta property=\"og:image:height\" content=\"600\" \/>\n\t<meta property=\"og:image:type\" content=\"image\/jpeg\" \/>\n<meta name=\"twitter:card\" content=\"summary_large_image\" \/>\n<script type=\"application\/ld+json\" class=\"yoast-schema-graph\">{\"@context\":\"https:\/\/schema.org\",\"@graph\":[{\"@type\":\"WebPage\",\"@id\":\"https:\/\/www.ab2pro.com\/ro\/agences\/agentia-ab2pro-rouen\/\",\"url\":\"https:\/\/www.ab2pro.com\/ro\/agences\/agentia-ab2pro-rouen\/\",\"name\":\"Agen\u021bia AB2PRO Rouen - AB2PRO\",\"isPartOf\":{\"@id\":\"https:\/\/www.ab2pro.com\/ro\/#website\"},\"datePublished\":\"2023-11-07T10:50:12+00:00\",\"dateModified\":\"2025-06-20T12:52:52+00:00\",\"breadcrumb\":{\"@id\":\"https:\/\/www.ab2pro.com\/ro\/agences\/agentia-ab2pro-rouen\/#breadcrumb\"},\"inLanguage\":\"ro-RO\",\"potentialAction\":[{\"@type\":\"ReadAction\",\"target\":[\"https:\/\/www.ab2pro.com\/ro\/agences\/agentia-ab2pro-rouen\/\"]}]},{\"@type\":\"BreadcrumbList\",\"@id\":\"https:\/\/www.ab2pro.com\/ro\/agences\/agentia-ab2pro-rouen\/#breadcrumb\",\"itemListElement\":[{\"@type\":\"ListItem\",\"position\":1,\"name\":\"Accueil\",\"item\":\"https:\/\/www.ab2pro.com\/ro\/\"},{\"@type\":\"ListItem\",\"position\":2,\"name\":\"Agences\",\"item\":\"https:\/\/www.ab2pro.com\/ro\/agences\/\"},{\"@type\":\"ListItem\",\"position\":3,\"name\":\"Agen\u021bia AB2PRO Rouen\"}]},{\"@type\":\"WebSite\",\"@id\":\"https:\/\/www.ab2pro.com\/ro\/#website\",\"url\":\"https:\/\/www.ab2pro.com\/ro\/\",\"name\":\"AB2PRO\",\"description\":\"Agence d&#039;emploi sp\u00e9cialis\u00e9e dans le recrutement de travailleurs europ\u00e9ens\",\"publisher\":{\"@id\":\"https:\/\/www.ab2pro.com\/ro\/#organization\"},\"potentialAction\":[{\"@type\":\"SearchAction\",\"target\":{\"@type\":\"EntryPoint\",\"urlTemplate\":\"https:\/\/www.ab2pro.com\/ro\/?s={search_term_string}\"},\"query-input\":{\"@type\":\"PropertyValueSpecification\",\"valueRequired\":true,\"valueName\":\"search_term_string\"}}],\"inLanguage\":\"ro-RO\"},{\"@type\":\"Organization\",\"@id\":\"https:\/\/www.ab2pro.com\/ro\/#organization\",\"name\":\"AB2PRO\",\"url\":\"https:\/\/www.ab2pro.com\/ro\/\",\"logo\":{\"@type\":\"ImageObject\",\"inLanguage\":\"ro-RO\",\"@id\":\"https:\/\/www.ab2pro.com\/ro\/#\/schema\/logo\/image\/\",\"url\":\"https:\/\/www.ab2pro.com\/wp-content\/uploads\/2020\/11\/logo-profil.png\",\"contentUrl\":\"https:\/\/www.ab2pro.com\/wp-content\/uploads\/2020\/11\/logo-profil.png\",\"width\":230,\"height\":47,\"caption\":\"AB2PRO\"},\"image\":{\"@id\":\"https:\/\/www.ab2pro.com\/ro\/#\/schema\/logo\/image\/\"}}]}<\/script>\n<!-- \/ Yoast SEO plugin. -->","yoast_head_json":{"title":"Agen\u021bia AB2PRO Rouen - AB2PRO","robots":{"index":"index","follow":"follow","max-snippet":"max-snippet:-1","max-image-preview":"max-image-preview:large","max-video-preview":"max-video-preview:-1"},"canonical":"https:\/\/www.ab2pro.com\/ro\/agences\/agentia-ab2pro-rouen\/","og_locale":"ro_RO","og_type":"article","og_title":"Agen\u021bia AB2PRO Rouen - AB2PRO","og_description":"Bine a\u021bi venit la agen\u021bia noastr\u0103 de recrutare din Rouen, unde ne punem expertiza \u0219i dinamismul la dispozi\u021bia companiilor \u0219i [&hellip;]","og_url":"https:\/\/www.ab2pro.com\/ro\/agences\/agentia-ab2pro-rouen\/","og_site_name":"AB2PRO","article_modified_time":"2025-06-20T12:52:52+00:00","og_image":[{"width":1920,"height":600,"url":"https:\/\/www.ab2pro.com\/wp-content\/uploads\/2020\/11\/fond-home.jpg","type":"image\/jpeg"}],"twitter_card":"summary_large_image","schema":{"@context":"https:\/\/schema.org","@graph":[{"@type":"WebPage","@id":"https:\/\/www.ab2pro.com\/ro\/agences\/agentia-ab2pro-rouen\/","url":"https:\/\/www.ab2pro.com\/ro\/agences\/agentia-ab2pro-rouen\/","name":"Agen\u021bia AB2PRO Rouen - AB2PRO","isPartOf":{"@id":"https:\/\/www.ab2pro.com\/ro\/#website"},"datePublished":"2023-11-07T10:50:12+00:00","dateModified":"2025-06-20T12:52:52+00:00","breadcrumb":{"@id":"https:\/\/www.ab2pro.com\/ro\/agences\/agentia-ab2pro-rouen\/#breadcrumb"},"inLanguage":"ro-RO","potentialAction":[{"@type":"ReadAction","target":["https:\/\/www.ab2pro.com\/ro\/agences\/agentia-ab2pro-rouen\/"]}]},{"@type":"BreadcrumbList","@id":"https:\/\/www.ab2pro.com\/ro\/agences\/agentia-ab2pro-rouen\/#breadcrumb","itemListElement":[{"@type":"ListItem","position":1,"name":"Accueil","item":"https:\/\/www.ab2pro.com\/ro\/"},{"@type":"ListItem","position":2,"name":"Agences","item":"https:\/\/www.ab2pro.com\/ro\/agences\/"},{"@type":"ListItem","position":3,"name":"Agen\u021bia AB2PRO Rouen"}]},{"@type":"WebSite","@id":"https:\/\/www.ab2pro.com\/ro\/#website","url":"https:\/\/www.ab2pro.com\/ro\/","name":"AB2PRO","description":"Agence d&#039;emploi sp\u00e9cialis\u00e9e dans le recrutement de travailleurs europ\u00e9ens","publisher":{"@id":"https:\/\/www.ab2pro.com\/ro\/#organization"},"potentialAction":[{"@type":"SearchAction","target":{"@type":"EntryPoint","urlTemplate":"https:\/\/www.ab2pro.com\/ro\/?s={search_term_string}"},"query-input":{"@type":"PropertyValueSpecification","valueRequired":true,"valueName":"search_term_string"}}],"inLanguage":"ro-RO"},{"@type":"Organization","@id":"https:\/\/www.ab2pro.com\/ro\/#organization","name":"AB2PRO","url":"https:\/\/www.ab2pro.com\/ro\/","logo":{"@type":"ImageObject","inLanguage":"ro-RO","@id":"https:\/\/www.ab2pro.com\/ro\/#\/schema\/logo\/image\/","url":"https:\/\/www.ab2pro.com\/wp-content\/uploads\/2020\/11\/logo-profil.png","contentUrl":"https:\/\/www.ab2pro.com\/wp-content\/uploads\/2020\/11\/logo-profil.png","width":230,"height":47,"caption":"AB2PRO"},"image":{"@id":"https:\/\/www.ab2pro.com\/ro\/#\/schema\/logo\/image\/"}}]}},"_links":{"self":[{"href":"https:\/\/www.ab2pro.com\/ro\/wp-json\/wp\/v2\/agence\/48652","targetHints":{"allow":["GET"]}}],"collection":[{"href":"https:\/\/www.ab2pro.com\/ro\/wp-json\/wp\/v2\/agence"}],"about":[{"href":"https:\/\/www.ab2pro.com\/ro\/wp-json\/wp\/v2\/types\/agence"}],"author":[{"embeddable":true,"href":"https:\/\/www.ab2pro.com\/ro\/wp-json\/wp\/v2\/users\/1"}],"version-history":[{"count":0,"href":"https:\/\/www.ab2pro.com\/ro\/wp-json\/wp\/v2\/agence\/48652\/revisions"}],"wp:attachment":[{"href":"https:\/\/www.ab2pro.com\/ro\/wp-json\/wp\/v2\/media?parent=48652"}],"curies":[{"name":"wp","href":"https:\/\/api.w.org\/{rel}","templated":true}]}}