
{"id":48680,"date":"2023-11-07T12:04:53","date_gmt":"2023-11-07T11:04:53","guid":{"rendered":"https:\/\/www.ab2pro.com\/?post_type=agence&#038;p=48680"},"modified":"2025-06-20T14:26:41","modified_gmt":"2025-06-20T12:26:41","slug":"agence-ab2pro-paris","status":"publish","type":"agence","link":"https:\/\/www.ab2pro.com\/ro\/agences\/agence-ab2pro-paris\/","title":{"rendered":"Agen\u021bia AB2PRO Paris"},"content":{"rendered":"<p data-pm-slice=\"0 0 []\"><strong>Bine a\u021bi venit la agen\u021bia noastr\u0103 de recrutare din Paris, <\/strong>unde ne punem expertiza \u0219i angajamentul \u00een slujba talentelor \u0219i a \u00eentreprinderilor. \u00cen inima capitalei, echipa noastr\u0103 v\u0103 va oferi sprijin profesional pentru a v\u0103 satisface nevoile de recrutare \u0219i pentru a v\u0103 oferi oportunit\u0103\u021bile potrivite. <\/p>\n<p>La conducerea agen\u021biei, <strong>Ioana<\/strong>, responsabila agentiei, se asigur\u0103 c\u0103 toate opera\u021biunile se desf\u0103\u0219oar\u0103 f\u0103r\u0103 probleme. Baz\u00e2ndu-se pe experien\u021ba \u0219i rigoarea sa, ea asigur\u0103 un management eficient \u0219i un control de \u00eenalt\u0103 calitate pentru a garanta satisfac\u021bia partenerilor \u0219i candida\u021bilor no\u0219tri. <\/p>\n<p><strong>Lucr\u00e2nd al\u0103turi de ace\u0219tia, echipa noastr\u0103<\/strong> asigur\u0103 coordonarea \u0219i buna desf\u0103\u0219urare a proceselor interne, facilit\u00e2nd gestionarea misiunilor \u0219i monitorizarea angaja\u021bilor. De asemenea, ei joac\u0103 un rol-cheie \u00een selectarea talentelor: datorit\u0103 expertizei \u0219i capacit\u0103\u021bii lor de a asculta, ei identific\u0103 profilurile cele mai potrivite pentru nevoile companiilor \u0219i sprijin\u0103 candida\u021bii pe tot parcursul carierei lor. <\/p>\n<p>Situat\u0103 \u00een Paris, agen\u021bia noastr\u0103 se bucur\u0103 de o pozi\u021bie strategic\u0103 \u00een inima unui bazin de locuri de munc\u0103 dinamic \u0219i divers. Ora\u0219ul Luminii, cu o economie atractiv\u0103 \u0219i o re\u021bea de companii \u00een expansiune rapid\u0103, ofer\u0103 o multitudine de oportunit\u0103\u021bi pentru persoanele talentate care caut\u0103 noi experien\u021be profesionale. <\/p>\n<p>Fie c\u0103 sunte\u021bi o companie \u00een c\u0103utare de profiluri calificate sau un candidat \u00een c\u0103utarea unei misiuni, <strong>Ioana \u0219i echipa ei <\/strong>sunt aici pentru a v\u0103 sprijini cu seriozitate \u0219i angajament.<\/p>\n<p><strong>Al\u0103tura\u021bi-v\u0103 nou\u0103 ast\u0103zi \u0219i<\/strong> haide\u021bi s\u0103 v\u0103 construi\u021bi viitorul profesional \u00eempreun\u0103 cu AB2PRO Paris!<\/p>","protected":false},"excerpt":{"rendered":"<p>Bine a\u021bi venit la agen\u021bia noastr\u0103 de recrutare din Paris, unde ne punem expertiza \u0219i angajamentul \u00een slujba talentelor \u0219i [&hellip;]<\/p>\n","protected":false},"author":1,"featured_media":0,"template":"","meta":{"_acf_changed":false,"footnotes":""},"class_list":["post-48680","agence","type-agence","status-publish","hentry"],"acf":[],"yoast_head":"<!-- This site is optimized with the Yoast SEO plugin v26.8 - https:\/\/yoast.com\/product\/yoast-seo-wordpress\/ -->\n<title>Agen\u021bia AB2PRO Paris - AB2PRO<\/title>\n<meta name=\"robots\" content=\"index, follow, max-snippet:-1, max-image-preview:large, max-video-preview:-1\" \/>\n<link rel=\"canonical\" href=\"https:\/\/www.ab2pro.com\/ro\/agences\/agence-ab2pro-paris\/\" \/>\n<meta property=\"og:locale\" content=\"ro_RO\" \/>\n<meta property=\"og:type\" content=\"article\" \/>\n<meta property=\"og:title\" content=\"Agen\u021bia AB2PRO Paris - AB2PRO\" \/>\n<meta property=\"og:description\" content=\"Bine a\u021bi venit la agen\u021bia noastr\u0103 de recrutare din Paris, unde ne punem expertiza \u0219i angajamentul \u00een slujba talentelor \u0219i [&hellip;]\" \/>\n<meta property=\"og:url\" content=\"https:\/\/www.ab2pro.com\/ro\/agences\/agence-ab2pro-paris\/\" \/>\n<meta property=\"og:site_name\" content=\"AB2PRO\" \/>\n<meta property=\"article:modified_time\" content=\"2025-06-20T12:26:41+00:00\" \/>\n<meta property=\"og:image\" content=\"https:\/\/www.ab2pro.com\/wp-content\/uploads\/2020\/11\/fond-home.jpg\" \/>\n\t<meta property=\"og:image:width\" content=\"1920\" \/>\n\t<meta property=\"og:image:height\" content=\"600\" \/>\n\t<meta property=\"og:image:type\" content=\"image\/jpeg\" \/>\n<meta name=\"twitter:card\" content=\"summary_large_image\" \/>\n<meta name=\"twitter:label1\" content=\"Timp estimat pentru citire\" \/>\n\t<meta name=\"twitter:data1\" content=\"3 minute\" \/>\n<script type=\"application\/ld+json\" class=\"yoast-schema-graph\">{\"@context\":\"https:\/\/schema.org\",\"@graph\":[{\"@type\":\"WebPage\",\"@id\":\"https:\/\/www.ab2pro.com\/ro\/agences\/agence-ab2pro-paris\/\",\"url\":\"https:\/\/www.ab2pro.com\/ro\/agences\/agence-ab2pro-paris\/\",\"name\":\"Agen\u021bia AB2PRO Paris - AB2PRO\",\"isPartOf\":{\"@id\":\"https:\/\/www.ab2pro.com\/ro\/#website\"},\"datePublished\":\"2023-11-07T11:04:53+00:00\",\"dateModified\":\"2025-06-20T12:26:41+00:00\",\"breadcrumb\":{\"@id\":\"https:\/\/www.ab2pro.com\/ro\/agences\/agence-ab2pro-paris\/#breadcrumb\"},\"inLanguage\":\"ro-RO\",\"potentialAction\":[{\"@type\":\"ReadAction\",\"target\":[\"https:\/\/www.ab2pro.com\/ro\/agences\/agence-ab2pro-paris\/\"]}]},{\"@type\":\"BreadcrumbList\",\"@id\":\"https:\/\/www.ab2pro.com\/ro\/agences\/agence-ab2pro-paris\/#breadcrumb\",\"itemListElement\":[{\"@type\":\"ListItem\",\"position\":1,\"name\":\"Accueil\",\"item\":\"https:\/\/www.ab2pro.com\/ro\/\"},{\"@type\":\"ListItem\",\"position\":2,\"name\":\"Agences\",\"item\":\"https:\/\/www.ab2pro.com\/ro\/agences\/\"},{\"@type\":\"ListItem\",\"position\":3,\"name\":\"Agen\u021bia AB2PRO Paris\"}]},{\"@type\":\"WebSite\",\"@id\":\"https:\/\/www.ab2pro.com\/ro\/#website\",\"url\":\"https:\/\/www.ab2pro.com\/ro\/\",\"name\":\"AB2PRO\",\"description\":\"Agence d&#039;emploi sp\u00e9cialis\u00e9e dans le recrutement de travailleurs europ\u00e9ens\",\"publisher\":{\"@id\":\"https:\/\/www.ab2pro.com\/ro\/#organization\"},\"potentialAction\":[{\"@type\":\"SearchAction\",\"target\":{\"@type\":\"EntryPoint\",\"urlTemplate\":\"https:\/\/www.ab2pro.com\/ro\/?s={search_term_string}\"},\"query-input\":{\"@type\":\"PropertyValueSpecification\",\"valueRequired\":true,\"valueName\":\"search_term_string\"}}],\"inLanguage\":\"ro-RO\"},{\"@type\":\"Organization\",\"@id\":\"https:\/\/www.ab2pro.com\/ro\/#organization\",\"name\":\"AB2PRO\",\"url\":\"https:\/\/www.ab2pro.com\/ro\/\",\"logo\":{\"@type\":\"ImageObject\",\"inLanguage\":\"ro-RO\",\"@id\":\"https:\/\/www.ab2pro.com\/ro\/#\/schema\/logo\/image\/\",\"url\":\"https:\/\/www.ab2pro.com\/wp-content\/uploads\/2020\/11\/logo-profil.png\",\"contentUrl\":\"https:\/\/www.ab2pro.com\/wp-content\/uploads\/2020\/11\/logo-profil.png\",\"width\":230,\"height\":47,\"caption\":\"AB2PRO\"},\"image\":{\"@id\":\"https:\/\/www.ab2pro.com\/ro\/#\/schema\/logo\/image\/\"}}]}<\/script>\n<!-- \/ Yoast SEO plugin. -->","yoast_head_json":{"title":"Agen\u021bia AB2PRO Paris - AB2PRO","robots":{"index":"index","follow":"follow","max-snippet":"max-snippet:-1","max-image-preview":"max-image-preview:large","max-video-preview":"max-video-preview:-1"},"canonical":"https:\/\/www.ab2pro.com\/ro\/agences\/agence-ab2pro-paris\/","og_locale":"ro_RO","og_type":"article","og_title":"Agen\u021bia AB2PRO Paris - AB2PRO","og_description":"Bine a\u021bi venit la agen\u021bia noastr\u0103 de recrutare din Paris, unde ne punem expertiza \u0219i angajamentul \u00een slujba talentelor \u0219i [&hellip;]","og_url":"https:\/\/www.ab2pro.com\/ro\/agences\/agence-ab2pro-paris\/","og_site_name":"AB2PRO","article_modified_time":"2025-06-20T12:26:41+00:00","og_image":[{"width":1920,"height":600,"url":"https:\/\/www.ab2pro.com\/wp-content\/uploads\/2020\/11\/fond-home.jpg","type":"image\/jpeg"}],"twitter_card":"summary_large_image","twitter_misc":{"Timp estimat pentru citire":"3 minute"},"schema":{"@context":"https:\/\/schema.org","@graph":[{"@type":"WebPage","@id":"https:\/\/www.ab2pro.com\/ro\/agences\/agence-ab2pro-paris\/","url":"https:\/\/www.ab2pro.com\/ro\/agences\/agence-ab2pro-paris\/","name":"Agen\u021bia AB2PRO Paris - AB2PRO","isPartOf":{"@id":"https:\/\/www.ab2pro.com\/ro\/#website"},"datePublished":"2023-11-07T11:04:53+00:00","dateModified":"2025-06-20T12:26:41+00:00","breadcrumb":{"@id":"https:\/\/www.ab2pro.com\/ro\/agences\/agence-ab2pro-paris\/#breadcrumb"},"inLanguage":"ro-RO","potentialAction":[{"@type":"ReadAction","target":["https:\/\/www.ab2pro.com\/ro\/agences\/agence-ab2pro-paris\/"]}]},{"@type":"BreadcrumbList","@id":"https:\/\/www.ab2pro.com\/ro\/agences\/agence-ab2pro-paris\/#breadcrumb","itemListElement":[{"@type":"ListItem","position":1,"name":"Accueil","item":"https:\/\/www.ab2pro.com\/ro\/"},{"@type":"ListItem","position":2,"name":"Agences","item":"https:\/\/www.ab2pro.com\/ro\/agences\/"},{"@type":"ListItem","position":3,"name":"Agen\u021bia AB2PRO Paris"}]},{"@type":"WebSite","@id":"https:\/\/www.ab2pro.com\/ro\/#website","url":"https:\/\/www.ab2pro.com\/ro\/","name":"AB2PRO","description":"Agence d&#039;emploi sp\u00e9cialis\u00e9e dans le recrutement de travailleurs europ\u00e9ens","publisher":{"@id":"https:\/\/www.ab2pro.com\/ro\/#organization"},"potentialAction":[{"@type":"SearchAction","target":{"@type":"EntryPoint","urlTemplate":"https:\/\/www.ab2pro.com\/ro\/?s={search_term_string}"},"query-input":{"@type":"PropertyValueSpecification","valueRequired":true,"valueName":"search_term_string"}}],"inLanguage":"ro-RO"},{"@type":"Organization","@id":"https:\/\/www.ab2pro.com\/ro\/#organization","name":"AB2PRO","url":"https:\/\/www.ab2pro.com\/ro\/","logo":{"@type":"ImageObject","inLanguage":"ro-RO","@id":"https:\/\/www.ab2pro.com\/ro\/#\/schema\/logo\/image\/","url":"https:\/\/www.ab2pro.com\/wp-content\/uploads\/2020\/11\/logo-profil.png","contentUrl":"https:\/\/www.ab2pro.com\/wp-content\/uploads\/2020\/11\/logo-profil.png","width":230,"height":47,"caption":"AB2PRO"},"image":{"@id":"https:\/\/www.ab2pro.com\/ro\/#\/schema\/logo\/image\/"}}]}},"_links":{"self":[{"href":"https:\/\/www.ab2pro.com\/ro\/wp-json\/wp\/v2\/agence\/48680","targetHints":{"allow":["GET"]}}],"collection":[{"href":"https:\/\/www.ab2pro.com\/ro\/wp-json\/wp\/v2\/agence"}],"about":[{"href":"https:\/\/www.ab2pro.com\/ro\/wp-json\/wp\/v2\/types\/agence"}],"author":[{"embeddable":true,"href":"https:\/\/www.ab2pro.com\/ro\/wp-json\/wp\/v2\/users\/1"}],"version-history":[{"count":0,"href":"https:\/\/www.ab2pro.com\/ro\/wp-json\/wp\/v2\/agence\/48680\/revisions"}],"wp:attachment":[{"href":"https:\/\/www.ab2pro.com\/ro\/wp-json\/wp\/v2\/media?parent=48680"}],"curies":[{"name":"wp","href":"https:\/\/api.w.org\/{rel}","templated":true}]}}