
{"id":48904,"date":"2023-11-07T15:17:14","date_gmt":"2023-11-07T14:17:14","guid":{"rendered":"https:\/\/www.ab2pro.com\/?post_type=agence&#038;p=48904"},"modified":"2025-06-23T11:57:16","modified_gmt":"2025-06-23T09:57:16","slug":"agence-ab2pro-bordeaux","status":"publish","type":"agence","link":"https:\/\/www.ab2pro.com\/ro\/agences\/agence-ab2pro-bordeaux\/","title":{"rendered":"Agen\u021bia AB2PRO Bordeaux"},"content":{"rendered":"<p data-pm-slice=\"0 0 []\"><strong>Bine a\u021bi venit la agen\u021bia noastr\u0103 de munc\u0103 temporar\u0103 din Bordeaux,<\/strong> un loc unde talentul \u00eent\u00e2lne\u0219te oportunitatea \u00eentr-o atmosfer\u0103 cald\u0103 \u0219i dinamic\u0103!<\/p>\n<p>La conducerea agen\u021biei, <strong>Quentin<\/strong>,responsabilul agen\u021biei noastre face tot posibilul pentru a sprijini companiile \u00een c\u0103utarea de talente \u0219i pentru a asigura o recrutare eficient\u0103 \u0219i personalizat\u0103. Sprijinit de expertiza \u0219i angajamentul s\u0103u, el se asigur\u0103 c\u0103 fiecare client \u0219i candidat prime\u0219te servicii de calitate. <\/p>\n<p><strong>Al\u0103turi de el<\/strong>, echipa noastr\u0103 joac\u0103 un rol esen\u021bial \u00een identificarea celor mai bune profiluri. Datorit\u0103 cunoa\u0219terii aprofundate a pie\u021bei, abilit\u0103\u021bilor lor interpersonale \u0219i expertizei lor \u00een recrutare, ei asigur\u0103 o potrivire perfect\u0103 \u00eentre nevoile companiilor \u0219i competen\u021bele candida\u021bilor. <\/p>\n<p><strong>Bordeaux<\/strong>, un ora\u0219 plin de farmec \u0219i istorie, ofer\u0103 un mediu de lucru ideal \u00een care tradi\u021bia \u0219i modernitatea se \u00eent\u00e2lnesc. Cu str\u0103zile sale pietruite, arhitectura elegant\u0103 \u0219i cheiul plin de via\u021b\u0103, este mediul perfect pentru dezvoltarea profesional\u0103 \u0219i personal\u0103. <\/p>\n<p>Nu rata\u021bi ocazia de a lucra cu agen\u021bia noastr\u0103 de recrutare din Bordeaux. <strong>Quentin \u0219i echipa sa<\/strong> sunt la dispozi\u021bie pentru a discuta despre nevoile dvs. \u0219i pentru a v\u0103 ajuta s\u0103 g\u0103si\u021bi talentul care va face compania dvs. s\u0103 str\u0103luceasc\u0103. <strong>Contacta\u021bi-ne imediat <\/strong>\u0219i l\u0103sa\u021bi-ne s\u0103 v\u0103 ghid\u0103m spre succes.<\/p>\n<p><strong>\u00cempreun\u0103,<\/strong> vom crea o echip\u0103 dinamic\u0103, de \u00eenalt\u0103 performan\u021b\u0103, preg\u0103tit\u0103 s\u0103 fac\u0103 fa\u021b\u0103 oric\u0103rei provoc\u0103ri. <strong>\u00centreaga noastr\u0103 echip\u0103 a\u0219teapt\u0103 cu ner\u0103bdare<\/strong> s\u0103 v\u0103 ofere o experien\u021b\u0103 unic\u0103 de recrutare, combin\u00e2nd profesionalismul, angajamentul \u0219i convivialitatea.<\/p>","protected":false},"excerpt":{"rendered":"<p>Bine a\u021bi venit la agen\u021bia noastr\u0103 de munc\u0103 temporar\u0103 din Bordeaux, un loc unde talentul \u00eent\u00e2lne\u0219te oportunitatea \u00eentr-o atmosfer\u0103 cald\u0103 [&hellip;]<\/p>\n","protected":false},"author":1,"featured_media":72065,"template":"","meta":{"_acf_changed":false,"footnotes":""},"class_list":["post-48904","agence","type-agence","status-publish","has-post-thumbnail","hentry"],"acf":[],"yoast_head":"<!-- This site is optimized with the Yoast SEO plugin v26.8 - https:\/\/yoast.com\/product\/yoast-seo-wordpress\/ -->\n<title>Agen\u021bia AB2PRO Bordeaux - AB2PRO<\/title>\n<meta name=\"robots\" content=\"index, follow, max-snippet:-1, max-image-preview:large, max-video-preview:-1\" \/>\n<link rel=\"canonical\" href=\"https:\/\/www.ab2pro.com\/ro\/agences\/agence-ab2pro-bordeaux\/\" \/>\n<meta property=\"og:locale\" content=\"ro_RO\" \/>\n<meta property=\"og:type\" content=\"article\" \/>\n<meta property=\"og:title\" content=\"Agen\u021bia AB2PRO Bordeaux - AB2PRO\" \/>\n<meta property=\"og:description\" content=\"Bine a\u021bi venit la agen\u021bia noastr\u0103 de munc\u0103 temporar\u0103 din Bordeaux, un loc unde talentul \u00eent\u00e2lne\u0219te oportunitatea \u00eentr-o atmosfer\u0103 cald\u0103 [&hellip;]\" \/>\n<meta property=\"og:url\" content=\"https:\/\/www.ab2pro.com\/ro\/agences\/agence-ab2pro-bordeaux\/\" \/>\n<meta property=\"og:site_name\" content=\"AB2PRO\" \/>\n<meta property=\"article:modified_time\" content=\"2025-06-23T09:57:16+00:00\" \/>\n<meta property=\"og:image\" content=\"https:\/\/www.ab2pro.com\/wp-content\/uploads\/2020\/11\/bordeaux-1024x681.png\" \/>\n\t<meta property=\"og:image:width\" content=\"1024\" \/>\n\t<meta property=\"og:image:height\" content=\"681\" \/>\n\t<meta property=\"og:image:type\" content=\"image\/png\" \/>\n<meta name=\"twitter:card\" content=\"summary_large_image\" \/>\n<script type=\"application\/ld+json\" class=\"yoast-schema-graph\">{\"@context\":\"https:\/\/schema.org\",\"@graph\":[{\"@type\":\"WebPage\",\"@id\":\"https:\/\/www.ab2pro.com\/ro\/agences\/agence-ab2pro-bordeaux\/\",\"url\":\"https:\/\/www.ab2pro.com\/ro\/agences\/agence-ab2pro-bordeaux\/\",\"name\":\"Agen\u021bia AB2PRO Bordeaux - AB2PRO\",\"isPartOf\":{\"@id\":\"https:\/\/www.ab2pro.com\/ro\/#website\"},\"primaryImageOfPage\":{\"@id\":\"https:\/\/www.ab2pro.com\/ro\/agences\/agence-ab2pro-bordeaux\/#primaryimage\"},\"image\":{\"@id\":\"https:\/\/www.ab2pro.com\/ro\/agences\/agence-ab2pro-bordeaux\/#primaryimage\"},\"thumbnailUrl\":\"https:\/\/www.ab2pro.com\/wp-content\/uploads\/2020\/11\/bordeaux.png\",\"datePublished\":\"2023-11-07T14:17:14+00:00\",\"dateModified\":\"2025-06-23T09:57:16+00:00\",\"breadcrumb\":{\"@id\":\"https:\/\/www.ab2pro.com\/ro\/agences\/agence-ab2pro-bordeaux\/#breadcrumb\"},\"inLanguage\":\"ro-RO\",\"potentialAction\":[{\"@type\":\"ReadAction\",\"target\":[\"https:\/\/www.ab2pro.com\/ro\/agences\/agence-ab2pro-bordeaux\/\"]}]},{\"@type\":\"ImageObject\",\"inLanguage\":\"ro-RO\",\"@id\":\"https:\/\/www.ab2pro.com\/ro\/agences\/agence-ab2pro-bordeaux\/#primaryimage\",\"url\":\"https:\/\/www.ab2pro.com\/wp-content\/uploads\/2020\/11\/bordeaux.png\",\"contentUrl\":\"https:\/\/www.ab2pro.com\/wp-content\/uploads\/2020\/11\/bordeaux.png\",\"width\":1920,\"height\":1277},{\"@type\":\"BreadcrumbList\",\"@id\":\"https:\/\/www.ab2pro.com\/ro\/agences\/agence-ab2pro-bordeaux\/#breadcrumb\",\"itemListElement\":[{\"@type\":\"ListItem\",\"position\":1,\"name\":\"Accueil\",\"item\":\"https:\/\/www.ab2pro.com\/ro\/\"},{\"@type\":\"ListItem\",\"position\":2,\"name\":\"Agences\",\"item\":\"https:\/\/www.ab2pro.com\/ro\/agences\/\"},{\"@type\":\"ListItem\",\"position\":3,\"name\":\"Agen\u021bia AB2PRO Bordeaux\"}]},{\"@type\":\"WebSite\",\"@id\":\"https:\/\/www.ab2pro.com\/ro\/#website\",\"url\":\"https:\/\/www.ab2pro.com\/ro\/\",\"name\":\"AB2PRO\",\"description\":\"Agence d&#039;emploi sp\u00e9cialis\u00e9e dans le recrutement de travailleurs europ\u00e9ens\",\"publisher\":{\"@id\":\"https:\/\/www.ab2pro.com\/ro\/#organization\"},\"potentialAction\":[{\"@type\":\"SearchAction\",\"target\":{\"@type\":\"EntryPoint\",\"urlTemplate\":\"https:\/\/www.ab2pro.com\/ro\/?s={search_term_string}\"},\"query-input\":{\"@type\":\"PropertyValueSpecification\",\"valueRequired\":true,\"valueName\":\"search_term_string\"}}],\"inLanguage\":\"ro-RO\"},{\"@type\":\"Organization\",\"@id\":\"https:\/\/www.ab2pro.com\/ro\/#organization\",\"name\":\"AB2PRO\",\"url\":\"https:\/\/www.ab2pro.com\/ro\/\",\"logo\":{\"@type\":\"ImageObject\",\"inLanguage\":\"ro-RO\",\"@id\":\"https:\/\/www.ab2pro.com\/ro\/#\/schema\/logo\/image\/\",\"url\":\"https:\/\/www.ab2pro.com\/wp-content\/uploads\/2020\/11\/logo-profil.png\",\"contentUrl\":\"https:\/\/www.ab2pro.com\/wp-content\/uploads\/2020\/11\/logo-profil.png\",\"width\":230,\"height\":47,\"caption\":\"AB2PRO\"},\"image\":{\"@id\":\"https:\/\/www.ab2pro.com\/ro\/#\/schema\/logo\/image\/\"}}]}<\/script>\n<!-- \/ Yoast SEO plugin. -->","yoast_head_json":{"title":"Agen\u021bia AB2PRO Bordeaux - AB2PRO","robots":{"index":"index","follow":"follow","max-snippet":"max-snippet:-1","max-image-preview":"max-image-preview:large","max-video-preview":"max-video-preview:-1"},"canonical":"https:\/\/www.ab2pro.com\/ro\/agences\/agence-ab2pro-bordeaux\/","og_locale":"ro_RO","og_type":"article","og_title":"Agen\u021bia AB2PRO Bordeaux - AB2PRO","og_description":"Bine a\u021bi venit la agen\u021bia noastr\u0103 de munc\u0103 temporar\u0103 din Bordeaux, un loc unde talentul \u00eent\u00e2lne\u0219te oportunitatea \u00eentr-o atmosfer\u0103 cald\u0103 [&hellip;]","og_url":"https:\/\/www.ab2pro.com\/ro\/agences\/agence-ab2pro-bordeaux\/","og_site_name":"AB2PRO","article_modified_time":"2025-06-23T09:57:16+00:00","og_image":[{"width":1024,"height":681,"url":"https:\/\/www.ab2pro.com\/wp-content\/uploads\/2020\/11\/bordeaux-1024x681.png","type":"image\/png"}],"twitter_card":"summary_large_image","schema":{"@context":"https:\/\/schema.org","@graph":[{"@type":"WebPage","@id":"https:\/\/www.ab2pro.com\/ro\/agences\/agence-ab2pro-bordeaux\/","url":"https:\/\/www.ab2pro.com\/ro\/agences\/agence-ab2pro-bordeaux\/","name":"Agen\u021bia AB2PRO Bordeaux - AB2PRO","isPartOf":{"@id":"https:\/\/www.ab2pro.com\/ro\/#website"},"primaryImageOfPage":{"@id":"https:\/\/www.ab2pro.com\/ro\/agences\/agence-ab2pro-bordeaux\/#primaryimage"},"image":{"@id":"https:\/\/www.ab2pro.com\/ro\/agences\/agence-ab2pro-bordeaux\/#primaryimage"},"thumbnailUrl":"https:\/\/www.ab2pro.com\/wp-content\/uploads\/2020\/11\/bordeaux.png","datePublished":"2023-11-07T14:17:14+00:00","dateModified":"2025-06-23T09:57:16+00:00","breadcrumb":{"@id":"https:\/\/www.ab2pro.com\/ro\/agences\/agence-ab2pro-bordeaux\/#breadcrumb"},"inLanguage":"ro-RO","potentialAction":[{"@type":"ReadAction","target":["https:\/\/www.ab2pro.com\/ro\/agences\/agence-ab2pro-bordeaux\/"]}]},{"@type":"ImageObject","inLanguage":"ro-RO","@id":"https:\/\/www.ab2pro.com\/ro\/agences\/agence-ab2pro-bordeaux\/#primaryimage","url":"https:\/\/www.ab2pro.com\/wp-content\/uploads\/2020\/11\/bordeaux.png","contentUrl":"https:\/\/www.ab2pro.com\/wp-content\/uploads\/2020\/11\/bordeaux.png","width":1920,"height":1277},{"@type":"BreadcrumbList","@id":"https:\/\/www.ab2pro.com\/ro\/agences\/agence-ab2pro-bordeaux\/#breadcrumb","itemListElement":[{"@type":"ListItem","position":1,"name":"Accueil","item":"https:\/\/www.ab2pro.com\/ro\/"},{"@type":"ListItem","position":2,"name":"Agences","item":"https:\/\/www.ab2pro.com\/ro\/agences\/"},{"@type":"ListItem","position":3,"name":"Agen\u021bia AB2PRO Bordeaux"}]},{"@type":"WebSite","@id":"https:\/\/www.ab2pro.com\/ro\/#website","url":"https:\/\/www.ab2pro.com\/ro\/","name":"AB2PRO","description":"Agence d&#039;emploi sp\u00e9cialis\u00e9e dans le recrutement de travailleurs europ\u00e9ens","publisher":{"@id":"https:\/\/www.ab2pro.com\/ro\/#organization"},"potentialAction":[{"@type":"SearchAction","target":{"@type":"EntryPoint","urlTemplate":"https:\/\/www.ab2pro.com\/ro\/?s={search_term_string}"},"query-input":{"@type":"PropertyValueSpecification","valueRequired":true,"valueName":"search_term_string"}}],"inLanguage":"ro-RO"},{"@type":"Organization","@id":"https:\/\/www.ab2pro.com\/ro\/#organization","name":"AB2PRO","url":"https:\/\/www.ab2pro.com\/ro\/","logo":{"@type":"ImageObject","inLanguage":"ro-RO","@id":"https:\/\/www.ab2pro.com\/ro\/#\/schema\/logo\/image\/","url":"https:\/\/www.ab2pro.com\/wp-content\/uploads\/2020\/11\/logo-profil.png","contentUrl":"https:\/\/www.ab2pro.com\/wp-content\/uploads\/2020\/11\/logo-profil.png","width":230,"height":47,"caption":"AB2PRO"},"image":{"@id":"https:\/\/www.ab2pro.com\/ro\/#\/schema\/logo\/image\/"}}]}},"_links":{"self":[{"href":"https:\/\/www.ab2pro.com\/ro\/wp-json\/wp\/v2\/agence\/48904","targetHints":{"allow":["GET"]}}],"collection":[{"href":"https:\/\/www.ab2pro.com\/ro\/wp-json\/wp\/v2\/agence"}],"about":[{"href":"https:\/\/www.ab2pro.com\/ro\/wp-json\/wp\/v2\/types\/agence"}],"author":[{"embeddable":true,"href":"https:\/\/www.ab2pro.com\/ro\/wp-json\/wp\/v2\/users\/1"}],"version-history":[{"count":0,"href":"https:\/\/www.ab2pro.com\/ro\/wp-json\/wp\/v2\/agence\/48904\/revisions"}],"wp:featuredmedia":[{"embeddable":true,"href":"https:\/\/www.ab2pro.com\/ro\/wp-json\/wp\/v2\/media\/72065"}],"wp:attachment":[{"href":"https:\/\/www.ab2pro.com\/ro\/wp-json\/wp\/v2\/media?parent=48904"}],"curies":[{"name":"wp","href":"https:\/\/api.w.org\/{rel}","templated":true}]}}