{"id":8433,"date":"2021-03-04T16:54:00","date_gmt":"2021-03-04T15:54:00","guid":{"rendered":"https:\/\/www.ab2pro.com\/referinte\/"},"modified":"2021-04-27T16:04:42","modified_gmt":"2021-04-27T14:04:42","slug":"referinte","status":"publish","type":"page","link":"https:\/\/www.ab2pro.com\/ro\/referinte\/","title":{"rendered":"Referin\u021be"},"content":{"rendered":"<p>[vc_row el_id=&#8221;bandeau-page&#8221; css=&#8221;.vc_custom_1613751533770{background-image: url(https:\/\/www.ab2pro.com\/wp-content\/uploads\/2021\/02\/bandeau-references.jpg?id=6801) !important;}&#8221;][vc_column][vc_column_text]<\/p>\n<h1>Referin\u021be<\/h1>\n<p>[\/vc_column_text][\/vc_column][\/vc_row][vc_row el_id=&#8221;projets&#8221;][vc_column][vc_row_inner][vc_column_inner][vc_column_text]<\/p>\n<p style=\"text-align: center;\">Din 2002 AB2Pro \u00ee\u0219i sprijin\u0103 clien\u021bii \u0219i lucr\u0103torii temporari din \u00eentreaga lume! Suntem m\u00e2ndri c\u0103 am putut participa la proiecte frumoase realizate de echipele noastre.<\/p>\n<p style=\"text-align: center;\">Pe aceast\u0103 pagin\u0103 ve\u021bi g\u0103si o prezentare a celor mai frumoase referin\u021be ale noastre.<\/p>\n<p>[\/vc_column_text][\/vc_column_inner][\/vc_row_inner][vc_column_text]<div id=\"pfg-gallery-12638\" class=\"pfg-gallery-wrapper pfg-loading pfg-template-modern-cards\" data-gallery-id=\"12638\" data-multi-select=\"false\" data-filter-logic=\"or\" data-filter-hierarchy=\"[]\" data-url-param=\"filter\" data-version=\"2.2.0\" data-lightbox-title=\"true\" data-lightbox-description=\"false\" data-show-preloader=\"true\" data-image-links=\"false\"><div class=\"pfg-preloader\"><div class=\"pfg-preloader-spinner\"><\/div><span class=\"pfg-preloader-text\">Loading...<\/span><\/div><div class=\"pfg-grid pfg-grid--large\" style=\"--pfg-gap: 20px; --pfg-border-radius: 0px; --pfg-radius: 0px; --pfg-overlay-color: rgba(0, 0, 0, 0.7); --pfg-primary-color: #94a3b8; --pfg-caption-text: #1e293b; --pfg-caption-bg: #ffffff\"><div class=\"pfg-item  pfg-item-hover--hvr-float-shadow\" data-id=\"7095\"><div class=\"pfg-item-link pfg-item-link--noclick\"><img src=\"https:\/\/www.ab2pro.com\/wp-content\/uploads\/2021\/02\/HEADER-1-1024x461.jpg\" srcset=\"https:\/\/www.ab2pro.com\/wp-content\/uploads\/2021\/02\/HEADER-1-1024x461.jpg 1024w, https:\/\/www.ab2pro.com\/wp-content\/uploads\/2021\/02\/HEADER-1-300x135.jpg 300w, https:\/\/www.ab2pro.com\/wp-content\/uploads\/2021\/02\/HEADER-1-768x346.jpg 768w, https:\/\/www.ab2pro.com\/wp-content\/uploads\/2021\/02\/HEADER-1-600x270.jpg 600w, https:\/\/www.ab2pro.com\/wp-content\/uploads\/2021\/02\/HEADER-1.jpg 1396w\" sizes=\"(min-width: 1200px) 33vw, (min-width: 992px) 50vw, (min-width: 768px) 100vw, 100vw\" alt=\"Hotelul \u201eLe Grand Si\u00e8cle\u201d din Puy du fou\" loading=\"eager\" decoding=\"async\" class=\"pfg-item-image\"\/><div class=\"pfg-item-caption pfg-item-caption--overlay\"><h3 class=\"pfg-item-title\">Hotelul \u201eLe Grand Si\u00e8cle\u201d din Puy du fou<\/h3><\/div><\/div><\/div><div class=\"pfg-item  pfg-item-hover--hvr-float-shadow\" data-id=\"7015\"><div class=\"pfg-item-link pfg-item-link--noclick\"><img src=\"https:\/\/www.ab2pro.com\/wp-content\/uploads\/2021\/02\/1981-48e044163b2-1.jpg\" srcset=\"https:\/\/www.ab2pro.com\/wp-content\/uploads\/2021\/02\/1981-48e044163b2-1.jpg 1000w, https:\/\/www.ab2pro.com\/wp-content\/uploads\/2021\/02\/1981-48e044163b2-1-300x195.jpg 300w, https:\/\/www.ab2pro.com\/wp-content\/uploads\/2021\/02\/1981-48e044163b2-1-768x499.jpg 768w, https:\/\/www.ab2pro.com\/wp-content\/uploads\/2021\/02\/1981-48e044163b2-1-600x390.jpg 600w\" sizes=\"(min-width: 1200px) 33vw, (min-width: 992px) 50vw, (min-width: 768px) 100vw, 100vw\" alt=\"MSC Virtuosa - \u0219antierele navale din Atlanticul Saint Nazaire\" loading=\"eager\" decoding=\"async\" class=\"pfg-item-image\"\/><div class=\"pfg-item-caption pfg-item-caption--overlay\"><h3 class=\"pfg-item-title\">MSC Virtuosa \u2013 \u0219antierele navale din Atlanticul Saint Nazaire<\/h3><\/div><\/div><\/div><div class=\"pfg-item  pfg-item-hover--hvr-float-shadow\" data-id=\"6883\"><div class=\"pfg-item-link pfg-item-link--noclick\"><img src=\"https:\/\/www.ab2pro.com\/wp-content\/uploads\/2021\/02\/reference_kincsem.jpeg\" srcset=\"https:\/\/www.ab2pro.com\/wp-content\/uploads\/2021\/02\/reference_kincsem.jpeg 799w, https:\/\/www.ab2pro.com\/wp-content\/uploads\/2021\/02\/reference_kincsem-300x150.jpeg 300w, https:\/\/www.ab2pro.com\/wp-content\/uploads\/2021\/02\/reference_kincsem-768x384.jpeg 768w, https:\/\/www.ab2pro.com\/wp-content\/uploads\/2021\/02\/reference_kincsem-600x300.jpeg 600w\" sizes=\"(min-width: 1200px) 33vw, (min-width: 992px) 50vw, (min-width: 768px) 100vw, 100vw\" alt=\"reference_kincsem\" loading=\"eager\" decoding=\"async\" class=\"pfg-item-image\"\/><div class=\"pfg-item-caption pfg-item-caption--overlay\"><h3 class=\"pfg-item-title\">reference_kincsem<\/h3><\/div><\/div><\/div><div class=\"pfg-item  pfg-item-hover--hvr-float-shadow\" data-id=\"6923\"><div class=\"pfg-item-link pfg-item-link--noclick\"><img src=\"https:\/\/www.ab2pro.com\/wp-content\/uploads\/2021\/02\/reference_visiontower.jpeg\" srcset=\"https:\/\/www.ab2pro.com\/wp-content\/uploads\/2021\/02\/reference_visiontower.jpeg 799w, https:\/\/www.ab2pro.com\/wp-content\/uploads\/2021\/02\/reference_visiontower-300x150.jpeg 300w, https:\/\/www.ab2pro.com\/wp-content\/uploads\/2021\/02\/reference_visiontower-768x384.jpeg 768w, https:\/\/www.ab2pro.com\/wp-content\/uploads\/2021\/02\/reference_visiontower-600x300.jpeg 600w\" sizes=\"(min-width: 1200px) 33vw, (min-width: 992px) 50vw, (min-width: 768px) 100vw, 100vw\" alt=\"Vision Tower\" loading=\"eager\" decoding=\"async\" class=\"pfg-item-image\"\/><div class=\"pfg-item-caption pfg-item-caption--overlay\"><h3 class=\"pfg-item-title\">Vision Tower<\/h3><\/div><\/div><\/div><div class=\"pfg-item  pfg-item-hover--hvr-float-shadow\" data-id=\"7103\"><div class=\"pfg-item-link pfg-item-link--noclick\"><img src=\"https:\/\/www.ab2pro.com\/wp-content\/uploads\/2021\/02\/Centre-Ambulatoire-Macon-c-CH-Macon_630x315-1.jpg\" srcset=\"https:\/\/www.ab2pro.com\/wp-content\/uploads\/2021\/02\/Centre-Ambulatoire-Macon-c-CH-Macon_630x315-1.jpg 630w, https:\/\/www.ab2pro.com\/wp-content\/uploads\/2021\/02\/Centre-Ambulatoire-Macon-c-CH-Macon_630x315-1-300x150.jpg 300w, https:\/\/www.ab2pro.com\/wp-content\/uploads\/2021\/02\/Centre-Ambulatoire-Macon-c-CH-Macon_630x315-1-600x300.jpg 600w\" sizes=\"(min-width: 1200px) 33vw, (min-width: 992px) 50vw, (min-width: 768px) 100vw, 100vw\" alt=\"Centrul medical din Macon\" loading=\"eager\" decoding=\"async\" class=\"pfg-item-image\"\/><div class=\"pfg-item-caption pfg-item-caption--overlay\"><h3 class=\"pfg-item-title\">Centrul medical din Macon<\/h3><\/div><\/div><\/div><div class=\"pfg-item  pfg-item-hover--hvr-float-shadow\" data-id=\"6931\"><div class=\"pfg-item-link pfg-item-link--noclick\"><img src=\"https:\/\/www.ab2pro.com\/wp-content\/uploads\/2021\/02\/reference_arenaplaza.jpeg\" srcset=\"https:\/\/www.ab2pro.com\/wp-content\/uploads\/2021\/02\/reference_arenaplaza.jpeg 799w, https:\/\/www.ab2pro.com\/wp-content\/uploads\/2021\/02\/reference_arenaplaza-300x150.jpeg 300w, https:\/\/www.ab2pro.com\/wp-content\/uploads\/2021\/02\/reference_arenaplaza-768x384.jpeg 768w, https:\/\/www.ab2pro.com\/wp-content\/uploads\/2021\/02\/reference_arenaplaza-600x300.jpeg 600w\" sizes=\"(min-width: 1200px) 33vw, (min-width: 992px) 50vw, (min-width: 768px) 100vw, 100vw\" alt=\"Arena Plaza\" loading=\"eager\" decoding=\"async\" class=\"pfg-item-image\"\/><div class=\"pfg-item-caption pfg-item-caption--overlay\"><h3 class=\"pfg-item-title\">Arena Plaza<\/h3><\/div><\/div><\/div><div class=\"pfg-item  pfg-item-hover--hvr-float-shadow\" data-id=\"6899\"><div class=\"pfg-item-link pfg-item-link--noclick\"><img src=\"https:\/\/www.ab2pro.com\/wp-content\/uploads\/2021\/02\/reference_pascalpark.jpeg\" srcset=\"https:\/\/www.ab2pro.com\/wp-content\/uploads\/2021\/02\/reference_pascalpark.jpeg 799w, https:\/\/www.ab2pro.com\/wp-content\/uploads\/2021\/02\/reference_pascalpark-300x150.jpeg 300w, https:\/\/www.ab2pro.com\/wp-content\/uploads\/2021\/02\/reference_pascalpark-768x384.jpeg 768w, https:\/\/www.ab2pro.com\/wp-content\/uploads\/2021\/02\/reference_pascalpark-600x300.jpeg 600w\" sizes=\"(min-width: 1200px) 33vw, (min-width: 992px) 50vw, (min-width: 768px) 100vw, 100vw\" alt=\"Pascal Park\" loading=\"eager\" decoding=\"async\" class=\"pfg-item-image\"\/><div class=\"pfg-item-caption pfg-item-caption--overlay\"><h3 class=\"pfg-item-title\">Pascal Park<\/h3><\/div><\/div><\/div><div class=\"pfg-item  pfg-item-hover--hvr-float-shadow\" data-id=\"6939\"><div class=\"pfg-item-link pfg-item-link--noclick\"><img src=\"https:\/\/www.ab2pro.com\/wp-content\/uploads\/2021\/02\/reference_central.jpeg\" srcset=\"https:\/\/www.ab2pro.com\/wp-content\/uploads\/2021\/02\/reference_central.jpeg 799w, https:\/\/www.ab2pro.com\/wp-content\/uploads\/2021\/02\/reference_central-300x150.jpeg 300w, https:\/\/www.ab2pro.com\/wp-content\/uploads\/2021\/02\/reference_central-768x384.jpeg 768w, https:\/\/www.ab2pro.com\/wp-content\/uploads\/2021\/02\/reference_central-600x300.jpeg 600w\" sizes=\"(min-width: 1200px) 33vw, (min-width: 992px) 50vw, (min-width: 768px) 100vw, 100vw\" alt=\"Center Park\" loading=\"eager\" decoding=\"async\" class=\"pfg-item-image\"\/><div class=\"pfg-item-caption pfg-item-caption--overlay\"><h3 class=\"pfg-item-title\">Center Park<\/h3><\/div><\/div><\/div><div class=\"pfg-item  pfg-item-hover--hvr-float-shadow\" data-id=\"6907\"><div class=\"pfg-item-link pfg-item-link--noclick\"><img src=\"https:\/\/www.ab2pro.com\/wp-content\/uploads\/2021\/02\/reference_stnazaire.jpeg\" srcset=\"https:\/\/www.ab2pro.com\/wp-content\/uploads\/2021\/02\/reference_stnazaire.jpeg 799w, https:\/\/www.ab2pro.com\/wp-content\/uploads\/2021\/02\/reference_stnazaire-300x150.jpeg 300w, https:\/\/www.ab2pro.com\/wp-content\/uploads\/2021\/02\/reference_stnazaire-768x384.jpeg 768w, https:\/\/www.ab2pro.com\/wp-content\/uploads\/2021\/02\/reference_stnazaire-600x300.jpeg 600w\" sizes=\"(min-width: 1200px) 33vw, (min-width: 992px) 50vw, (min-width: 768px) 100vw, 100vw\" alt=\"MSC \u0412\u0438\u0440\u0442\u0443\u043e\u0437\u0430 - \u043e\u0431\u0435\u043a\u0442\u0438 \u0432 \u0410\u0442\u043b\u0430\u043d\u0442\u0438\u043a\u0430 \u0421\u0435\u043d \u041d\u0430\u0437\u0435\u0440\" loading=\"eager\" decoding=\"async\" class=\"pfg-item-image\"\/><div class=\"pfg-item-caption pfg-item-caption--overlay\"><h3 class=\"pfg-item-title\">Spitalul din Saint-Nazaire<\/h3><\/div><\/div><\/div><div class=\"pfg-item  pfg-item-hover--hvr-float-shadow\" data-id=\"6915\"><div class=\"pfg-item-link pfg-item-link--noclick\"><img src=\"https:\/\/www.ab2pro.com\/wp-content\/uploads\/2021\/02\/reference_vacigardens.jpeg\" srcset=\"https:\/\/www.ab2pro.com\/wp-content\/uploads\/2021\/02\/reference_vacigardens.jpeg 799w, https:\/\/www.ab2pro.com\/wp-content\/uploads\/2021\/02\/reference_vacigardens-300x150.jpeg 300w, https:\/\/www.ab2pro.com\/wp-content\/uploads\/2021\/02\/reference_vacigardens-768x384.jpeg 768w, https:\/\/www.ab2pro.com\/wp-content\/uploads\/2021\/02\/reference_vacigardens-600x300.jpeg 600w\" sizes=\"(min-width: 1200px) 33vw, (min-width: 992px) 50vw, (min-width: 768px) 100vw, 100vw\" alt=\"Vaci Greens\" loading=\"eager\" decoding=\"async\" class=\"pfg-item-image\"\/><div class=\"pfg-item-caption pfg-item-caption--overlay\"><h3 class=\"pfg-item-title\">Vaci Greens<\/h3><\/div><\/div><\/div><div class=\"pfg-item  pfg-item-hover--hvr-float-shadow\" data-id=\"6891\"><div class=\"pfg-item-link pfg-item-link--noclick\"><img src=\"https:\/\/www.ab2pro.com\/wp-content\/uploads\/2021\/02\/reference_papplaszlo.jpeg\" srcset=\"https:\/\/www.ab2pro.com\/wp-content\/uploads\/2021\/02\/reference_papplaszlo.jpeg 799w, https:\/\/www.ab2pro.com\/wp-content\/uploads\/2021\/02\/reference_papplaszlo-300x150.jpeg 300w, https:\/\/www.ab2pro.com\/wp-content\/uploads\/2021\/02\/reference_papplaszlo-768x384.jpeg 768w, https:\/\/www.ab2pro.com\/wp-content\/uploads\/2021\/02\/reference_papplaszlo-600x300.jpeg 600w\" sizes=\"(min-width: 1200px) 33vw, (min-width: 992px) 50vw, (min-width: 768px) 100vw, 100vw\" alt=\"Stadionul PAPP L\u00c1SZL\u00d3\" loading=\"eager\" decoding=\"async\" class=\"pfg-item-image\"\/><div class=\"pfg-item-caption pfg-item-caption--overlay\"><h3 class=\"pfg-item-title\">Stadionul PAPP L\u00c1SZL\u00d3<\/h3><\/div><\/div><\/div><div class=\"pfg-item  pfg-item-hover--hvr-float-shadow\" data-id=\"6875\"><div class=\"pfg-item-link pfg-item-link--noclick\"><img src=\"https:\/\/www.ab2pro.com\/wp-content\/uploads\/2021\/02\/reference_hospitalmetz.jpeg\" srcset=\"https:\/\/www.ab2pro.com\/wp-content\/uploads\/2021\/02\/reference_hospitalmetz.jpeg 799w, https:\/\/www.ab2pro.com\/wp-content\/uploads\/2021\/02\/reference_hospitalmetz-300x150.jpeg 300w, https:\/\/www.ab2pro.com\/wp-content\/uploads\/2021\/02\/reference_hospitalmetz-768x384.jpeg 768w, https:\/\/www.ab2pro.com\/wp-content\/uploads\/2021\/02\/reference_hospitalmetz-600x300.jpeg 600w\" sizes=\"(min-width: 1200px) 33vw, (min-width: 992px) 50vw, (min-width: 768px) 100vw, 100vw\" alt=\"Spitalul din Metz\" loading=\"eager\" decoding=\"async\" class=\"pfg-item-image\"\/><div class=\"pfg-item-caption pfg-item-caption--overlay\"><h3 class=\"pfg-item-title\">Spitalul din Metz<\/h3><\/div><\/div><\/div><div class=\"pfg-item  pfg-item-hover--hvr-float-shadow\" data-id=\"6955\"><div class=\"pfg-item-link pfg-item-link--noclick\"><img src=\"https:\/\/www.ab2pro.com\/wp-content\/uploads\/2021\/02\/reference_dijonhospital.jpeg\" srcset=\"https:\/\/www.ab2pro.com\/wp-content\/uploads\/2021\/02\/reference_dijonhospital.jpeg 799w, https:\/\/www.ab2pro.com\/wp-content\/uploads\/2021\/02\/reference_dijonhospital-300x150.jpeg 300w, https:\/\/www.ab2pro.com\/wp-content\/uploads\/2021\/02\/reference_dijonhospital-768x384.jpeg 768w, https:\/\/www.ab2pro.com\/wp-content\/uploads\/2021\/02\/reference_dijonhospital-600x300.jpeg 600w\" sizes=\"(min-width: 1200px) 33vw, (min-width: 992px) 50vw, (min-width: 768px) 100vw, 100vw\" alt=\"Muzeul de Arte Frumoase din Dijon\" loading=\"eager\" decoding=\"async\" class=\"pfg-item-image\"\/><div class=\"pfg-item-caption pfg-item-caption--overlay\"><h3 class=\"pfg-item-title\">Spitalul din Dijon<\/h3><\/div><\/div><\/div><div class=\"pfg-item  pfg-item-hover--hvr-float-shadow\" data-id=\"6947\"><div class=\"pfg-item-link pfg-item-link--noclick\"><img src=\"https:\/\/www.ab2pro.com\/wp-content\/uploads\/2021\/02\/reference_chalonhospital.jpeg\" srcset=\"https:\/\/www.ab2pro.com\/wp-content\/uploads\/2021\/02\/reference_chalonhospital.jpeg 799w, https:\/\/www.ab2pro.com\/wp-content\/uploads\/2021\/02\/reference_chalonhospital-300x150.jpeg 300w, https:\/\/www.ab2pro.com\/wp-content\/uploads\/2021\/02\/reference_chalonhospital-768x384.jpeg 768w, https:\/\/www.ab2pro.com\/wp-content\/uploads\/2021\/02\/reference_chalonhospital-600x300.jpeg 600w\" sizes=\"(min-width: 1200px) 33vw, (min-width: 992px) 50vw, (min-width: 768px) 100vw, 100vw\" alt=\"Spitalul din Chalon-sur-Sa\u00f4ne\" loading=\"eager\" decoding=\"async\" class=\"pfg-item-image\"\/><div class=\"pfg-item-caption pfg-item-caption--overlay\"><h3 class=\"pfg-item-title\">Spitalul din Chalon-sur-Sa\u00f4ne<\/h3><\/div><\/div><\/div><div class=\"pfg-item  pfg-item-hover--hvr-float-shadow\" data-id=\"6963\"><div class=\"pfg-item-link pfg-item-link--noclick\"><img src=\"https:\/\/www.ab2pro.com\/wp-content\/uploads\/2021\/02\/reference_grasham.jpeg\" srcset=\"https:\/\/www.ab2pro.com\/wp-content\/uploads\/2021\/02\/reference_grasham.jpeg 799w, https:\/\/www.ab2pro.com\/wp-content\/uploads\/2021\/02\/reference_grasham-300x150.jpeg 300w, https:\/\/www.ab2pro.com\/wp-content\/uploads\/2021\/02\/reference_grasham-768x384.jpeg 768w, https:\/\/www.ab2pro.com\/wp-content\/uploads\/2021\/02\/reference_grasham-600x300.jpeg 600w\" sizes=\"(min-width: 1200px) 33vw, (min-width: 992px) 50vw, (min-width: 768px) 100vw, 100vw\" alt=\"Palatul Gresham\" loading=\"eager\" decoding=\"async\" class=\"pfg-item-image\"\/><div class=\"pfg-item-caption pfg-item-caption--overlay\"><h3 class=\"pfg-item-title\">Palatul Gresham<\/h3><\/div><\/div><\/div><div class=\"pfg-item  pfg-item-hover--hvr-float-shadow\" data-id=\"7039\"><div class=\"pfg-item-link pfg-item-link--noclick\"><img src=\"https:\/\/www.ab2pro.com\/wp-content\/uploads\/2021\/02\/Batiment-1-1024x569.jpg\" srcset=\"https:\/\/www.ab2pro.com\/wp-content\/uploads\/2021\/02\/Batiment-1-1024x569.jpg 1024w, https:\/\/www.ab2pro.com\/wp-content\/uploads\/2021\/02\/Batiment-1-300x167.jpg 300w, https:\/\/www.ab2pro.com\/wp-content\/uploads\/2021\/02\/Batiment-1-768x427.jpg 768w, https:\/\/www.ab2pro.com\/wp-content\/uploads\/2021\/02\/Batiment-1-1536x853.jpg 1536w, https:\/\/www.ab2pro.com\/wp-content\/uploads\/2021\/02\/Batiment-1.jpg 2048w, https:\/\/www.ab2pro.com\/wp-content\/uploads\/2021\/02\/Batiment-1-600x333.jpg 600w\" sizes=\"(min-width: 1200px) 33vw, (min-width: 992px) 50vw, (min-width: 768px) 100vw, 100vw\" alt=\"Centrul de evenimente Mayenne din Laval\" loading=\"eager\" decoding=\"async\" class=\"pfg-item-image\"\/><div class=\"pfg-item-caption pfg-item-caption--overlay\"><h3 class=\"pfg-item-title\">Centrul de evenimente Mayenne din Laval<\/h3><\/div><\/div><\/div><div class=\"pfg-item  pfg-item-hover--hvr-float-shadow\" data-id=\"7047\"><div class=\"pfg-item-link pfg-item-link--noclick\"><img src=\"https:\/\/www.ab2pro.com\/wp-content\/uploads\/2021\/02\/csm_MasterPage-VotreMairie_1920x1200_a826438671-1-1024x640.jpg\" srcset=\"https:\/\/www.ab2pro.com\/wp-content\/uploads\/2021\/02\/csm_MasterPage-VotreMairie_1920x1200_a826438671-1-1024x640.jpg 1024w, https:\/\/www.ab2pro.com\/wp-content\/uploads\/2021\/02\/csm_MasterPage-VotreMairie_1920x1200_a826438671-1-300x188.jpg 300w, https:\/\/www.ab2pro.com\/wp-content\/uploads\/2021\/02\/csm_MasterPage-VotreMairie_1920x1200_a826438671-1-768x480.jpg 768w, https:\/\/www.ab2pro.com\/wp-content\/uploads\/2021\/02\/csm_MasterPage-VotreMairie_1920x1200_a826438671-1-1536x960.jpg 1536w, https:\/\/www.ab2pro.com\/wp-content\/uploads\/2021\/02\/csm_MasterPage-VotreMairie_1920x1200_a826438671-1-600x375.jpg 600w, https:\/\/www.ab2pro.com\/wp-content\/uploads\/2021\/02\/csm_MasterPage-VotreMairie_1920x1200_a826438671-1.jpg 1900w\" sizes=\"(min-width: 1200px) 33vw, (min-width: 992px) 50vw, (min-width: 768px) 100vw, 100vw\" alt=\"Prim\u0103ria din Chartres\" loading=\"eager\" decoding=\"async\" class=\"pfg-item-image\"\/><div class=\"pfg-item-caption pfg-item-caption--overlay\"><h3 class=\"pfg-item-title\">Prim\u0103ria din Chartres<\/h3><\/div><\/div><\/div><div class=\"pfg-item  pfg-item-hover--hvr-float-shadow\" data-id=\"7055\"><div class=\"pfg-item-link pfg-item-link--noclick\"><img src=\"https:\/\/www.ab2pro.com\/wp-content\/uploads\/2021\/02\/info_pratiques_slide_0-1-1024x430.jpg\" srcset=\"https:\/\/www.ab2pro.com\/wp-content\/uploads\/2021\/02\/info_pratiques_slide_0-1-1024x430.jpg 1024w, https:\/\/www.ab2pro.com\/wp-content\/uploads\/2021\/02\/info_pratiques_slide_0-1-300x126.jpg 300w, https:\/\/www.ab2pro.com\/wp-content\/uploads\/2021\/02\/info_pratiques_slide_0-1-768x322.jpg 768w, https:\/\/www.ab2pro.com\/wp-content\/uploads\/2021\/02\/info_pratiques_slide_0-1-1536x645.jpg 1536w, https:\/\/www.ab2pro.com\/wp-content\/uploads\/2021\/02\/info_pratiques_slide_0-1-600x252.jpg 600w, https:\/\/www.ab2pro.com\/wp-content\/uploads\/2021\/02\/info_pratiques_slide_0-1.jpg 1930w\" sizes=\"(min-width: 1200px) 33vw, (min-width: 992px) 50vw, (min-width: 768px) 100vw, 100vw\" alt=\"Muzeul de Arte Frumoase din Dijon\" loading=\"eager\" decoding=\"async\" class=\"pfg-item-image\"\/><div class=\"pfg-item-caption pfg-item-caption--overlay\"><h3 class=\"pfg-item-title\">Muzeul de Arte Frumoase din Dijon<\/h3><\/div><\/div><\/div><div class=\"pfg-item  pfg-item-hover--hvr-float-shadow\" data-id=\"7063\"><div class=\"pfg-item-link pfg-item-link--noclick\"><img src=\"https:\/\/www.ab2pro.com\/wp-content\/uploads\/2021\/02\/13-Club-Med-Les-Arcs-Panorama-1-1024x682.jpg\" srcset=\"https:\/\/www.ab2pro.com\/wp-content\/uploads\/2021\/02\/13-Club-Med-Les-Arcs-Panorama-1-1024x682.jpg 1024w, https:\/\/www.ab2pro.com\/wp-content\/uploads\/2021\/02\/13-Club-Med-Les-Arcs-Panorama-1-300x200.jpg 300w, https:\/\/www.ab2pro.com\/wp-content\/uploads\/2021\/02\/13-Club-Med-Les-Arcs-Panorama-1-768x512.jpg 768w, https:\/\/www.ab2pro.com\/wp-content\/uploads\/2021\/02\/13-Club-Med-Les-Arcs-Panorama-1-1536x1024.jpg 1536w, https:\/\/www.ab2pro.com\/wp-content\/uploads\/2021\/02\/13-Club-Med-Les-Arcs-Panorama-1-600x400.jpg 600w, https:\/\/www.ab2pro.com\/wp-content\/uploads\/2021\/02\/13-Club-Med-Les-Arcs-Panorama-1.jpg 1817w\" sizes=\"(min-width: 1200px) 33vw, (min-width: 992px) 50vw, (min-width: 768px) 100vw, 100vw\" alt=\"Club Med des Arcs\" loading=\"eager\" decoding=\"async\" class=\"pfg-item-image\"\/><div class=\"pfg-item-caption pfg-item-caption--overlay\"><h3 class=\"pfg-item-title\">Club Med des Arcs<\/h3><\/div><\/div><\/div><div class=\"pfg-item  pfg-item-hover--hvr-float-shadow\" data-id=\"6999\"><div class=\"pfg-item-link pfg-item-link--noclick\"><img src=\"https:\/\/www.ab2pro.com\/wp-content\/uploads\/2021\/02\/unnamed-14-1.jpg\" srcset=\"https:\/\/www.ab2pro.com\/wp-content\/uploads\/2021\/02\/unnamed-14-1.jpg 512w, https:\/\/www.ab2pro.com\/wp-content\/uploads\/2021\/02\/unnamed-14-1-300x150.jpg 300w\" sizes=\"(min-width: 1200px) 33vw, (min-width: 992px) 50vw, (min-width: 768px) 100vw, 100vw\" alt=\"Club Med La Palmyre\" loading=\"eager\" decoding=\"async\" class=\"pfg-item-image\"\/><div class=\"pfg-item-caption pfg-item-caption--overlay\"><h3 class=\"pfg-item-title\">Club Med La Palmyre<\/h3><\/div><\/div><\/div><div class=\"pfg-item  pfg-item-hover--hvr-float-shadow\" data-id=\"7007\"><div class=\"pfg-item-link pfg-item-link--noclick\"><img src=\"https:\/\/www.ab2pro.com\/wp-content\/uploads\/2021\/02\/ycone_pers_facade_02_1200_-1-795x1024.jpg\" srcset=\"https:\/\/www.ab2pro.com\/wp-content\/uploads\/2021\/02\/ycone_pers_facade_02_1200_-1-795x1024.jpg 795w, https:\/\/www.ab2pro.com\/wp-content\/uploads\/2021\/02\/ycone_pers_facade_02_1200_-1-233x300.jpg 233w, https:\/\/www.ab2pro.com\/wp-content\/uploads\/2021\/02\/ycone_pers_facade_02_1200_-1-768x989.jpg 768w, https:\/\/www.ab2pro.com\/wp-content\/uploads\/2021\/02\/ycone_pers_facade_02_1200_-1-600x773.jpg 600w, https:\/\/www.ab2pro.com\/wp-content\/uploads\/2021\/02\/ycone_pers_facade_02_1200_-1.jpg 932w\" sizes=\"(min-width: 1200px) 33vw, (min-width: 992px) 50vw, (min-width: 768px) 100vw, 100vw\" alt=\"Turnul Ycone din Lyon\" loading=\"eager\" decoding=\"async\" class=\"pfg-item-image\"\/><div class=\"pfg-item-caption pfg-item-caption--overlay\"><h3 class=\"pfg-item-title\">Turnul Ycone din Lyon<\/h3><\/div><\/div><\/div><div class=\"pfg-item  pfg-item-hover--hvr-float-shadow\" data-id=\"7031\"><div class=\"pfg-item-link pfg-item-link--noclick\"><img src=\"https:\/\/www.ab2pro.com\/wp-content\/uploads\/2021\/02\/nouvel-hopital-de-port-louis-riantec_25511481790182-1-1024x512.jpg\" srcset=\"https:\/\/www.ab2pro.com\/wp-content\/uploads\/2021\/02\/nouvel-hopital-de-port-louis-riantec_25511481790182-1-1024x512.jpg 1024w, https:\/\/www.ab2pro.com\/wp-content\/uploads\/2021\/02\/nouvel-hopital-de-port-louis-riantec_25511481790182-1-300x150.jpg 300w, https:\/\/www.ab2pro.com\/wp-content\/uploads\/2021\/02\/nouvel-hopital-de-port-louis-riantec_25511481790182-1-768x384.jpg 768w, https:\/\/www.ab2pro.com\/wp-content\/uploads\/2021\/02\/nouvel-hopital-de-port-louis-riantec_25511481790182-1-1536x768.jpg 1536w, https:\/\/www.ab2pro.com\/wp-content\/uploads\/2021\/02\/nouvel-hopital-de-port-louis-riantec_25511481790182-1-600x300.jpg 600w, https:\/\/www.ab2pro.com\/wp-content\/uploads\/2021\/02\/nouvel-hopital-de-port-louis-riantec_25511481790182-1.jpg 1600w\" sizes=\"(min-width: 1200px) 33vw, (min-width: 992px) 50vw, (min-width: 768px) 100vw, 100vw\" alt=\"Spitalul din Port-Louis de Riantec\" loading=\"eager\" decoding=\"async\" class=\"pfg-item-image\"\/><div class=\"pfg-item-caption pfg-item-caption--overlay\"><h3 class=\"pfg-item-title\">Spitalul din Port-Louis de Riantec<\/h3><\/div><\/div><\/div><div class=\"pfg-item  pfg-item-hover--hvr-float-shadow\" data-id=\"7079\"><div class=\"pfg-item-link pfg-item-link--noclick\"><img src=\"https:\/\/www.ab2pro.com\/wp-content\/uploads\/2021\/02\/001995815_620x393_c-1.jpg\" srcset=\"https:\/\/www.ab2pro.com\/wp-content\/uploads\/2021\/02\/001995815_620x393_c-1.jpg 620w, https:\/\/www.ab2pro.com\/wp-content\/uploads\/2021\/02\/001995815_620x393_c-1-300x190.jpg 300w, https:\/\/www.ab2pro.com\/wp-content\/uploads\/2021\/02\/001995815_620x393_c-1-600x380.jpg 600w\" sizes=\"(min-width: 1200px) 33vw, (min-width: 992px) 50vw, (min-width: 768px) 100vw, 100vw\" alt=\"Turnul Silex din Lyon\" loading=\"eager\" decoding=\"async\" class=\"pfg-item-image\"\/><div class=\"pfg-item-caption pfg-item-caption--overlay\"><h3 class=\"pfg-item-title\">Turnul Silex din Lyon<\/h3><\/div><\/div><\/div><div class=\"pfg-item  pfg-item-hover--hvr-float-shadow\" data-id=\"7087\"><div class=\"pfg-item-link pfg-item-link--noclick\"><img src=\"https:\/\/www.ab2pro.com\/wp-content\/uploads\/2021\/02\/CHBugeySud-1.png\" srcset=\"https:\/\/www.ab2pro.com\/wp-content\/uploads\/2021\/02\/CHBugeySud-1.png 660w, https:\/\/www.ab2pro.com\/wp-content\/uploads\/2021\/02\/CHBugeySud-1-300x150.png 300w, https:\/\/www.ab2pro.com\/wp-content\/uploads\/2021\/02\/CHBugeySud-1-600x300.png 600w\" sizes=\"(min-width: 1200px) 33vw, (min-width: 992px) 50vw, (min-width: 768px) 100vw, 100vw\" alt=\"Centrul medical din Belley\" loading=\"eager\" decoding=\"async\" class=\"pfg-item-image\"\/><div class=\"pfg-item-caption pfg-item-caption--overlay\"><h3 class=\"pfg-item-title\">Centrul medical din Belley<\/h3><\/div><\/div><\/div><\/div><\/div>[\/vc_column_text][\/vc_column][\/vc_row][vc_row full_width=&#8221;stretch_row_content&#8221; equal_height=&#8221;yes&#8221; el_class=&#8221;bg-ctas fullwidth-row&#8221;][vc_column el_class=&#8221;bg-rouge&#8221; css=&#8221;.vc_custom_1606237593473{background-image: url(https:\/\/www.ab2pro.com\/wp-content\/uploads\/2020\/11\/temoignage-nb.jpg?id=4477) !important;}&#8221; offset=&#8221;vc_col-lg-6 vc_col-md-6 vc_col-xs-12&#8243;][vc_column_text]<\/p>\n<h2>Despre AB2PRO<\/h2>\n<p>AB2PRO este o agen\u021bie temporar\u0103 francez\u0103 specializat\u0103 \u00een munc\u0103 temporar\u0103 \u00een sectorul construc\u021biilor, industrial, transporturilor, logisticii \u0219i agroalimentar. Recrut\u0103m \u00een \u00eentreaga Europ\u0103 pentru a g\u0103si cel mai bune profiluri pentru misiuni temporare \u00een Fran\u021ba \u0219i \u00een str\u0103in\u0103tate.[\/vc_column_text][vc_btn title=&#8221;Detalii suplimentare&#8221; link=&#8221;url:https%3A%2F%2Fwww.ab2pro.com%2Fro%2Fagentie-interim-franta%2F|title:Oferte%20de%20munc%C4%83|&#8221;][\/vc_column][vc_column el_class=&#8221;bg-clair&#8221; offset=&#8221;vc_col-lg-6 vc_col-md-6 vc_col-xs-12&#8243; css=&#8221;.vc_custom_1606297486436{background-image: url(https:\/\/www.ab2pro.com\/wp-content\/uploads\/2020\/11\/profil.jpg?id=4461) !important;}&#8221;][vc_column_text]<\/p>\n<h2>Recruta\u021bi?<\/h2>\n<p>Serviciile AB2PRO permit echipelor \u0219i partenerilor no\u0219tri din toat\u0103 Fran\u021ba s\u0103 r\u0103spund\u0103 nevoilor dvs. de <strong> de recrutare \u00een str\u0103in\u0103tate <\/strong> \u00een modul cel mai fiabil, receptiv \u0219i de calitate! <strong> Agen\u021bia dvs.de munc\u0103 temporar\u0103 \u00een construc\u021bii, industrie, transporturi, logistic\u0103 \u0219i industria agroalimentar\u0103. <\/strong>[\/vc_column_text][vc_btn title=&#8221;Solicita\u021bi o ofert\u0103&#8221; link=&#8221;url:https%3A%2F%2Fwww.ab2pro.com%2Fro%2Fangajare-lucrator-european%2F|title:Companii|&#8221;][\/vc_column][\/vc_row]<\/p>\n","protected":false},"excerpt":{"rendered":"<p>[vc_row el_id=&#8221;bandeau-page&#8221; css=&#8221;.vc_custom_1613751533770{background-image: url(https:\/\/www.ab2pro.com\/wp-content\/uploads\/2021\/02\/bandeau-references.jpg?id=6801) !important;}&#8221;][vc_column][vc_column_text] Referin\u021be [\/vc_column_text][\/vc_column][\/vc_row][vc_row el_id=&#8221;projets&#8221;][vc_column][vc_row_inner][vc_column_inner][vc_column_text] Din 2002 AB2Pro \u00ee\u0219i sprijin\u0103 clien\u021bii \u0219i lucr\u0103torii temporari din \u00eentreaga lume! [&hellip;]<\/p>\n","protected":false},"author":1,"featured_media":0,"parent":0,"menu_order":0,"comment_status":"closed","ping_status":"closed","template":"","meta":{"_acf_changed":false,"footnotes":""},"class_list":["post-8433","page","type-page","status-publish","hentry"],"acf":[],"yoast_head":"<!-- This site is optimized with the Yoast SEO plugin v26.8 - https:\/\/yoast.com\/product\/yoast-seo-wordpress\/ -->\n<title>Referin\u021be - AB2PRO<\/title>\n<meta name=\"description\" content=\"Referin\u021be - AB2PRO\" \/>\n<meta name=\"robots\" content=\"index, follow, max-snippet:-1, max-image-preview:large, max-video-preview:-1\" \/>\n<link rel=\"canonical\" href=\"https:\/\/www.ab2pro.com\/ro\/referinte\/\" \/>\n<meta property=\"og:locale\" content=\"ro_RO\" \/>\n<meta property=\"og:type\" content=\"article\" \/>\n<meta property=\"og:title\" content=\"Referin\u021be - AB2PRO\" \/>\n<meta property=\"og:description\" content=\"Referin\u021be - AB2PRO\" \/>\n<meta property=\"og:url\" content=\"https:\/\/www.ab2pro.com\/ro\/referinte\/\" \/>\n<meta property=\"og:site_name\" content=\"AB2PRO\" \/>\n<meta property=\"article:modified_time\" content=\"2021-04-27T14:04:42+00:00\" \/>\n<meta property=\"og:image\" content=\"https:\/\/www.ab2pro.com\/wp-content\/uploads\/2020\/11\/fond-home.jpg\" \/>\n\t<meta property=\"og:image:width\" content=\"1920\" \/>\n\t<meta property=\"og:image:height\" content=\"600\" \/>\n\t<meta property=\"og:image:type\" content=\"image\/jpeg\" \/>\n<meta name=\"twitter:card\" content=\"summary_large_image\" \/>\n<meta name=\"twitter:label1\" content=\"Timp estimat pentru citire\" \/>\n\t<meta name=\"twitter:data1\" content=\"1 minut\" \/>\n<script type=\"application\/ld+json\" class=\"yoast-schema-graph\">{\"@context\":\"https:\/\/schema.org\",\"@graph\":[{\"@type\":\"WebPage\",\"@id\":\"https:\/\/www.ab2pro.com\/ro\/referinte\/\",\"url\":\"https:\/\/www.ab2pro.com\/ro\/referinte\/\",\"name\":\"Referin\u021be - AB2PRO\",\"isPartOf\":{\"@id\":\"https:\/\/www.ab2pro.com\/ro\/#website\"},\"datePublished\":\"2021-03-04T15:54:00+00:00\",\"dateModified\":\"2021-04-27T14:04:42+00:00\",\"description\":\"Referin\u021be - AB2PRO\",\"breadcrumb\":{\"@id\":\"https:\/\/www.ab2pro.com\/ro\/referinte\/#breadcrumb\"},\"inLanguage\":\"ro-RO\",\"potentialAction\":[{\"@type\":\"ReadAction\",\"target\":[\"https:\/\/www.ab2pro.com\/ro\/referinte\/\"]}]},{\"@type\":\"BreadcrumbList\",\"@id\":\"https:\/\/www.ab2pro.com\/ro\/referinte\/#breadcrumb\",\"itemListElement\":[{\"@type\":\"ListItem\",\"position\":1,\"name\":\"Accueil\",\"item\":\"https:\/\/www.ab2pro.com\/ro\/\"},{\"@type\":\"ListItem\",\"position\":2,\"name\":\"Referin\u021be\"}]},{\"@type\":\"WebSite\",\"@id\":\"https:\/\/www.ab2pro.com\/ro\/#website\",\"url\":\"https:\/\/www.ab2pro.com\/ro\/\",\"name\":\"AB2PRO\",\"description\":\"Agence d&#039;emploi sp\u00e9cialis\u00e9e dans le recrutement de travailleurs europ\u00e9ens\",\"publisher\":{\"@id\":\"https:\/\/www.ab2pro.com\/ro\/#organization\"},\"potentialAction\":[{\"@type\":\"SearchAction\",\"target\":{\"@type\":\"EntryPoint\",\"urlTemplate\":\"https:\/\/www.ab2pro.com\/ro\/?s={search_term_string}\"},\"query-input\":{\"@type\":\"PropertyValueSpecification\",\"valueRequired\":true,\"valueName\":\"search_term_string\"}}],\"inLanguage\":\"ro-RO\"},{\"@type\":\"Organization\",\"@id\":\"https:\/\/www.ab2pro.com\/ro\/#organization\",\"name\":\"AB2PRO\",\"url\":\"https:\/\/www.ab2pro.com\/ro\/\",\"logo\":{\"@type\":\"ImageObject\",\"inLanguage\":\"ro-RO\",\"@id\":\"https:\/\/www.ab2pro.com\/ro\/#\/schema\/logo\/image\/\",\"url\":\"https:\/\/www.ab2pro.com\/wp-content\/uploads\/2020\/11\/logo-profil.png\",\"contentUrl\":\"https:\/\/www.ab2pro.com\/wp-content\/uploads\/2020\/11\/logo-profil.png\",\"width\":230,\"height\":47,\"caption\":\"AB2PRO\"},\"image\":{\"@id\":\"https:\/\/www.ab2pro.com\/ro\/#\/schema\/logo\/image\/\"}}]}<\/script>\n<!-- \/ Yoast SEO plugin. -->","yoast_head_json":{"title":"Referin\u021be - AB2PRO","description":"Referin\u021be - AB2PRO","robots":{"index":"index","follow":"follow","max-snippet":"max-snippet:-1","max-image-preview":"max-image-preview:large","max-video-preview":"max-video-preview:-1"},"canonical":"https:\/\/www.ab2pro.com\/ro\/referinte\/","og_locale":"ro_RO","og_type":"article","og_title":"Referin\u021be - AB2PRO","og_description":"Referin\u021be - AB2PRO","og_url":"https:\/\/www.ab2pro.com\/ro\/referinte\/","og_site_name":"AB2PRO","article_modified_time":"2021-04-27T14:04:42+00:00","og_image":[{"width":1920,"height":600,"url":"https:\/\/www.ab2pro.com\/wp-content\/uploads\/2020\/11\/fond-home.jpg","type":"image\/jpeg"}],"twitter_card":"summary_large_image","twitter_misc":{"Timp estimat pentru citire":"1 minut"},"schema":{"@context":"https:\/\/schema.org","@graph":[{"@type":"WebPage","@id":"https:\/\/www.ab2pro.com\/ro\/referinte\/","url":"https:\/\/www.ab2pro.com\/ro\/referinte\/","name":"Referin\u021be - AB2PRO","isPartOf":{"@id":"https:\/\/www.ab2pro.com\/ro\/#website"},"datePublished":"2021-03-04T15:54:00+00:00","dateModified":"2021-04-27T14:04:42+00:00","description":"Referin\u021be - AB2PRO","breadcrumb":{"@id":"https:\/\/www.ab2pro.com\/ro\/referinte\/#breadcrumb"},"inLanguage":"ro-RO","potentialAction":[{"@type":"ReadAction","target":["https:\/\/www.ab2pro.com\/ro\/referinte\/"]}]},{"@type":"BreadcrumbList","@id":"https:\/\/www.ab2pro.com\/ro\/referinte\/#breadcrumb","itemListElement":[{"@type":"ListItem","position":1,"name":"Accueil","item":"https:\/\/www.ab2pro.com\/ro\/"},{"@type":"ListItem","position":2,"name":"Referin\u021be"}]},{"@type":"WebSite","@id":"https:\/\/www.ab2pro.com\/ro\/#website","url":"https:\/\/www.ab2pro.com\/ro\/","name":"AB2PRO","description":"Agence d&#039;emploi sp\u00e9cialis\u00e9e dans le recrutement de travailleurs europ\u00e9ens","publisher":{"@id":"https:\/\/www.ab2pro.com\/ro\/#organization"},"potentialAction":[{"@type":"SearchAction","target":{"@type":"EntryPoint","urlTemplate":"https:\/\/www.ab2pro.com\/ro\/?s={search_term_string}"},"query-input":{"@type":"PropertyValueSpecification","valueRequired":true,"valueName":"search_term_string"}}],"inLanguage":"ro-RO"},{"@type":"Organization","@id":"https:\/\/www.ab2pro.com\/ro\/#organization","name":"AB2PRO","url":"https:\/\/www.ab2pro.com\/ro\/","logo":{"@type":"ImageObject","inLanguage":"ro-RO","@id":"https:\/\/www.ab2pro.com\/ro\/#\/schema\/logo\/image\/","url":"https:\/\/www.ab2pro.com\/wp-content\/uploads\/2020\/11\/logo-profil.png","contentUrl":"https:\/\/www.ab2pro.com\/wp-content\/uploads\/2020\/11\/logo-profil.png","width":230,"height":47,"caption":"AB2PRO"},"image":{"@id":"https:\/\/www.ab2pro.com\/ro\/#\/schema\/logo\/image\/"}}]}},"_links":{"self":[{"href":"https:\/\/www.ab2pro.com\/ro\/wp-json\/wp\/v2\/pages\/8433","targetHints":{"allow":["GET"]}}],"collection":[{"href":"https:\/\/www.ab2pro.com\/ro\/wp-json\/wp\/v2\/pages"}],"about":[{"href":"https:\/\/www.ab2pro.com\/ro\/wp-json\/wp\/v2\/types\/page"}],"author":[{"embeddable":true,"href":"https:\/\/www.ab2pro.com\/ro\/wp-json\/wp\/v2\/users\/1"}],"replies":[{"embeddable":true,"href":"https:\/\/www.ab2pro.com\/ro\/wp-json\/wp\/v2\/comments?post=8433"}],"version-history":[{"count":0,"href":"https:\/\/www.ab2pro.com\/ro\/wp-json\/wp\/v2\/pages\/8433\/revisions"}],"wp:attachment":[{"href":"https:\/\/www.ab2pro.com\/ro\/wp-json\/wp\/v2\/media?parent=8433"}],"curies":[{"name":"wp","href":"https:\/\/api.w.org\/{rel}","templated":true}]}}